{"id":1118,"date":"2026-08-18T11:43:51","date_gmt":"2026-08-18T09:43:51","guid":{"rendered":"https:\/\/www.anima-productions.com\/_clients\/faiteslire\/?post_type=evenement&#038;p=1118"},"modified":"2026-08-31T08:21:21","modified_gmt":"2026-08-31T06:21:21","slug":"rue-du-livre","status":"publish","type":"evenement","link":"https:\/\/www.anima-productions.com\/_clients\/faiteslire\/evenements\/rue-du-livre\/","title":{"rendered":"Rue du livre"},"content":{"rendered":"\n<p class=\"wp-block-paragraph\">Ensemble d&rsquo;animations, d\u00e9ambulations et ateliers dans les rues \u00e0 proximit\u00e9 de la place de la R\u00e9publique et la place des Jacobins. Les rues sont pr\u00e9cis\u00e9es pour chaque animation.<\/p>\n\n\n\n<h2 class=\"wp-block-heading\">D\u00e9ambulations<\/h2>\n\n\n\n<div data-wp-context=\"{ &quot;autoclose&quot;: false, &quot;accordionItems&quot;: [] }\" data-wp-interactive=\"core\/accordion\" role=\"group\" class=\"wp-block-accordion is-layout-flow wp-block-accordion-is-layout-flow\">\n<div data-wp-class--is-open=\"state.isOpen\" data-wp-context=\"{ &quot;id&quot;: &quot;accordion-item-1&quot;, &quot;openByDefault&quot;: false }\" data-wp-init=\"callbacks.initAccordionItems\" data-wp-on-window--hashchange=\"callbacks.hashChange\" class=\"wp-block-accordion-item is-layout-flow wp-block-accordion-item-is-layout-flow\">\n<h3 class=\"wp-block-accordion-heading has-icon has-icon-right\"><button aria-expanded=\"false\" aria-controls=\"accordion-item-1-panel\" data-wp-bind--aria-expanded=\"state.isOpen\" data-wp-on--click=\"actions.toggle\" id=\"accordion-item-1\" type=\"button\" class=\"wp-block-accordion-heading__toggle\"><span class=\"wp-block-accordion-heading__toggle-title\">Les P&rsquo;tites Goules<\/span><span class=\"wp-block-accordion-heading__toggle-icon\" aria-hidden=\"true\">+<\/span><\/button><\/h3>\n\n\n\n<div aria-labelledby=\"accordion-item-1\" data-wp-bind--hidden=\"state.isHidden\" data-wp-on--beforematch=\"actions.handleBeforeMatch\" id=\"accordion-item-1-panel\" role=\"region\" class=\"wp-block-accordion-panel is-layout-flow wp-block-accordion-panel-is-layout-flow\">\n<pre class=\"wp-block-preformatted\"><a href=\"https:\/\/tour2chauffe.org\/\" data-type=\"link\" data-id=\"https:\/\/tour2chauffe.org\/\">Compagnie Tour 2 Chauffe<\/a><br>Th\u00e9\u00e2tre de rue &amp; improvisation<br>Dur\u00e9e 2h30<\/pre>\n\n\n\n<p class=\"wp-block-paragraph\">Les Goules arrivent \u2026 Baroques en toc, sorci\u00e8res en kit se m\u00ealent \u00e0 la f\u00eate.&nbsp;<\/p>\n\n\n\n<p class=\"wp-block-paragraph\">Pinceaux \u00e0 la main, couleurs \u00e0 la ceinture, elles maquillent \u00e0 la vol\u00e9e grands et petits.&nbsp;<\/p>\n\n\n\n<p class=\"wp-block-paragraph\">Les Goules arrivent \u2026 Bouches d\u00e9cousues, elles chantent \u00e0 pleine voix des m\u00e9lodies polyphoniques glan\u00e9es dans les couleurs du monde. Laissez-vous happer par leur univers fabuleux, vous en reviendrez assur\u00e9ment charm\u00e9s.&nbsp;<\/p>\n<\/div>\n<\/div>\n<\/div>\n\n\n\n<div data-wp-context=\"{ &quot;autoclose&quot;: false, &quot;accordionItems&quot;: [] }\" data-wp-interactive=\"core\/accordion\" role=\"group\" class=\"wp-block-accordion is-layout-flow wp-block-accordion-is-layout-flow\">\n<div data-wp-class--is-open=\"state.isOpen\" data-wp-context=\"{ &quot;id&quot;: &quot;accordion-item-3&quot;, &quot;openByDefault&quot;: false }\" data-wp-init=\"callbacks.initAccordionItems\" data-wp-on-window--hashchange=\"callbacks.hashChange\" class=\"wp-block-accordion-item is-layout-flow wp-block-accordion-item-is-layout-flow\">\n<h3 class=\"wp-block-accordion-heading has-icon has-icon-right\"><button aria-expanded=\"false\" aria-controls=\"accordion-item-3-panel\" data-wp-bind--aria-expanded=\"state.isOpen\" data-wp-on--click=\"actions.toggle\" id=\"accordion-item-3\" type=\"button\" class=\"wp-block-accordion-heading__toggle\"><span class=\"wp-block-accordion-heading__toggle-title\">Les fous volants<\/span><span class=\"wp-block-accordion-heading__toggle-icon\" aria-hidden=\"true\">+<\/span><\/button><\/h3>\n\n\n\n<div aria-labelledby=\"accordion-item-3\" data-wp-bind--hidden=\"state.isHidden\" data-wp-on--beforematch=\"actions.handleBeforeMatch\" id=\"accordion-item-3-panel\" role=\"region\" class=\"wp-block-accordion-panel is-layout-flow wp-block-accordion-panel-is-layout-flow\">\n<pre class=\"wp-block-preformatted\"><a href=\"https:\/\/www.remue-menage.com\/\" data-type=\"link\" data-id=\"https:\/\/www.remue-menage.com\/\">Compagnie Remue-M\u00e9nage<br><\/a>Dur\u00e9e 1h30 ou 45 minutes<\/pre>\n\n\n\n<p class=\"wp-block-paragraph\">Dans un univers totalement d\u00e9cal\u00e9 entre Jules Verne et les films d\u2019animation japonais, nos Fous&nbsp;<\/p>\n\n\n\n<p class=\"wp-block-paragraph\">Volants, aventuriers excentriques, \u00e9quip\u00e9s de leurs dr\u00f4les de machines cherchent d\u00e9sesp\u00e9r\u00e9ment \u00e0 prendre les airs.&nbsp;<\/p>\n\n\n\n<p class=\"wp-block-paragraph\">Pour d\u00e9couvrir le bout du monde, ils bravent tous les dangers accompagn\u00e9s de leurs musiciens porteurs de lumi\u00e8res, qui les guident dans leur folie\u2026&nbsp;<\/p>\n\n\n\n<p class=\"wp-block-paragraph\">Mais r\u00e9ussiront-ils \u00e0 s\u2019envoler ?<\/p>\n\n\n\n<div data-wp-context=\"{ &quot;autoclose&quot;: false, &quot;accordionItems&quot;: [] }\" data-wp-interactive=\"core\/accordion\" role=\"group\" class=\"wp-block-accordion is-layout-flow wp-block-accordion-is-layout-flow\">\n<div data-wp-class--is-open=\"state.isOpen\" data-wp-context=\"{ &quot;id&quot;: &quot;accordion-item-2&quot;, &quot;openByDefault&quot;: false }\" data-wp-init=\"callbacks.initAccordionItems\" data-wp-on-window--hashchange=\"callbacks.hashChange\" class=\"wp-block-accordion-item is-layout-flow wp-block-accordion-item-is-layout-flow\">\n<h3 class=\"wp-block-accordion-heading has-icon has-icon-right\"><button aria-expanded=\"false\" aria-controls=\"accordion-item-2-panel\" data-wp-bind--aria-expanded=\"state.isOpen\" data-wp-on--click=\"actions.toggle\" id=\"accordion-item-2\" type=\"button\" class=\"wp-block-accordion-heading__toggle\"><span class=\"wp-block-accordion-heading__toggle-title\"><\/span><span class=\"wp-block-accordion-heading__toggle-icon\" aria-hidden=\"true\">+<\/span><\/button><\/h3>\n\n\n\n<div aria-labelledby=\"accordion-item-2\" data-wp-bind--hidden=\"state.isHidden\" data-wp-on--beforematch=\"actions.handleBeforeMatch\" id=\"accordion-item-2-panel\" role=\"region\" class=\"wp-block-accordion-panel is-layout-flow wp-block-accordion-panel-is-layout-flow\">\n<p class=\"wp-block-paragraph\"><\/p>\n<\/div>\n<\/div>\n<\/div>\n<\/div>\n<\/div>\n<\/div>\n\n\n\n<div data-wp-context=\"{ &quot;autoclose&quot;: false, &quot;accordionItems&quot;: [] }\" data-wp-interactive=\"core\/accordion\" role=\"group\" class=\"wp-block-accordion is-layout-flow wp-block-accordion-is-layout-flow\">\n<div data-wp-class--is-open=\"state.isOpen\" data-wp-context=\"{ &quot;id&quot;: &quot;accordion-item-4&quot;, &quot;openByDefault&quot;: false }\" data-wp-init=\"callbacks.initAccordionItems\" data-wp-on-window--hashchange=\"callbacks.hashChange\" class=\"wp-block-accordion-item is-layout-flow wp-block-accordion-item-is-layout-flow\">\n<h3 class=\"wp-block-accordion-heading has-icon has-icon-right\"><button aria-expanded=\"false\" aria-controls=\"accordion-item-4-panel\" data-wp-bind--aria-expanded=\"state.isOpen\" data-wp-on--click=\"actions.toggle\" id=\"accordion-item-4\" type=\"button\" class=\"wp-block-accordion-heading__toggle\"><span class=\"wp-block-accordion-heading__toggle-title\">La parade engloutie<\/span><span class=\"wp-block-accordion-heading__toggle-icon\" aria-hidden=\"true\">+<\/span><\/button><\/h3>\n\n\n\n<div aria-labelledby=\"accordion-item-4\" data-wp-bind--hidden=\"state.isHidden\" data-wp-on--beforematch=\"actions.handleBeforeMatch\" id=\"accordion-item-4-panel\" role=\"region\" class=\"wp-block-accordion-panel is-layout-flow wp-block-accordion-panel-is-layout-flow\">\n<pre class=\"wp-block-preformatted\">Par les Plasticiens volants<\/pre>\n\n\n\n<p class=\"wp-block-paragraph\"><em>\u00ab\u00a0<\/em>La Parade Engloutie\u00a0\u00bb\u202fest une d\u00e9ambulation visuelle et sonore qui donne vie \u00e0 un cort\u00e8ge de cr\u00e9atures marines hybrides et color\u00e9es, tout droit sorties d\u2019un monde submerg\u00e9.<\/p>\n<\/div>\n<\/div>\n<\/div>\n\n\n\n<div data-wp-context=\"{ &quot;autoclose&quot;: false, &quot;accordionItems&quot;: [] }\" data-wp-interactive=\"core\/accordion\" role=\"group\" class=\"wp-block-accordion is-layout-flow wp-block-accordion-is-layout-flow\">\n<div data-wp-class--is-open=\"state.isOpen\" data-wp-context=\"{ &quot;id&quot;: &quot;accordion-item-5&quot;, &quot;openByDefault&quot;: false }\" data-wp-init=\"callbacks.initAccordionItems\" data-wp-on-window--hashchange=\"callbacks.hashChange\" class=\"wp-block-accordion-item is-layout-flow wp-block-accordion-item-is-layout-flow\">\n<h3 class=\"wp-block-accordion-heading has-icon has-icon-right\"><button aria-expanded=\"false\" aria-controls=\"accordion-item-5-panel\" data-wp-bind--aria-expanded=\"state.isOpen\" data-wp-on--click=\"actions.toggle\" id=\"accordion-item-5\" type=\"button\" class=\"wp-block-accordion-heading__toggle\"><span class=\"wp-block-accordion-heading__toggle-title\">La Banda Jul<\/span><span class=\"wp-block-accordion-heading__toggle-icon\" aria-hidden=\"true\">+<\/span><\/button><\/h3>\n\n\n\n<div aria-labelledby=\"accordion-item-5\" data-wp-bind--hidden=\"state.isHidden\" data-wp-on--beforematch=\"actions.handleBeforeMatch\" id=\"accordion-item-5-panel\" role=\"region\" class=\"wp-block-accordion-panel is-layout-flow wp-block-accordion-panel-is-layout-flow\">\n<pre class=\"wp-block-preformatted\">Par Assos LABAB<br>D\u00e9ambulations durant la journ\u00e9e<br><\/pre>\n\n\n\n<p class=\"wp-block-paragraph\">D\u00e9ambulez avec les 7 musiciens de cette fanfare professionnelle qui nous vient de Tours. Un voyage de la Nouvelle-Orl\u00e9ans au Bronx, du funk au breakdance.<\/p>\n<\/div>\n<\/div>\n<\/div>\n\n\n\n<div data-wp-context=\"{ &quot;autoclose&quot;: false, &quot;accordionItems&quot;: [] }\" data-wp-interactive=\"core\/accordion\" role=\"group\" class=\"wp-block-accordion is-layout-flow wp-block-accordion-is-layout-flow\">\n<div data-wp-class--is-open=\"state.isOpen\" data-wp-context=\"{ &quot;id&quot;: &quot;accordion-item-6&quot;, &quot;openByDefault&quot;: false }\" data-wp-init=\"callbacks.initAccordionItems\" data-wp-on-window--hashchange=\"callbacks.hashChange\" class=\"wp-block-accordion-item is-layout-flow wp-block-accordion-item-is-layout-flow\">\n<h3 class=\"wp-block-accordion-heading has-icon has-icon-right\"><button aria-expanded=\"false\" aria-controls=\"accordion-item-6-panel\" data-wp-bind--aria-expanded=\"state.isOpen\" data-wp-on--click=\"actions.toggle\" id=\"accordion-item-6\" type=\"button\" class=\"wp-block-accordion-heading__toggle\"><span class=\"wp-block-accordion-heading__toggle-title\">Les Bavagonds<\/span><span class=\"wp-block-accordion-heading__toggle-icon\" aria-hidden=\"true\">+<\/span><\/button><\/h3>\n\n\n\n<div aria-labelledby=\"accordion-item-6\" data-wp-bind--hidden=\"state.isHidden\" data-wp-on--beforematch=\"actions.handleBeforeMatch\" id=\"accordion-item-6-panel\" role=\"region\" class=\"wp-block-accordion-panel is-layout-flow wp-block-accordion-panel-is-layout-flow\">\n<pre class=\"wp-block-preformatted\">Par Engrenage[s]<br>Fanfare New Orleans - d\u00e9ambulation de 30 minutes<\/pre>\n\n\n\n<p class=\"wp-block-paragraph\">Les Bavagonds font souffler l\u2019esprit de la Nouvelle-Orl\u00e9ans dans les rues ! Un r\u00e9pertoire, festif et accessible, qui invite \u00e0 la danse autant qu\u2019\u00e0 la curiosit\u00e9.&nbsp;<\/p>\n\n\n\n<p class=\"wp-block-paragraph\">En d\u00e9ambulation ou en fixe, ils cr\u00e9ent des moments conviviaux, sans pr\u00e9tention, o\u00f9 l\u2019on se laisse porter par l\u2019\u00e9nergie de la rue et le plaisir simple de la musique vivante.&nbsp;<\/p>\n<\/div>\n<\/div>\n<\/div>\n\n\n\n<div data-wp-context=\"{ &quot;autoclose&quot;: false, &quot;accordionItems&quot;: [] }\" data-wp-interactive=\"core\/accordion\" role=\"group\" class=\"wp-block-accordion is-layout-flow wp-block-accordion-is-layout-flow\">\n<div data-wp-class--is-open=\"state.isOpen\" data-wp-context=\"{ &quot;id&quot;: &quot;accordion-item-7&quot;, &quot;openByDefault&quot;: false }\" data-wp-init=\"callbacks.initAccordionItems\" data-wp-on-window--hashchange=\"callbacks.hashChange\" class=\"wp-block-accordion-item is-layout-flow wp-block-accordion-item-is-layout-flow\">\n<h3 class=\"wp-block-accordion-heading has-icon has-icon-right\"><button aria-expanded=\"false\" aria-controls=\"accordion-item-7-panel\" data-wp-bind--aria-expanded=\"state.isOpen\" data-wp-on--click=\"actions.toggle\" id=\"accordion-item-7\" type=\"button\" class=\"wp-block-accordion-heading__toggle\"><span class=\"wp-block-accordion-heading__toggle-title\">La Fanfare saugrenue<\/span><span class=\"wp-block-accordion-heading__toggle-icon\" aria-hidden=\"true\">+<\/span><\/button><\/h3>\n\n\n\n<div aria-labelledby=\"accordion-item-7\" data-wp-bind--hidden=\"state.isHidden\" data-wp-on--beforematch=\"actions.handleBeforeMatch\" id=\"accordion-item-7-panel\" role=\"region\" class=\"wp-block-accordion-panel is-layout-flow wp-block-accordion-panel-is-layout-flow\">\n<pre class=\"wp-block-preformatted\">Par la saugrenue collectif<br>Fanfare (professionnelle) de rue<\/pre>\n\n\n\n<p class=\"wp-block-paragraph\">La Fanfare Saugrenue arpente rues et festivals depuis plus de 10 ans. En France et au-del\u00e0, elle entra\u00eene son public du groove \u00e0 la transe acoustique, \u00e0 coup de compositions originales et de reprises rocks inattendus.&nbsp;<\/p>\n\n\n\n<p class=\"wp-block-paragraph\">Cette joyeuse troupe frise parfois l\u2019indiscipline : ses musicien.nes rivalisent de talent pour se mettre en avant, la percussionniste devient chanteuse \u00e0 la moindre occasion, le trompettiste se r\u00eave chef de bataillon\u2026&nbsp;<\/p>\n\n\n\n<p class=\"wp-block-paragraph\">Mais sous leurs airs fac\u00e9tieux se cache surtout une forte complicit\u00e9 de jeu, qui embarque les foules dans leur liesse contagieuse !<\/p>\n<\/div>\n<\/div>\n<\/div>\n\n\n\n<h2 class=\"wp-block-heading\">Spectacles<\/h2>\n\n\n\n<div data-wp-context=\"{ &quot;autoclose&quot;: false, &quot;accordionItems&quot;: [] }\" data-wp-interactive=\"core\/accordion\" role=\"group\" class=\"wp-block-accordion is-layout-flow wp-block-accordion-is-layout-flow\">\n<div data-wp-class--is-open=\"state.isOpen\" data-wp-context=\"{ &quot;id&quot;: &quot;accordion-item-8&quot;, &quot;openByDefault&quot;: false }\" data-wp-init=\"callbacks.initAccordionItems\" data-wp-on-window--hashchange=\"callbacks.hashChange\" class=\"wp-block-accordion-item is-layout-flow wp-block-accordion-item-is-layout-flow\">\n<h3 class=\"wp-block-accordion-heading has-icon has-icon-right\"><button aria-expanded=\"false\" aria-controls=\"accordion-item-8-panel\" data-wp-bind--aria-expanded=\"state.isOpen\" data-wp-on--click=\"actions.toggle\" id=\"accordion-item-8\" type=\"button\" class=\"wp-block-accordion-heading__toggle\"><span class=\"wp-block-accordion-heading__toggle-title\">Les voyages de Jules Verne<\/span><span class=\"wp-block-accordion-heading__toggle-icon\" aria-hidden=\"true\">+<\/span><\/button><\/h3>\n\n\n\n<div aria-labelledby=\"accordion-item-8\" data-wp-bind--hidden=\"state.isHidden\" data-wp-on--beforematch=\"actions.handleBeforeMatch\" id=\"accordion-item-8-panel\" role=\"region\" class=\"wp-block-accordion-panel is-layout-flow wp-block-accordion-panel-is-layout-flow\">\n<pre class=\"wp-block-preformatted\">Par Cin\u00e9maniak et Cie<br>Rue Claude Blondeau<br>Spectacle entre magie et cin\u00e9ma<br>Dur\u00e9e 30 minutes<\/pre>\n\n\n\n<p class=\"wp-block-paragraph\">Venez voyager dans l\u2019univers de Jules Verne \u00e0 travers des lectures interactives o\u00f9 vous pourrez donner la r\u00e9plique aux com\u00e9diens ou dans notre roulotte o\u00f9 le jeune public s\u2019\u00e9merveillera pour le monde magique et merveilleux de cet immense auteur.&nbsp;<\/p>\n<\/div>\n<\/div>\n<\/div>\n\n\n\n<div data-wp-context=\"{ &quot;autoclose&quot;: false, &quot;accordionItems&quot;: [] }\" data-wp-interactive=\"core\/accordion\" role=\"group\" class=\"wp-block-accordion is-layout-flow wp-block-accordion-is-layout-flow\">\n<div data-wp-class--is-open=\"state.isOpen\" data-wp-context=\"{ &quot;id&quot;: &quot;accordion-item-9&quot;, &quot;openByDefault&quot;: false }\" data-wp-init=\"callbacks.initAccordionItems\" data-wp-on-window--hashchange=\"callbacks.hashChange\" class=\"wp-block-accordion-item is-layout-flow wp-block-accordion-item-is-layout-flow\">\n<h3 class=\"wp-block-accordion-heading has-icon has-icon-right\"><button aria-expanded=\"false\" aria-controls=\"accordion-item-9-panel\" data-wp-bind--aria-expanded=\"state.isOpen\" data-wp-on--click=\"actions.toggle\" id=\"accordion-item-9\" type=\"button\" class=\"wp-block-accordion-heading__toggle\"><span class=\"wp-block-accordion-heading__toggle-title\">La vie des monstres<\/span><span class=\"wp-block-accordion-heading__toggle-icon\" aria-hidden=\"true\">+<\/span><\/button><\/h3>\n\n\n\n<div aria-labelledby=\"accordion-item-9\" data-wp-bind--hidden=\"state.isHidden\" data-wp-on--beforematch=\"actions.handleBeforeMatch\" id=\"accordion-item-9-panel\" role=\"region\" class=\"wp-block-accordion-panel is-layout-flow wp-block-accordion-panel-is-layout-flow\">\n<pre class=\"wp-block-preformatted\">Par la compagnie Les Tomb\u00e9s de la Lune<\/pre>\n\n\n\n<p class=\"wp-block-paragraph\">Atelier d&rsquo;\u00e9criture avec les enfants?<\/p>\n<\/div>\n<\/div>\n<\/div>\n\n\n\n<div data-wp-context=\"{ &quot;autoclose&quot;: false, &quot;accordionItems&quot;: [] }\" data-wp-interactive=\"core\/accordion\" role=\"group\" class=\"wp-block-accordion is-layout-flow wp-block-accordion-is-layout-flow\">\n<div data-wp-class--is-open=\"state.isOpen\" data-wp-context=\"{ &quot;id&quot;: &quot;accordion-item-10&quot;, &quot;openByDefault&quot;: false }\" data-wp-init=\"callbacks.initAccordionItems\" data-wp-on-window--hashchange=\"callbacks.hashChange\" class=\"wp-block-accordion-item is-layout-flow wp-block-accordion-item-is-layout-flow\">\n<h3 class=\"wp-block-accordion-heading has-icon has-icon-right\"><button aria-expanded=\"false\" aria-controls=\"accordion-item-10-panel\" data-wp-bind--aria-expanded=\"state.isOpen\" data-wp-on--click=\"actions.toggle\" id=\"accordion-item-10\" type=\"button\" class=\"wp-block-accordion-heading__toggle\"><span class=\"wp-block-accordion-heading__toggle-title\">Le d\u00e9fil\u00e9 des monstres<\/span><span class=\"wp-block-accordion-heading__toggle-icon\" aria-hidden=\"true\">+<\/span><\/button><\/h3>\n\n\n\n<div aria-labelledby=\"accordion-item-10\" data-wp-bind--hidden=\"state.isHidden\" data-wp-on--beforematch=\"actions.handleBeforeMatch\" id=\"accordion-item-10-panel\" role=\"region\" class=\"wp-block-accordion-panel is-layout-flow wp-block-accordion-panel-is-layout-flow\">\n<pre class=\"wp-block-preformatted\">Compagnie T\u00e9trofort et Aune<br>Dur\u00e9e 15 minutes<\/pre>\n\n\n\n<p class=\"wp-block-paragraph\">Venez assister \u00e0 l\u2019incroyable d\u00e9fil\u00e9 des Monstres ! Ils sont color\u00e9s, \u00e9tranges, poilus, maladroits et bizarro\u00efdes ! Ils n\u2019attendent plus que vous pour faire leur show !&nbsp;<\/p>\n\n\n\n<p class=\"wp-block-paragraph\">Les enfants deviennent auteurs, \u00e0 leur tour de se creuser les m\u00e9ninges pour ouvrir leur imaginaire et faire r\u00eaver le public. Les \u00ab\u00a0monstres\u00a0\u00bb invent\u00e9s par la compagnie serviront de base pour leur imaginer toute une histoire, un monde, des aventures rocambolesques ! <\/p>\n\n\n\n<p class=\"wp-block-paragraph\">Pour les apprentis \u00e9crivains, apr\u00e8s l&rsquo;\u00e9criture, ce sera la lecture, avec un atelier d&rsquo;enregistrement de leurs voix pour\u202fraconter leurs histoires aux oreilles du public de Faites Lire.&nbsp;<\/p>\n<\/div>\n<\/div>\n<\/div>\n\n\n\n<h2 class=\"wp-block-heading\">Ateliers<\/h2>\n\n\n\n<div data-wp-context=\"{ &quot;autoclose&quot;: false, &quot;accordionItems&quot;: [] }\" data-wp-interactive=\"core\/accordion\" role=\"group\" class=\"wp-block-accordion is-layout-flow wp-block-accordion-is-layout-flow\">\n<div data-wp-class--is-open=\"state.isOpen\" data-wp-context=\"{ &quot;id&quot;: &quot;accordion-item-11&quot;, &quot;openByDefault&quot;: false }\" data-wp-init=\"callbacks.initAccordionItems\" data-wp-on-window--hashchange=\"callbacks.hashChange\" class=\"wp-block-accordion-item is-layout-flow wp-block-accordion-item-is-layout-flow\">\n<h3 class=\"wp-block-accordion-heading has-icon has-icon-right\"><button aria-expanded=\"false\" aria-controls=\"accordion-item-11-panel\" data-wp-bind--aria-expanded=\"state.isOpen\" data-wp-on--click=\"actions.toggle\" id=\"accordion-item-11\" type=\"button\" class=\"wp-block-accordion-heading__toggle\"><span class=\"wp-block-accordion-heading__toggle-title\">Masques<\/span><span class=\"wp-block-accordion-heading__toggle-icon\" aria-hidden=\"true\">+<\/span><\/button><\/h3>\n\n\n\n<div aria-labelledby=\"accordion-item-11\" data-wp-bind--hidden=\"state.isHidden\" data-wp-on--beforematch=\"actions.handleBeforeMatch\" id=\"accordion-item-11-panel\" role=\"region\" class=\"wp-block-accordion-panel is-layout-flow wp-block-accordion-panel-is-layout-flow\">\n<p class=\"wp-block-paragraph\">Par les Plasticiens Volants<\/p>\n\n\n\n<p class=\"wp-block-paragraph\">Avant <em>la Parade Engloutie<\/em>, venez fabriquer un masque \u00e0 l&rsquo;effigie des cr\u00e9atures marine qui s&rsquo;appr\u00eaterons \u00e0 d\u00e9ambuler.<\/p>\n<\/div>\n<\/div>\n\n\n\n<div data-wp-class--is-open=\"state.isOpen\" data-wp-context=\"{ &quot;id&quot;: &quot;accordion-item-12&quot;, &quot;openByDefault&quot;: false }\" data-wp-init=\"callbacks.initAccordionItems\" data-wp-on-window--hashchange=\"callbacks.hashChange\" class=\"wp-block-accordion-item is-layout-flow wp-block-accordion-item-is-layout-flow\">\n<h3 class=\"wp-block-accordion-heading has-icon has-icon-right\"><button aria-expanded=\"false\" aria-controls=\"accordion-item-12-panel\" data-wp-bind--aria-expanded=\"state.isOpen\" data-wp-on--click=\"actions.toggle\" id=\"accordion-item-12\" type=\"button\" class=\"wp-block-accordion-heading__toggle\"><span class=\"wp-block-accordion-heading__toggle-title\">Encyclop\u00e9die des monstres<\/span><span class=\"wp-block-accordion-heading__toggle-icon\" aria-hidden=\"true\">+<\/span><\/button><\/h3>\n\n\n\n<div aria-labelledby=\"accordion-item-12\" data-wp-bind--hidden=\"state.isHidden\" data-wp-on--beforematch=\"actions.handleBeforeMatch\" id=\"accordion-item-12-panel\" role=\"region\" class=\"wp-block-accordion-panel is-layout-flow wp-block-accordion-panel-is-layout-flow\">\n<pre class=\"wp-block-preformatted\">Par La Racle<\/pre>\n<\/div>\n<\/div>\n<\/div>\n\n\n\n<div data-wp-context=\"{ &quot;autoclose&quot;: false, &quot;accordionItems&quot;: [] }\" data-wp-interactive=\"core\/accordion\" role=\"group\" class=\"wp-block-accordion is-layout-flow wp-block-accordion-is-layout-flow\">\n<div data-wp-class--is-open=\"state.isOpen\" data-wp-context=\"{ &quot;id&quot;: &quot;accordion-item-13&quot;, &quot;openByDefault&quot;: false }\" data-wp-init=\"callbacks.initAccordionItems\" data-wp-on-window--hashchange=\"callbacks.hashChange\" class=\"wp-block-accordion-item is-layout-flow wp-block-accordion-item-is-layout-flow\">\n<h3 class=\"wp-block-accordion-heading has-icon has-icon-right\"><button aria-expanded=\"false\" aria-controls=\"accordion-item-13-panel\" data-wp-bind--aria-expanded=\"state.isOpen\" data-wp-on--click=\"actions.toggle\" id=\"accordion-item-13\" type=\"button\" class=\"wp-block-accordion-heading__toggle\"><span class=\"wp-block-accordion-heading__toggle-title\">Maquillage<\/span><span class=\"wp-block-accordion-heading__toggle-icon\" aria-hidden=\"true\">+<\/span><\/button><\/h3>\n\n\n\n<div aria-labelledby=\"accordion-item-13\" data-wp-bind--hidden=\"state.isHidden\" data-wp-on--beforematch=\"actions.handleBeforeMatch\" id=\"accordion-item-13-panel\" role=\"region\" class=\"wp-block-accordion-panel is-layout-flow wp-block-accordion-panel-is-layout-flow\">\n<p class=\"wp-block-paragraph\">Compagnie Babouche<br>En continu de 10h \u00e0 18h<\/p>\n<\/div>\n<\/div>\n<\/div>\n\n\n\n<div data-wp-context=\"{ &quot;autoclose&quot;: false, &quot;accordionItems&quot;: [] }\" data-wp-interactive=\"core\/accordion\" role=\"group\" class=\"wp-block-accordion is-layout-flow wp-block-accordion-is-layout-flow\">\n<div data-wp-class--is-open=\"state.isOpen\" data-wp-context=\"{ &quot;id&quot;: &quot;accordion-item-14&quot;, &quot;openByDefault&quot;: false }\" data-wp-init=\"callbacks.initAccordionItems\" data-wp-on-window--hashchange=\"callbacks.hashChange\" class=\"wp-block-accordion-item is-layout-flow wp-block-accordion-item-is-layout-flow\">\n<h3 class=\"wp-block-accordion-heading has-icon has-icon-right\"><button aria-expanded=\"false\" aria-controls=\"accordion-item-14-panel\" data-wp-bind--aria-expanded=\"state.isOpen\" data-wp-on--click=\"actions.toggle\" id=\"accordion-item-14\" type=\"button\" class=\"wp-block-accordion-heading__toggle\"><span class=\"wp-block-accordion-heading__toggle-title\">S\u00e9rigraphie &#8211; Ram\u00e8ne ta sape<\/span><span class=\"wp-block-accordion-heading__toggle-icon\" aria-hidden=\"true\">+<\/span><\/button><\/h3>\n\n\n\n<div aria-labelledby=\"accordion-item-14\" data-wp-bind--hidden=\"state.isHidden\" data-wp-on--beforematch=\"actions.handleBeforeMatch\" id=\"accordion-item-14-panel\" role=\"region\" class=\"wp-block-accordion-panel is-layout-flow wp-block-accordion-panel-is-layout-flow\">\n<pre class=\"wp-block-preformatted\">Par la Racle<\/pre>\n\n\n\n<p class=\"wp-block-paragraph\">Venez avec votre v\u00eatement (t-shirt, tote bag, sweat, veste en coton, etc.) et l&rsquo;\u00e9quipe imprime en direct une illustration en lien avec le festival Faites Lire. Des t-shirts peuvent \u00e9galement \u00eatre propos\u00e9s \u00e0 la vente, 6\u20ac pour les personnes qui n&rsquo;ont pas apport\u00e9 de support textile.&nbsp;<\/p>\n\n\n\n<p class=\"wp-block-paragraph\"><\/p>\n<\/div>\n<\/div>\n<\/div>\n\n\n\n<h2 class=\"wp-block-heading\">Salon \/ Bourse<\/h2>\n\n\n\n<div data-wp-context=\"{ &quot;autoclose&quot;: false, &quot;accordionItems&quot;: [] }\" data-wp-interactive=\"core\/accordion\" role=\"group\" class=\"wp-block-accordion is-layout-flow wp-block-accordion-is-layout-flow\">\n<div data-wp-class--is-open=\"state.isOpen\" data-wp-context=\"{ &quot;id&quot;: &quot;accordion-item-15&quot;, &quot;openByDefault&quot;: false }\" data-wp-init=\"callbacks.initAccordionItems\" data-wp-on-window--hashchange=\"callbacks.hashChange\" class=\"wp-block-accordion-item is-layout-flow wp-block-accordion-item-is-layout-flow\">\n<h3 class=\"wp-block-accordion-heading has-icon has-icon-right\"><button aria-expanded=\"false\" aria-controls=\"accordion-item-15-panel\" data-wp-bind--aria-expanded=\"state.isOpen\" data-wp-on--click=\"actions.toggle\" id=\"accordion-item-15\" type=\"button\" class=\"wp-block-accordion-heading__toggle\"><span class=\"wp-block-accordion-heading__toggle-title\">Bourse aux livres jeunesse<\/span><span class=\"wp-block-accordion-heading__toggle-icon\" aria-hidden=\"true\">+<\/span><\/button><\/h3>\n\n\n\n<div aria-labelledby=\"accordion-item-15\" data-wp-bind--hidden=\"state.isHidden\" data-wp-on--beforematch=\"actions.handleBeforeMatch\" id=\"accordion-item-15-panel\" role=\"region\" class=\"wp-block-accordion-panel is-layout-flow wp-block-accordion-panel-is-layout-flow\">\n<p class=\"wp-block-paragraph\">Sur inscription, <a href=\"https:\/\/www.anima-productions.com\/_clients\/faiteslire\/evenements\/bourse-aux-livres-jeunesse\/\" data-type=\"evenement\" data-id=\"1551\">d\u00e9couvrir l&rsquo;\u00e9v\u00e8nement<\/a>.<\/p>\n<\/div>\n<\/div>\n<\/div>\n\n\n\n<div data-wp-context=\"{ &quot;autoclose&quot;: false, &quot;accordionItems&quot;: [] }\" data-wp-interactive=\"core\/accordion\" role=\"group\" class=\"wp-block-accordion is-layout-flow wp-block-accordion-is-layout-flow\">\n<div data-wp-class--is-open=\"state.isOpen\" data-wp-context=\"{ &quot;id&quot;: &quot;accordion-item-16&quot;, &quot;openByDefault&quot;: false }\" data-wp-init=\"callbacks.initAccordionItems\" data-wp-on-window--hashchange=\"callbacks.hashChange\" class=\"wp-block-accordion-item is-layout-flow wp-block-accordion-item-is-layout-flow\">\n<h3 class=\"wp-block-accordion-heading has-icon has-icon-right\"><button aria-expanded=\"false\" aria-controls=\"accordion-item-16-panel\" data-wp-bind--aria-expanded=\"state.isOpen\" data-wp-on--click=\"actions.toggle\" id=\"accordion-item-16\" type=\"button\" class=\"wp-block-accordion-heading__toggle\"><span class=\"wp-block-accordion-heading__toggle-title\">Salon du livre ancien<\/span><span class=\"wp-block-accordion-heading__toggle-icon\" aria-hidden=\"true\">+<\/span><\/button><\/h3>\n\n\n\n<div aria-labelledby=\"accordion-item-16\" data-wp-bind--hidden=\"state.isHidden\" data-wp-on--beforematch=\"actions.handleBeforeMatch\" id=\"accordion-item-16-panel\" role=\"region\" class=\"wp-block-accordion-panel is-layout-flow wp-block-accordion-panel-is-layout-flow\">\n<pre class=\"wp-block-preformatted\">Rue et imasse Jankowski<br>De 10h \u00e0 18h<\/pre>\n\n\n\n<p class=\"wp-block-paragraph\">Les bouquinistes de l&rsquo;association \u00ab\u00a0Les passionn\u00e9s du Livre et du Vynile\u00a0\u00bb vous invitent \u00e0 fl\u00e2ner dans les rues et vous plongez dans les livres anciens et d&rsquo;occasion en vente sur les stands.<\/p>\n<\/div>\n<\/div>\n<\/div>\n","protected":false},"author":4,"featured_media":1916,"menu_order":0,"template":"","types-evenements":[41,21,23,22],"editions":[11],"publics":[43,26,27],"tarifs":[13],"temporalites":[31],"handicaps":[],"class_list":["post-1118","evenement","type-evenement","status-publish","has-post-thumbnail","hentry","types-evenements-animations","types-evenements-contes-et-lectures","types-evenements-livres-occasion","types-evenements-spectacle-vivant","editions-11","publics-ados","publics-jeune-public","publics-jeunesse","tarifs-gratuit","temporalites-weekend","entry"],"acf":[],"yoast_head":"<!-- This site is optimized with the Yoast SEO plugin v28.3 - https:\/\/yoast.com\/product\/yoast-seo-wordpress\/ -->\n<title>Rue du livre - Faites lire !<\/title>\n<meta name=\"robots\" content=\"noindex, follow, max-snippet:-1, max-image-preview:large, max-video-preview:-1\" \/>\n<meta property=\"og:locale\" content=\"fr_FR\" \/>\n<meta property=\"og:type\" content=\"article\" \/>\n<meta property=\"og:title\" content=\"Rue du livre - Faites lire !\" \/>\n<meta property=\"og:description\" content=\"Ensemble d&rsquo;animations, d\u00e9ambulations et ateliers dans les rues \u00e0 proximit\u00e9 de la place de la R\u00e9publique et la place des Jacobins. Les rues sont pr\u00e9cis\u00e9es pour chaque animation. D\u00e9ambulations Spectacles Ateliers Salon \/ Bourse\" \/>\n<meta property=\"og:url\" content=\"https:\/\/www.anima-productions.com\/_clients\/faiteslire\/evenements\/rue-du-livre\/\" \/>\n<meta property=\"og:site_name\" content=\"Faites lire !\" \/>\n<meta property=\"article:modified_time\" content=\"2026-08-31T06:21:21+00:00\" \/>\n<meta property=\"og:image\" content=\"https:\/\/www.anima-productions.com\/_clients\/faiteslire\/wp-content\/uploads\/2026\/08\/Agenda-RueLivre.webp\" \/>\n\t<meta property=\"og:image:width\" content=\"500\" \/>\n\t<meta property=\"og:image:height\" content=\"500\" \/>\n\t<meta property=\"og:image:type\" content=\"image\/webp\" \/>\n<meta name=\"twitter:card\" content=\"summary_large_image\" \/>\n<meta name=\"twitter:label1\" content=\"Dur\u00e9e de lecture estim\u00e9e\" \/>\n\t<meta name=\"twitter:data1\" content=\"4 minutes\" \/>\n<script type=\"application\/ld+json\" class=\"yoast-schema-graph\">{\"@context\":\"https:\\\/\\\/schema.org\",\"@graph\":[{\"@type\":\"WebPage\",\"@id\":\"https:\\\/\\\/www.anima-productions.com\\\/_clients\\\/faiteslire\\\/evenements\\\/rue-du-livre\\\/\",\"url\":\"https:\\\/\\\/www.anima-productions.com\\\/_clients\\\/faiteslire\\\/evenements\\\/rue-du-livre\\\/\",\"name\":\"Rue du livre - Faites lire !\",\"isPartOf\":{\"@id\":\"https:\\\/\\\/www.anima-productions.com\\\/_clients\\\/faiteslire\\\/#website\"},\"primaryImageOfPage\":{\"@id\":\"https:\\\/\\\/www.anima-productions.com\\\/_clients\\\/faiteslire\\\/evenements\\\/rue-du-livre\\\/#primaryimage\"},\"image\":{\"@id\":\"https:\\\/\\\/www.anima-productions.com\\\/_clients\\\/faiteslire\\\/evenements\\\/rue-du-livre\\\/#primaryimage\"},\"thumbnailUrl\":\"https:\\\/\\\/www.anima-productions.com\\\/_clients\\\/faiteslire\\\/wp-content\\\/uploads\\\/2026\\\/08\\\/Agenda-RueLivre.webp\",\"datePublished\":\"2026-08-18T09:43:51+00:00\",\"dateModified\":\"2026-08-31T06:21:21+00:00\",\"breadcrumb\":{\"@id\":\"https:\\\/\\\/www.anima-productions.com\\\/_clients\\\/faiteslire\\\/evenements\\\/rue-du-livre\\\/#breadcrumb\"},\"inLanguage\":\"fr-FR\",\"potentialAction\":[{\"@type\":\"ReadAction\",\"target\":[\"https:\\\/\\\/www.anima-productions.com\\\/_clients\\\/faiteslire\\\/evenements\\\/rue-du-livre\\\/\"]}]},{\"@type\":\"ImageObject\",\"inLanguage\":\"fr-FR\",\"@id\":\"https:\\\/\\\/www.anima-productions.com\\\/_clients\\\/faiteslire\\\/evenements\\\/rue-du-livre\\\/#primaryimage\",\"url\":\"https:\\\/\\\/www.anima-productions.com\\\/_clients\\\/faiteslire\\\/wp-content\\\/uploads\\\/2026\\\/08\\\/Agenda-RueLivre.webp\",\"contentUrl\":\"https:\\\/\\\/www.anima-productions.com\\\/_clients\\\/faiteslire\\\/wp-content\\\/uploads\\\/2026\\\/08\\\/Agenda-RueLivre.webp\",\"width\":500,\"height\":500},{\"@type\":\"BreadcrumbList\",\"@id\":\"https:\\\/\\\/www.anima-productions.com\\\/_clients\\\/faiteslire\\\/evenements\\\/rue-du-livre\\\/#breadcrumb\",\"itemListElement\":[{\"@type\":\"ListItem\",\"position\":1,\"name\":\"Accueil\",\"item\":\"https:\\\/\\\/www.anima-productions.com\\\/_clients\\\/faiteslire\\\/\"},{\"@type\":\"ListItem\",\"position\":2,\"name\":\"Rue du livre\"}]},{\"@type\":\"WebSite\",\"@id\":\"https:\\\/\\\/www.anima-productions.com\\\/_clients\\\/faiteslire\\\/#website\",\"url\":\"https:\\\/\\\/www.anima-productions.com\\\/_clients\\\/faiteslire\\\/\",\"name\":\"Faites lire !\",\"description\":\"La f\u00eate de la lecture | Le Mans\",\"potentialAction\":[{\"@type\":\"SearchAction\",\"target\":{\"@type\":\"EntryPoint\",\"urlTemplate\":\"https:\\\/\\\/www.anima-productions.com\\\/_clients\\\/faiteslire\\\/?s={search_term_string}\"},\"query-input\":{\"@type\":\"PropertyValueSpecification\",\"valueRequired\":true,\"valueName\":\"search_term_string\"}}],\"inLanguage\":\"fr-FR\"}]}<\/script>\n<!-- \/ Yoast SEO plugin. -->","yoast_head_json":{"title":"Rue du livre - Faites lire !","robots":{"index":"noindex","follow":"follow","max-snippet":"max-snippet:-1","max-image-preview":"max-image-preview:large","max-video-preview":"max-video-preview:-1"},"og_locale":"fr_FR","og_type":"article","og_title":"Rue du livre - Faites lire !","og_description":"Ensemble d&rsquo;animations, d\u00e9ambulations et ateliers dans les rues \u00e0 proximit\u00e9 de la place de la R\u00e9publique et la place des Jacobins. Les rues sont pr\u00e9cis\u00e9es pour chaque animation. D\u00e9ambulations Spectacles Ateliers Salon \/ Bourse","og_url":"https:\/\/www.anima-productions.com\/_clients\/faiteslire\/evenements\/rue-du-livre\/","og_site_name":"Faites lire !","article_modified_time":"2026-08-31T06:21:21+00:00","og_image":[{"width":500,"height":500,"url":"https:\/\/www.anima-productions.com\/_clients\/faiteslire\/wp-content\/uploads\/2026\/08\/Agenda-RueLivre.webp","type":"image\/webp"}],"twitter_card":"summary_large_image","twitter_misc":{"Dur\u00e9e de lecture estim\u00e9e":"4 minutes"},"schema":{"@context":"https:\/\/schema.org","@graph":[{"@type":"WebPage","@id":"https:\/\/www.anima-productions.com\/_clients\/faiteslire\/evenements\/rue-du-livre\/","url":"https:\/\/www.anima-productions.com\/_clients\/faiteslire\/evenements\/rue-du-livre\/","name":"Rue du livre - Faites lire !","isPartOf":{"@id":"https:\/\/www.anima-productions.com\/_clients\/faiteslire\/#website"},"primaryImageOfPage":{"@id":"https:\/\/www.anima-productions.com\/_clients\/faiteslire\/evenements\/rue-du-livre\/#primaryimage"},"image":{"@id":"https:\/\/www.anima-productions.com\/_clients\/faiteslire\/evenements\/rue-du-livre\/#primaryimage"},"thumbnailUrl":"https:\/\/www.anima-productions.com\/_clients\/faiteslire\/wp-content\/uploads\/2026\/08\/Agenda-RueLivre.webp","datePublished":"2026-08-18T09:43:51+00:00","dateModified":"2026-08-31T06:21:21+00:00","breadcrumb":{"@id":"https:\/\/www.anima-productions.com\/_clients\/faiteslire\/evenements\/rue-du-livre\/#breadcrumb"},"inLanguage":"fr-FR","potentialAction":[{"@type":"ReadAction","target":["https:\/\/www.anima-productions.com\/_clients\/faiteslire\/evenements\/rue-du-livre\/"]}]},{"@type":"ImageObject","inLanguage":"fr-FR","@id":"https:\/\/www.anima-productions.com\/_clients\/faiteslire\/evenements\/rue-du-livre\/#primaryimage","url":"https:\/\/www.anima-productions.com\/_clients\/faiteslire\/wp-content\/uploads\/2026\/08\/Agenda-RueLivre.webp","contentUrl":"https:\/\/www.anima-productions.com\/_clients\/faiteslire\/wp-content\/uploads\/2026\/08\/Agenda-RueLivre.webp","width":500,"height":500},{"@type":"BreadcrumbList","@id":"https:\/\/www.anima-productions.com\/_clients\/faiteslire\/evenements\/rue-du-livre\/#breadcrumb","itemListElement":[{"@type":"ListItem","position":1,"name":"Accueil","item":"https:\/\/www.anima-productions.com\/_clients\/faiteslire\/"},{"@type":"ListItem","position":2,"name":"Rue du livre"}]},{"@type":"WebSite","@id":"https:\/\/www.anima-productions.com\/_clients\/faiteslire\/#website","url":"https:\/\/www.anima-productions.com\/_clients\/faiteslire\/","name":"Faites lire !","description":"La f\u00eate de la lecture | Le Mans","potentialAction":[{"@type":"SearchAction","target":{"@type":"EntryPoint","urlTemplate":"https:\/\/www.anima-productions.com\/_clients\/faiteslire\/?s={search_term_string}"},"query-input":{"@type":"PropertyValueSpecification","valueRequired":true,"valueName":"search_term_string"}}],"inLanguage":"fr-FR"}]}},"_links":{"self":[{"href":"https:\/\/www.anima-productions.com\/_clients\/faiteslire\/wp-json\/wp\/v2\/evenement\/1118","targetHints":{"allow":["GET"]}}],"collection":[{"href":"https:\/\/www.anima-productions.com\/_clients\/faiteslire\/wp-json\/wp\/v2\/evenement"}],"about":[{"href":"https:\/\/www.anima-productions.com\/_clients\/faiteslire\/wp-json\/wp\/v2\/types\/evenement"}],"author":[{"embeddable":true,"href":"https:\/\/www.anima-productions.com\/_clients\/faiteslire\/wp-json\/wp\/v2\/users\/4"}],"version-history":[{"count":9,"href":"https:\/\/www.anima-productions.com\/_clients\/faiteslire\/wp-json\/wp\/v2\/evenement\/1118\/revisions"}],"predecessor-version":[{"id":2162,"href":"https:\/\/www.anima-productions.com\/_clients\/faiteslire\/wp-json\/wp\/v2\/evenement\/1118\/revisions\/2162"}],"wp:featuredmedia":[{"embeddable":true,"href":"https:\/\/www.anima-productions.com\/_clients\/faiteslire\/wp-json\/wp\/v2\/media\/1916"}],"wp:attachment":[{"href":"https:\/\/www.anima-productions.com\/_clients\/faiteslire\/wp-json\/wp\/v2\/media?parent=1118"}],"wp:term":[{"taxonomy":"types-evenements","embeddable":true,"href":"https:\/\/www.anima-productions.com\/_clients\/faiteslire\/wp-json\/wp\/v2\/types-evenements?post=1118"},{"taxonomy":"editions","embeddable":true,"href":"https:\/\/www.anima-productions.com\/_clients\/faiteslire\/wp-json\/wp\/v2\/editions?post=1118"},{"taxonomy":"publics","embeddable":true,"href":"https:\/\/www.anima-productions.com\/_clients\/faiteslire\/wp-json\/wp\/v2\/publics?post=1118"},{"taxonomy":"tarifs","embeddable":true,"href":"https:\/\/www.anima-productions.com\/_clients\/faiteslire\/wp-json\/wp\/v2\/tarifs?post=1118"},{"taxonomy":"temporalites","embeddable":true,"href":"https:\/\/www.anima-productions.com\/_clients\/faiteslire\/wp-json\/wp\/v2\/temporalites?post=1118"},{"taxonomy":"handicaps","embeddable":true,"href":"https:\/\/www.anima-productions.com\/_clients\/faiteslire\/wp-json\/wp\/v2\/handicaps?post=1118"}],"curies":[{"name":"wp","href":"https:\/\/api.w.org\/{rel}","templated":true}]}}