{"id":1467,"date":"2026-08-19T14:07:03","date_gmt":"2026-08-19T12:07:03","guid":{"rendered":"https:\/\/www.anima-productions.com\/_clients\/faiteslire\/?post_type=evenement&#038;p=1467"},"modified":"2026-08-27T14:29:37","modified_gmt":"2026-08-27T12:29:37","slug":"rencontre-gabriel-tallent","status":"publish","type":"evenement","link":"https:\/\/www.anima-productions.com\/_clients\/faiteslire\/evenements\/rencontre-gabriel-tallent\/","title":{"rendered":"Rencontre avec Gabriel Tallent"},"content":{"rendered":"\n<p class=\"wp-block-paragraph\">Figure de proue du Nature Writing, cette litt\u00e9rature des grands espaces, l\u2019\u00e9crivain am\u00e9ricain Gabriel Tallent sera exceptionnellement pr\u00e9sent \u00e0 Faites Lire ! Pour son deuxi\u00e8me roman, <em>La Voie<\/em>, paru aux \u00e9ditions Gallmeister.\u00a0<\/p>\n\n\n\n<p class=\"wp-block-paragraph\">Une sortie tr\u00e8s attendue, huit ans apr\u00e8s le succ\u00e8s de son premier opus, <em>My Absolute Darling<\/em>, vendu \u00e0 plusieurs millions d\u2019exemplaires dans le monde.&nbsp;&nbsp;<\/p>\n\n\n\n<p class=\"wp-block-paragraph\">V\u00e9ritable ph\u00e9nom\u00e8ne d\u2019\u00e9dition, le livre raconte le combat pour la libert\u00e9 et la survie de Turtle, une adolescente qui grandit sous l\u2019emprise d&rsquo;un p\u00e8re abusif et trouve son seul refuge dans la nature sauvage de la c\u00f4te californienne. <em>La Voie<\/em> s\u2019inscrit \u00e0 nouveau dans les paysages am\u00e9ricains, cette fois le Sud du d\u00e9sert de Mojave. Deux lyc\u00e9ens, Dan et Tamma, passent leur temps libre \u00e0 escalader de nuit des rochers, une \u00e9chappatoire \u00e0 la r\u00e9alit\u00e9. Un sport extr\u00eame que l\u2019auteur, n\u00e9 \u00e0 Santa Fe au Nouveau Mexique, conna\u00eet bien pour le pratiquer lui-m\u00eame.&nbsp;<\/p>\n\n\n\n<p class=\"wp-block-paragraph\">Son nouveau roman est une histoire de failles, de risques et de voie \u00e0 tracer, envers et contre tout, ou tous. Un livre puissant, touchant, qui <em>\u00ab s\u2019escalade les doigts dans le nez \u00bb <\/em>avec <em>\u00ab deux personnages extr\u00eamement attachants \u00bb<\/em>, <em>dixit <\/em>Laurent Chalumeau, critique de l\u2019\u00e9mission Le Masque et la Plume sur France Inter.&nbsp;<\/p>\n","protected":false},"author":4,"featured_media":1184,"menu_order":0,"template":"","types-evenements":[25],"editions":[11],"publics":[29],"tarifs":[13],"temporalites":[30],"handicaps":[],"class_list":["post-1467","evenement","type-evenement","status-publish","has-post-thumbnail","hentry","types-evenements-rencontre","editions-11","publics-adultes","tarifs-gratuit","temporalites-semaine","entry"],"acf":[],"yoast_head":"<!-- This site is optimized with the Yoast SEO plugin v28.3 - https:\/\/yoast.com\/product\/yoast-seo-wordpress\/ -->\n<title>Rencontre avec Gabriel Tallent - Faites lire !<\/title>\n<meta name=\"robots\" content=\"noindex, follow, max-snippet:-1, max-image-preview:large, max-video-preview:-1\" \/>\n<meta property=\"og:locale\" content=\"fr_FR\" \/>\n<meta property=\"og:type\" content=\"article\" \/>\n<meta property=\"og:title\" content=\"Rencontre avec Gabriel Tallent - Faites lire !\" \/>\n<meta property=\"og:description\" content=\"Figure de proue du Nature Writing, cette litt\u00e9rature des grands espaces, l\u2019\u00e9crivain am\u00e9ricain Gabriel Tallent sera exceptionnellement pr\u00e9sent \u00e0 Faites Lire ! Pour son deuxi\u00e8me roman, La Voie, paru aux \u00e9ditions Gallmeister.\u00a0 Une sortie tr\u00e8s attendue, huit ans apr\u00e8s le succ\u00e8s de son premier opus, My Absolute Darling, vendu \u00e0 plusieurs millions d\u2019exemplaires dans le&hellip; Poursuivre la lecture Rencontre avec Gabriel Tallent\" \/>\n<meta property=\"og:url\" content=\"https:\/\/www.anima-productions.com\/_clients\/faiteslire\/evenements\/rencontre-gabriel-tallent\/\" \/>\n<meta property=\"og:site_name\" content=\"Faites lire !\" \/>\n<meta property=\"article:modified_time\" content=\"2026-08-27T12:29:37+00:00\" \/>\n<meta property=\"og:image\" content=\"https:\/\/www.anima-productions.com\/_clients\/faiteslire\/wp-content\/uploads\/2026\/07\/Auteur-Gabriel-TALLENT\u00a9Michael-Friberg.webp\" \/>\n\t<meta property=\"og:image:width\" content=\"450\" \/>\n\t<meta property=\"og:image:height\" content=\"450\" \/>\n\t<meta property=\"og:image:type\" content=\"image\/webp\" \/>\n<meta name=\"twitter:card\" content=\"summary_large_image\" \/>\n<meta name=\"twitter:label1\" content=\"Dur\u00e9e de lecture estim\u00e9e\" \/>\n\t<meta name=\"twitter:data1\" content=\"2 minutes\" \/>\n<script type=\"application\/ld+json\" class=\"yoast-schema-graph\">{\"@context\":\"https:\\\/\\\/schema.org\",\"@graph\":[{\"@type\":\"WebPage\",\"@id\":\"https:\\\/\\\/www.anima-productions.com\\\/_clients\\\/faiteslire\\\/evenements\\\/rencontre-gabriel-tallent\\\/\",\"url\":\"https:\\\/\\\/www.anima-productions.com\\\/_clients\\\/faiteslire\\\/evenements\\\/rencontre-gabriel-tallent\\\/\",\"name\":\"Rencontre avec Gabriel Tallent - Faites lire !\",\"isPartOf\":{\"@id\":\"https:\\\/\\\/www.anima-productions.com\\\/_clients\\\/faiteslire\\\/#website\"},\"primaryImageOfPage\":{\"@id\":\"https:\\\/\\\/www.anima-productions.com\\\/_clients\\\/faiteslire\\\/evenements\\\/rencontre-gabriel-tallent\\\/#primaryimage\"},\"image\":{\"@id\":\"https:\\\/\\\/www.anima-productions.com\\\/_clients\\\/faiteslire\\\/evenements\\\/rencontre-gabriel-tallent\\\/#primaryimage\"},\"thumbnailUrl\":\"https:\\\/\\\/www.anima-productions.com\\\/_clients\\\/faiteslire\\\/wp-content\\\/uploads\\\/2026\\\/07\\\/Auteur-Gabriel-TALLENT\u00a9Michael-Friberg.webp\",\"datePublished\":\"2026-08-19T12:07:03+00:00\",\"dateModified\":\"2026-08-27T12:29:37+00:00\",\"breadcrumb\":{\"@id\":\"https:\\\/\\\/www.anima-productions.com\\\/_clients\\\/faiteslire\\\/evenements\\\/rencontre-gabriel-tallent\\\/#breadcrumb\"},\"inLanguage\":\"fr-FR\",\"potentialAction\":[{\"@type\":\"ReadAction\",\"target\":[\"https:\\\/\\\/www.anima-productions.com\\\/_clients\\\/faiteslire\\\/evenements\\\/rencontre-gabriel-tallent\\\/\"]}]},{\"@type\":\"ImageObject\",\"inLanguage\":\"fr-FR\",\"@id\":\"https:\\\/\\\/www.anima-productions.com\\\/_clients\\\/faiteslire\\\/evenements\\\/rencontre-gabriel-tallent\\\/#primaryimage\",\"url\":\"https:\\\/\\\/www.anima-productions.com\\\/_clients\\\/faiteslire\\\/wp-content\\\/uploads\\\/2026\\\/07\\\/Auteur-Gabriel-TALLENT\u00a9Michael-Friberg.webp\",\"contentUrl\":\"https:\\\/\\\/www.anima-productions.com\\\/_clients\\\/faiteslire\\\/wp-content\\\/uploads\\\/2026\\\/07\\\/Auteur-Gabriel-TALLENT\u00a9Michael-Friberg.webp\",\"width\":450,\"height\":450},{\"@type\":\"BreadcrumbList\",\"@id\":\"https:\\\/\\\/www.anima-productions.com\\\/_clients\\\/faiteslire\\\/evenements\\\/rencontre-gabriel-tallent\\\/#breadcrumb\",\"itemListElement\":[{\"@type\":\"ListItem\",\"position\":1,\"name\":\"Accueil\",\"item\":\"https:\\\/\\\/www.anima-productions.com\\\/_clients\\\/faiteslire\\\/\"},{\"@type\":\"ListItem\",\"position\":2,\"name\":\"Rencontre avec Gabriel Tallent\"}]},{\"@type\":\"WebSite\",\"@id\":\"https:\\\/\\\/www.anima-productions.com\\\/_clients\\\/faiteslire\\\/#website\",\"url\":\"https:\\\/\\\/www.anima-productions.com\\\/_clients\\\/faiteslire\\\/\",\"name\":\"Faites lire !\",\"description\":\"La f\u00eate de la lecture | Le Mans\",\"potentialAction\":[{\"@type\":\"SearchAction\",\"target\":{\"@type\":\"EntryPoint\",\"urlTemplate\":\"https:\\\/\\\/www.anima-productions.com\\\/_clients\\\/faiteslire\\\/?s={search_term_string}\"},\"query-input\":{\"@type\":\"PropertyValueSpecification\",\"valueRequired\":true,\"valueName\":\"search_term_string\"}}],\"inLanguage\":\"fr-FR\"}]}<\/script>\n<!-- \/ Yoast SEO plugin. -->","yoast_head_json":{"title":"Rencontre avec Gabriel Tallent - Faites lire !","robots":{"index":"noindex","follow":"follow","max-snippet":"max-snippet:-1","max-image-preview":"max-image-preview:large","max-video-preview":"max-video-preview:-1"},"og_locale":"fr_FR","og_type":"article","og_title":"Rencontre avec Gabriel Tallent - Faites lire !","og_description":"Figure de proue du Nature Writing, cette litt\u00e9rature des grands espaces, l\u2019\u00e9crivain am\u00e9ricain Gabriel Tallent sera exceptionnellement pr\u00e9sent \u00e0 Faites Lire ! Pour son deuxi\u00e8me roman, La Voie, paru aux \u00e9ditions Gallmeister.\u00a0 Une sortie tr\u00e8s attendue, huit ans apr\u00e8s le succ\u00e8s de son premier opus, My Absolute Darling, vendu \u00e0 plusieurs millions d\u2019exemplaires dans le&hellip; Poursuivre la lecture Rencontre avec Gabriel Tallent","og_url":"https:\/\/www.anima-productions.com\/_clients\/faiteslire\/evenements\/rencontre-gabriel-tallent\/","og_site_name":"Faites lire !","article_modified_time":"2026-08-27T12:29:37+00:00","og_image":[{"width":450,"height":450,"url":"https:\/\/www.anima-productions.com\/_clients\/faiteslire\/wp-content\/uploads\/2026\/07\/Auteur-Gabriel-TALLENT\u00a9Michael-Friberg.webp","type":"image\/webp"}],"twitter_card":"summary_large_image","twitter_misc":{"Dur\u00e9e de lecture estim\u00e9e":"2 minutes"},"schema":{"@context":"https:\/\/schema.org","@graph":[{"@type":"WebPage","@id":"https:\/\/www.anima-productions.com\/_clients\/faiteslire\/evenements\/rencontre-gabriel-tallent\/","url":"https:\/\/www.anima-productions.com\/_clients\/faiteslire\/evenements\/rencontre-gabriel-tallent\/","name":"Rencontre avec Gabriel Tallent - Faites lire !","isPartOf":{"@id":"https:\/\/www.anima-productions.com\/_clients\/faiteslire\/#website"},"primaryImageOfPage":{"@id":"https:\/\/www.anima-productions.com\/_clients\/faiteslire\/evenements\/rencontre-gabriel-tallent\/#primaryimage"},"image":{"@id":"https:\/\/www.anima-productions.com\/_clients\/faiteslire\/evenements\/rencontre-gabriel-tallent\/#primaryimage"},"thumbnailUrl":"https:\/\/www.anima-productions.com\/_clients\/faiteslire\/wp-content\/uploads\/2026\/07\/Auteur-Gabriel-TALLENT\u00a9Michael-Friberg.webp","datePublished":"2026-08-19T12:07:03+00:00","dateModified":"2026-08-27T12:29:37+00:00","breadcrumb":{"@id":"https:\/\/www.anima-productions.com\/_clients\/faiteslire\/evenements\/rencontre-gabriel-tallent\/#breadcrumb"},"inLanguage":"fr-FR","potentialAction":[{"@type":"ReadAction","target":["https:\/\/www.anima-productions.com\/_clients\/faiteslire\/evenements\/rencontre-gabriel-tallent\/"]}]},{"@type":"ImageObject","inLanguage":"fr-FR","@id":"https:\/\/www.anima-productions.com\/_clients\/faiteslire\/evenements\/rencontre-gabriel-tallent\/#primaryimage","url":"https:\/\/www.anima-productions.com\/_clients\/faiteslire\/wp-content\/uploads\/2026\/07\/Auteur-Gabriel-TALLENT\u00a9Michael-Friberg.webp","contentUrl":"https:\/\/www.anima-productions.com\/_clients\/faiteslire\/wp-content\/uploads\/2026\/07\/Auteur-Gabriel-TALLENT\u00a9Michael-Friberg.webp","width":450,"height":450},{"@type":"BreadcrumbList","@id":"https:\/\/www.anima-productions.com\/_clients\/faiteslire\/evenements\/rencontre-gabriel-tallent\/#breadcrumb","itemListElement":[{"@type":"ListItem","position":1,"name":"Accueil","item":"https:\/\/www.anima-productions.com\/_clients\/faiteslire\/"},{"@type":"ListItem","position":2,"name":"Rencontre avec Gabriel Tallent"}]},{"@type":"WebSite","@id":"https:\/\/www.anima-productions.com\/_clients\/faiteslire\/#website","url":"https:\/\/www.anima-productions.com\/_clients\/faiteslire\/","name":"Faites lire !","description":"La f\u00eate de la lecture | Le Mans","potentialAction":[{"@type":"SearchAction","target":{"@type":"EntryPoint","urlTemplate":"https:\/\/www.anima-productions.com\/_clients\/faiteslire\/?s={search_term_string}"},"query-input":{"@type":"PropertyValueSpecification","valueRequired":true,"valueName":"search_term_string"}}],"inLanguage":"fr-FR"}]}},"_links":{"self":[{"href":"https:\/\/www.anima-productions.com\/_clients\/faiteslire\/wp-json\/wp\/v2\/evenement\/1467","targetHints":{"allow":["GET"]}}],"collection":[{"href":"https:\/\/www.anima-productions.com\/_clients\/faiteslire\/wp-json\/wp\/v2\/evenement"}],"about":[{"href":"https:\/\/www.anima-productions.com\/_clients\/faiteslire\/wp-json\/wp\/v2\/types\/evenement"}],"author":[{"embeddable":true,"href":"https:\/\/www.anima-productions.com\/_clients\/faiteslire\/wp-json\/wp\/v2\/users\/4"}],"version-history":[{"count":5,"href":"https:\/\/www.anima-productions.com\/_clients\/faiteslire\/wp-json\/wp\/v2\/evenement\/1467\/revisions"}],"predecessor-version":[{"id":1858,"href":"https:\/\/www.anima-productions.com\/_clients\/faiteslire\/wp-json\/wp\/v2\/evenement\/1467\/revisions\/1858"}],"wp:featuredmedia":[{"embeddable":true,"href":"https:\/\/www.anima-productions.com\/_clients\/faiteslire\/wp-json\/wp\/v2\/media\/1184"}],"wp:attachment":[{"href":"https:\/\/www.anima-productions.com\/_clients\/faiteslire\/wp-json\/wp\/v2\/media?parent=1467"}],"wp:term":[{"taxonomy":"types-evenements","embeddable":true,"href":"https:\/\/www.anima-productions.com\/_clients\/faiteslire\/wp-json\/wp\/v2\/types-evenements?post=1467"},{"taxonomy":"editions","embeddable":true,"href":"https:\/\/www.anima-productions.com\/_clients\/faiteslire\/wp-json\/wp\/v2\/editions?post=1467"},{"taxonomy":"publics","embeddable":true,"href":"https:\/\/www.anima-productions.com\/_clients\/faiteslire\/wp-json\/wp\/v2\/publics?post=1467"},{"taxonomy":"tarifs","embeddable":true,"href":"https:\/\/www.anima-productions.com\/_clients\/faiteslire\/wp-json\/wp\/v2\/tarifs?post=1467"},{"taxonomy":"temporalites","embeddable":true,"href":"https:\/\/www.anima-productions.com\/_clients\/faiteslire\/wp-json\/wp\/v2\/temporalites?post=1467"},{"taxonomy":"handicaps","embeddable":true,"href":"https:\/\/www.anima-productions.com\/_clients\/faiteslire\/wp-json\/wp\/v2\/handicaps?post=1467"}],"curies":[{"name":"wp","href":"https:\/\/api.w.org\/{rel}","templated":true}]}}