{"id":1529,"date":"2026-08-19T15:51:44","date_gmt":"2026-08-19T13:51:44","guid":{"rendered":"https:\/\/www.anima-productions.com\/_clients\/faiteslire\/?post_type=evenement&#038;p=1529"},"modified":"2026-08-28T09:22:49","modified_gmt":"2026-08-28T07:22:49","slug":"concert-dessine","status":"publish","type":"evenement","link":"https:\/\/www.anima-productions.com\/_clients\/faiteslire\/evenements\/concert-dessine\/","title":{"rendered":"Concert dessin\u00e9"},"content":{"rendered":"\n<p class=\"wp-block-paragraph\">Cyril Pedrosa, auteur majeur de la bande dessin\u00e9e fran\u00e7aise (<em>Portugal<\/em>, <em>Trois Ombres<\/em>, <em>L\u2019\u00c2ge d\u2019or<\/em>), aime explorer la sc\u00e8ne \u00e0 travers le concert dessin\u00e9. Dans ces cr\u00e9ations, le dessin na\u00eet en direct sous les yeux du public et dialogue avec la musique.&nbsp;<\/p>\n\n\n\n<p class=\"wp-block-paragraph\">Des exp\u00e9riences d\u00e9j\u00e0 r\u00e9alis\u00e9es avec Voyou dans <em>Les Royaumes invisibles<\/em> ou Anne Paceo dans <em>Sur une \u00eele<\/em>, il compose des univers po\u00e9tiques o\u00f9 images, sons et improvisation se r\u00e9pondent pour offrir une exp\u00e9rience immersive et sensible.<\/p>\n","protected":false},"author":4,"featured_media":1975,"menu_order":0,"template":"","types-evenements":[18,22],"editions":[11],"publics":[27],"tarifs":[13],"temporalites":[30],"handicaps":[],"class_list":["post-1529","evenement","type-evenement","status-publish","has-post-thumbnail","hentry","types-evenements-concert","types-evenements-spectacle-vivant","editions-11","publics-jeunesse","tarifs-gratuit","temporalites-semaine","entry"],"acf":[],"yoast_head":"<!-- This site is optimized with the Yoast SEO plugin v28.3 - https:\/\/yoast.com\/product\/yoast-seo-wordpress\/ -->\n<title>Concert dessin\u00e9 - Faites lire !<\/title>\n<meta name=\"robots\" content=\"noindex, follow, max-snippet:-1, max-image-preview:large, max-video-preview:-1\" \/>\n<meta property=\"og:locale\" content=\"fr_FR\" \/>\n<meta property=\"og:type\" content=\"article\" \/>\n<meta property=\"og:title\" content=\"Concert dessin\u00e9 - Faites lire !\" \/>\n<meta property=\"og:description\" content=\"Cyril Pedrosa, auteur majeur de la bande dessin\u00e9e fran\u00e7aise (Portugal, Trois Ombres, L\u2019\u00c2ge d\u2019or), aime explorer la sc\u00e8ne \u00e0 travers le concert dessin\u00e9. Dans ces cr\u00e9ations, le dessin na\u00eet en direct sous les yeux du public et dialogue avec la musique.&nbsp; Des exp\u00e9riences d\u00e9j\u00e0 r\u00e9alis\u00e9es avec Voyou dans Les Royaumes invisibles ou Anne Paceo dans&hellip; Poursuivre la lecture Concert dessin\u00e9\" \/>\n<meta property=\"og:url\" content=\"https:\/\/www.anima-productions.com\/_clients\/faiteslire\/evenements\/concert-dessine\/\" \/>\n<meta property=\"og:site_name\" content=\"Faites lire !\" \/>\n<meta property=\"article:modified_time\" content=\"2026-08-28T07:22:49+00:00\" \/>\n<meta property=\"og:image\" content=\"https:\/\/www.anima-productions.com\/_clients\/faiteslire\/wp-content\/uploads\/2026\/08\/Agenda-ConcertDessine-PedrosacBDVA-1.webp\" \/>\n\t<meta property=\"og:image:width\" content=\"500\" \/>\n\t<meta property=\"og:image:height\" content=\"500\" \/>\n\t<meta property=\"og:image:type\" content=\"image\/webp\" \/>\n<meta name=\"twitter:card\" content=\"summary_large_image\" \/>\n<meta name=\"twitter:label1\" content=\"Dur\u00e9e de lecture estim\u00e9e\" \/>\n\t<meta name=\"twitter:data1\" content=\"1 minute\" \/>\n<script type=\"application\/ld+json\" class=\"yoast-schema-graph\">{\"@context\":\"https:\\\/\\\/schema.org\",\"@graph\":[{\"@type\":\"WebPage\",\"@id\":\"https:\\\/\\\/www.anima-productions.com\\\/_clients\\\/faiteslire\\\/evenements\\\/concert-dessine\\\/\",\"url\":\"https:\\\/\\\/www.anima-productions.com\\\/_clients\\\/faiteslire\\\/evenements\\\/concert-dessine\\\/\",\"name\":\"Concert dessin\u00e9 - Faites lire !\",\"isPartOf\":{\"@id\":\"https:\\\/\\\/www.anima-productions.com\\\/_clients\\\/faiteslire\\\/#website\"},\"primaryImageOfPage\":{\"@id\":\"https:\\\/\\\/www.anima-productions.com\\\/_clients\\\/faiteslire\\\/evenements\\\/concert-dessine\\\/#primaryimage\"},\"image\":{\"@id\":\"https:\\\/\\\/www.anima-productions.com\\\/_clients\\\/faiteslire\\\/evenements\\\/concert-dessine\\\/#primaryimage\"},\"thumbnailUrl\":\"https:\\\/\\\/www.anima-productions.com\\\/_clients\\\/faiteslire\\\/wp-content\\\/uploads\\\/2026\\\/08\\\/Agenda-ConcertDessine-PedrosacBDVA-1.webp\",\"datePublished\":\"2026-08-19T13:51:44+00:00\",\"dateModified\":\"2026-08-28T07:22:49+00:00\",\"breadcrumb\":{\"@id\":\"https:\\\/\\\/www.anima-productions.com\\\/_clients\\\/faiteslire\\\/evenements\\\/concert-dessine\\\/#breadcrumb\"},\"inLanguage\":\"fr-FR\",\"potentialAction\":[{\"@type\":\"ReadAction\",\"target\":[\"https:\\\/\\\/www.anima-productions.com\\\/_clients\\\/faiteslire\\\/evenements\\\/concert-dessine\\\/\"]}]},{\"@type\":\"ImageObject\",\"inLanguage\":\"fr-FR\",\"@id\":\"https:\\\/\\\/www.anima-productions.com\\\/_clients\\\/faiteslire\\\/evenements\\\/concert-dessine\\\/#primaryimage\",\"url\":\"https:\\\/\\\/www.anima-productions.com\\\/_clients\\\/faiteslire\\\/wp-content\\\/uploads\\\/2026\\\/08\\\/Agenda-ConcertDessine-PedrosacBDVA-1.webp\",\"contentUrl\":\"https:\\\/\\\/www.anima-productions.com\\\/_clients\\\/faiteslire\\\/wp-content\\\/uploads\\\/2026\\\/08\\\/Agenda-ConcertDessine-PedrosacBDVA-1.webp\",\"width\":500,\"height\":500},{\"@type\":\"BreadcrumbList\",\"@id\":\"https:\\\/\\\/www.anima-productions.com\\\/_clients\\\/faiteslire\\\/evenements\\\/concert-dessine\\\/#breadcrumb\",\"itemListElement\":[{\"@type\":\"ListItem\",\"position\":1,\"name\":\"Accueil\",\"item\":\"https:\\\/\\\/www.anima-productions.com\\\/_clients\\\/faiteslire\\\/\"},{\"@type\":\"ListItem\",\"position\":2,\"name\":\"Concert dessin\u00e9\"}]},{\"@type\":\"WebSite\",\"@id\":\"https:\\\/\\\/www.anima-productions.com\\\/_clients\\\/faiteslire\\\/#website\",\"url\":\"https:\\\/\\\/www.anima-productions.com\\\/_clients\\\/faiteslire\\\/\",\"name\":\"Faites lire !\",\"description\":\"La f\u00eate de la lecture | Le Mans\",\"potentialAction\":[{\"@type\":\"SearchAction\",\"target\":{\"@type\":\"EntryPoint\",\"urlTemplate\":\"https:\\\/\\\/www.anima-productions.com\\\/_clients\\\/faiteslire\\\/?s={search_term_string}\"},\"query-input\":{\"@type\":\"PropertyValueSpecification\",\"valueRequired\":true,\"valueName\":\"search_term_string\"}}],\"inLanguage\":\"fr-FR\"}]}<\/script>\n<!-- \/ Yoast SEO plugin. -->","yoast_head_json":{"title":"Concert dessin\u00e9 - Faites lire !","robots":{"index":"noindex","follow":"follow","max-snippet":"max-snippet:-1","max-image-preview":"max-image-preview:large","max-video-preview":"max-video-preview:-1"},"og_locale":"fr_FR","og_type":"article","og_title":"Concert dessin\u00e9 - Faites lire !","og_description":"Cyril Pedrosa, auteur majeur de la bande dessin\u00e9e fran\u00e7aise (Portugal, Trois Ombres, L\u2019\u00c2ge d\u2019or), aime explorer la sc\u00e8ne \u00e0 travers le concert dessin\u00e9. Dans ces cr\u00e9ations, le dessin na\u00eet en direct sous les yeux du public et dialogue avec la musique.&nbsp; Des exp\u00e9riences d\u00e9j\u00e0 r\u00e9alis\u00e9es avec Voyou dans Les Royaumes invisibles ou Anne Paceo dans&hellip; Poursuivre la lecture Concert dessin\u00e9","og_url":"https:\/\/www.anima-productions.com\/_clients\/faiteslire\/evenements\/concert-dessine\/","og_site_name":"Faites lire !","article_modified_time":"2026-08-28T07:22:49+00:00","og_image":[{"width":500,"height":500,"url":"https:\/\/www.anima-productions.com\/_clients\/faiteslire\/wp-content\/uploads\/2026\/08\/Agenda-ConcertDessine-PedrosacBDVA-1.webp","type":"image\/webp"}],"twitter_card":"summary_large_image","twitter_misc":{"Dur\u00e9e de lecture estim\u00e9e":"1 minute"},"schema":{"@context":"https:\/\/schema.org","@graph":[{"@type":"WebPage","@id":"https:\/\/www.anima-productions.com\/_clients\/faiteslire\/evenements\/concert-dessine\/","url":"https:\/\/www.anima-productions.com\/_clients\/faiteslire\/evenements\/concert-dessine\/","name":"Concert dessin\u00e9 - Faites lire !","isPartOf":{"@id":"https:\/\/www.anima-productions.com\/_clients\/faiteslire\/#website"},"primaryImageOfPage":{"@id":"https:\/\/www.anima-productions.com\/_clients\/faiteslire\/evenements\/concert-dessine\/#primaryimage"},"image":{"@id":"https:\/\/www.anima-productions.com\/_clients\/faiteslire\/evenements\/concert-dessine\/#primaryimage"},"thumbnailUrl":"https:\/\/www.anima-productions.com\/_clients\/faiteslire\/wp-content\/uploads\/2026\/08\/Agenda-ConcertDessine-PedrosacBDVA-1.webp","datePublished":"2026-08-19T13:51:44+00:00","dateModified":"2026-08-28T07:22:49+00:00","breadcrumb":{"@id":"https:\/\/www.anima-productions.com\/_clients\/faiteslire\/evenements\/concert-dessine\/#breadcrumb"},"inLanguage":"fr-FR","potentialAction":[{"@type":"ReadAction","target":["https:\/\/www.anima-productions.com\/_clients\/faiteslire\/evenements\/concert-dessine\/"]}]},{"@type":"ImageObject","inLanguage":"fr-FR","@id":"https:\/\/www.anima-productions.com\/_clients\/faiteslire\/evenements\/concert-dessine\/#primaryimage","url":"https:\/\/www.anima-productions.com\/_clients\/faiteslire\/wp-content\/uploads\/2026\/08\/Agenda-ConcertDessine-PedrosacBDVA-1.webp","contentUrl":"https:\/\/www.anima-productions.com\/_clients\/faiteslire\/wp-content\/uploads\/2026\/08\/Agenda-ConcertDessine-PedrosacBDVA-1.webp","width":500,"height":500},{"@type":"BreadcrumbList","@id":"https:\/\/www.anima-productions.com\/_clients\/faiteslire\/evenements\/concert-dessine\/#breadcrumb","itemListElement":[{"@type":"ListItem","position":1,"name":"Accueil","item":"https:\/\/www.anima-productions.com\/_clients\/faiteslire\/"},{"@type":"ListItem","position":2,"name":"Concert dessin\u00e9"}]},{"@type":"WebSite","@id":"https:\/\/www.anima-productions.com\/_clients\/faiteslire\/#website","url":"https:\/\/www.anima-productions.com\/_clients\/faiteslire\/","name":"Faites lire !","description":"La f\u00eate de la lecture | Le Mans","potentialAction":[{"@type":"SearchAction","target":{"@type":"EntryPoint","urlTemplate":"https:\/\/www.anima-productions.com\/_clients\/faiteslire\/?s={search_term_string}"},"query-input":{"@type":"PropertyValueSpecification","valueRequired":true,"valueName":"search_term_string"}}],"inLanguage":"fr-FR"}]}},"_links":{"self":[{"href":"https:\/\/www.anima-productions.com\/_clients\/faiteslire\/wp-json\/wp\/v2\/evenement\/1529","targetHints":{"allow":["GET"]}}],"collection":[{"href":"https:\/\/www.anima-productions.com\/_clients\/faiteslire\/wp-json\/wp\/v2\/evenement"}],"about":[{"href":"https:\/\/www.anima-productions.com\/_clients\/faiteslire\/wp-json\/wp\/v2\/types\/evenement"}],"author":[{"embeddable":true,"href":"https:\/\/www.anima-productions.com\/_clients\/faiteslire\/wp-json\/wp\/v2\/users\/4"}],"version-history":[{"count":2,"href":"https:\/\/www.anima-productions.com\/_clients\/faiteslire\/wp-json\/wp\/v2\/evenement\/1529\/revisions"}],"predecessor-version":[{"id":1532,"href":"https:\/\/www.anima-productions.com\/_clients\/faiteslire\/wp-json\/wp\/v2\/evenement\/1529\/revisions\/1532"}],"wp:featuredmedia":[{"embeddable":true,"href":"https:\/\/www.anima-productions.com\/_clients\/faiteslire\/wp-json\/wp\/v2\/media\/1975"}],"wp:attachment":[{"href":"https:\/\/www.anima-productions.com\/_clients\/faiteslire\/wp-json\/wp\/v2\/media?parent=1529"}],"wp:term":[{"taxonomy":"types-evenements","embeddable":true,"href":"https:\/\/www.anima-productions.com\/_clients\/faiteslire\/wp-json\/wp\/v2\/types-evenements?post=1529"},{"taxonomy":"editions","embeddable":true,"href":"https:\/\/www.anima-productions.com\/_clients\/faiteslire\/wp-json\/wp\/v2\/editions?post=1529"},{"taxonomy":"publics","embeddable":true,"href":"https:\/\/www.anima-productions.com\/_clients\/faiteslire\/wp-json\/wp\/v2\/publics?post=1529"},{"taxonomy":"tarifs","embeddable":true,"href":"https:\/\/www.anima-productions.com\/_clients\/faiteslire\/wp-json\/wp\/v2\/tarifs?post=1529"},{"taxonomy":"temporalites","embeddable":true,"href":"https:\/\/www.anima-productions.com\/_clients\/faiteslire\/wp-json\/wp\/v2\/temporalites?post=1529"},{"taxonomy":"handicaps","embeddable":true,"href":"https:\/\/www.anima-productions.com\/_clients\/faiteslire\/wp-json\/wp\/v2\/handicaps?post=1529"}],"curies":[{"name":"wp","href":"https:\/\/api.w.org\/{rel}","templated":true}]}}