{"id":1710,"date":"2026-08-21T10:52:43","date_gmt":"2026-08-21T08:52:43","guid":{"rendered":"https:\/\/www.anima-productions.com\/_clients\/faiteslire\/?post_type=evenement&#038;p=1710"},"modified":"2026-09-01T09:30:23","modified_gmt":"2026-09-01T07:30:23","slug":"remise-du-prix-antoine-de-saint-exupery","status":"publish","type":"evenement","link":"https:\/\/www.anima-productions.com\/_clients\/faiteslire\/evenements\/remise-du-prix-antoine-de-saint-exupery\/","title":{"rendered":"Remise du prix Antoine de Saint-Exup\u00e9ry"},"content":{"rendered":"\n<p class=\"wp-block-paragraph\"><a href=\"https:\/\/www.anima-productions.com\/_clients\/faiteslire\/prix-litteraires\/prix-le-mans-antoine-de-saint-exupery\/\" data-type=\"page\" data-id=\"1647\">Le prix Le Mans &#8211; Antoine de Saint-Exup\u00e9ry<\/a> c\u00e9l\u00e8bre l&rsquo;art de la d\u00e9couverte et r\u00e9compense le meilleur<br>roman de l\u2019ann\u00e9e sur le voyage qu\u2019il soit p\u00e9riple, introspectif, voyage physique \u00e0 travers des paysages inconnus ou oeuvre graphique francophone qui marie l\u2019art visuel et la narration.<\/p>\n","protected":false},"author":4,"featured_media":1959,"menu_order":0,"template":"","types-evenements":[41],"editions":[11],"publics":[29],"tarifs":[13],"temporalites":[31],"handicaps":[],"class_list":["post-1710","evenement","type-evenement","status-publish","has-post-thumbnail","hentry","types-evenements-animations","editions-11","publics-adultes","tarifs-gratuit","temporalites-weekend","entry"],"acf":[],"yoast_head":"<!-- This site is optimized with the Yoast SEO plugin v28.3 - https:\/\/yoast.com\/product\/yoast-seo-wordpress\/ -->\n<title>Remise du prix Antoine de Saint-Exup\u00e9ry - Faites lire !<\/title>\n<meta name=\"robots\" content=\"noindex, follow, max-snippet:-1, max-image-preview:large, max-video-preview:-1\" \/>\n<meta property=\"og:locale\" content=\"fr_FR\" \/>\n<meta property=\"og:type\" content=\"article\" \/>\n<meta property=\"og:title\" content=\"Remise du prix Antoine de Saint-Exup\u00e9ry - Faites lire !\" \/>\n<meta property=\"og:description\" content=\"Le prix Le Mans &#8211; Antoine de Saint-Exup\u00e9ry c\u00e9l\u00e8bre l&rsquo;art de la d\u00e9couverte et r\u00e9compense le meilleurroman de l\u2019ann\u00e9e sur le voyage qu\u2019il soit p\u00e9riple, introspectif, voyage physique \u00e0 travers des paysages inconnus ou oeuvre graphique francophone qui marie l\u2019art visuel et la narration.\" \/>\n<meta property=\"og:url\" content=\"https:\/\/www.anima-productions.com\/_clients\/faiteslire\/evenements\/remise-du-prix-antoine-de-saint-exupery\/\" \/>\n<meta property=\"og:site_name\" content=\"Faites lire !\" \/>\n<meta property=\"article:modified_time\" content=\"2026-09-01T07:30:23+00:00\" \/>\n<meta property=\"og:image\" content=\"https:\/\/www.anima-productions.com\/_clients\/faiteslire\/wp-content\/uploads\/2026\/08\/Agenda-PrixStExupery.webp\" \/>\n\t<meta property=\"og:image:width\" content=\"500\" \/>\n\t<meta property=\"og:image:height\" content=\"500\" \/>\n\t<meta property=\"og:image:type\" content=\"image\/webp\" \/>\n<meta name=\"twitter:card\" content=\"summary_large_image\" \/>\n<meta name=\"twitter:label1\" content=\"Dur\u00e9e de lecture estim\u00e9e\" \/>\n\t<meta name=\"twitter:data1\" content=\"1 minute\" \/>\n<script type=\"application\/ld+json\" class=\"yoast-schema-graph\">{\"@context\":\"https:\\\/\\\/schema.org\",\"@graph\":[{\"@type\":\"WebPage\",\"@id\":\"https:\\\/\\\/www.anima-productions.com\\\/_clients\\\/faiteslire\\\/evenements\\\/remise-du-prix-antoine-de-saint-exupery\\\/\",\"url\":\"https:\\\/\\\/www.anima-productions.com\\\/_clients\\\/faiteslire\\\/evenements\\\/remise-du-prix-antoine-de-saint-exupery\\\/\",\"name\":\"Remise du prix Antoine de Saint-Exup\u00e9ry - Faites lire !\",\"isPartOf\":{\"@id\":\"https:\\\/\\\/www.anima-productions.com\\\/_clients\\\/faiteslire\\\/#website\"},\"primaryImageOfPage\":{\"@id\":\"https:\\\/\\\/www.anima-productions.com\\\/_clients\\\/faiteslire\\\/evenements\\\/remise-du-prix-antoine-de-saint-exupery\\\/#primaryimage\"},\"image\":{\"@id\":\"https:\\\/\\\/www.anima-productions.com\\\/_clients\\\/faiteslire\\\/evenements\\\/remise-du-prix-antoine-de-saint-exupery\\\/#primaryimage\"},\"thumbnailUrl\":\"https:\\\/\\\/www.anima-productions.com\\\/_clients\\\/faiteslire\\\/wp-content\\\/uploads\\\/2026\\\/08\\\/Agenda-PrixStExupery.webp\",\"datePublished\":\"2026-08-21T08:52:43+00:00\",\"dateModified\":\"2026-09-01T07:30:23+00:00\",\"breadcrumb\":{\"@id\":\"https:\\\/\\\/www.anima-productions.com\\\/_clients\\\/faiteslire\\\/evenements\\\/remise-du-prix-antoine-de-saint-exupery\\\/#breadcrumb\"},\"inLanguage\":\"fr-FR\",\"potentialAction\":[{\"@type\":\"ReadAction\",\"target\":[\"https:\\\/\\\/www.anima-productions.com\\\/_clients\\\/faiteslire\\\/evenements\\\/remise-du-prix-antoine-de-saint-exupery\\\/\"]}]},{\"@type\":\"ImageObject\",\"inLanguage\":\"fr-FR\",\"@id\":\"https:\\\/\\\/www.anima-productions.com\\\/_clients\\\/faiteslire\\\/evenements\\\/remise-du-prix-antoine-de-saint-exupery\\\/#primaryimage\",\"url\":\"https:\\\/\\\/www.anima-productions.com\\\/_clients\\\/faiteslire\\\/wp-content\\\/uploads\\\/2026\\\/08\\\/Agenda-PrixStExupery.webp\",\"contentUrl\":\"https:\\\/\\\/www.anima-productions.com\\\/_clients\\\/faiteslire\\\/wp-content\\\/uploads\\\/2026\\\/08\\\/Agenda-PrixStExupery.webp\",\"width\":500,\"height\":500},{\"@type\":\"BreadcrumbList\",\"@id\":\"https:\\\/\\\/www.anima-productions.com\\\/_clients\\\/faiteslire\\\/evenements\\\/remise-du-prix-antoine-de-saint-exupery\\\/#breadcrumb\",\"itemListElement\":[{\"@type\":\"ListItem\",\"position\":1,\"name\":\"Accueil\",\"item\":\"https:\\\/\\\/www.anima-productions.com\\\/_clients\\\/faiteslire\\\/\"},{\"@type\":\"ListItem\",\"position\":2,\"name\":\"Remise du prix Antoine de Saint-Exup\u00e9ry\"}]},{\"@type\":\"WebSite\",\"@id\":\"https:\\\/\\\/www.anima-productions.com\\\/_clients\\\/faiteslire\\\/#website\",\"url\":\"https:\\\/\\\/www.anima-productions.com\\\/_clients\\\/faiteslire\\\/\",\"name\":\"Faites lire !\",\"description\":\"La f\u00eate de la lecture | Le Mans\",\"potentialAction\":[{\"@type\":\"SearchAction\",\"target\":{\"@type\":\"EntryPoint\",\"urlTemplate\":\"https:\\\/\\\/www.anima-productions.com\\\/_clients\\\/faiteslire\\\/?s={search_term_string}\"},\"query-input\":{\"@type\":\"PropertyValueSpecification\",\"valueRequired\":true,\"valueName\":\"search_term_string\"}}],\"inLanguage\":\"fr-FR\"}]}<\/script>\n<!-- \/ Yoast SEO plugin. -->","yoast_head_json":{"title":"Remise du prix Antoine de Saint-Exup\u00e9ry - Faites lire !","robots":{"index":"noindex","follow":"follow","max-snippet":"max-snippet:-1","max-image-preview":"max-image-preview:large","max-video-preview":"max-video-preview:-1"},"og_locale":"fr_FR","og_type":"article","og_title":"Remise du prix Antoine de Saint-Exup\u00e9ry - Faites lire !","og_description":"Le prix Le Mans &#8211; Antoine de Saint-Exup\u00e9ry c\u00e9l\u00e8bre l&rsquo;art de la d\u00e9couverte et r\u00e9compense le meilleurroman de l\u2019ann\u00e9e sur le voyage qu\u2019il soit p\u00e9riple, introspectif, voyage physique \u00e0 travers des paysages inconnus ou oeuvre graphique francophone qui marie l\u2019art visuel et la narration.","og_url":"https:\/\/www.anima-productions.com\/_clients\/faiteslire\/evenements\/remise-du-prix-antoine-de-saint-exupery\/","og_site_name":"Faites lire !","article_modified_time":"2026-09-01T07:30:23+00:00","og_image":[{"width":500,"height":500,"url":"https:\/\/www.anima-productions.com\/_clients\/faiteslire\/wp-content\/uploads\/2026\/08\/Agenda-PrixStExupery.webp","type":"image\/webp"}],"twitter_card":"summary_large_image","twitter_misc":{"Dur\u00e9e de lecture estim\u00e9e":"1 minute"},"schema":{"@context":"https:\/\/schema.org","@graph":[{"@type":"WebPage","@id":"https:\/\/www.anima-productions.com\/_clients\/faiteslire\/evenements\/remise-du-prix-antoine-de-saint-exupery\/","url":"https:\/\/www.anima-productions.com\/_clients\/faiteslire\/evenements\/remise-du-prix-antoine-de-saint-exupery\/","name":"Remise du prix Antoine de Saint-Exup\u00e9ry - Faites lire !","isPartOf":{"@id":"https:\/\/www.anima-productions.com\/_clients\/faiteslire\/#website"},"primaryImageOfPage":{"@id":"https:\/\/www.anima-productions.com\/_clients\/faiteslire\/evenements\/remise-du-prix-antoine-de-saint-exupery\/#primaryimage"},"image":{"@id":"https:\/\/www.anima-productions.com\/_clients\/faiteslire\/evenements\/remise-du-prix-antoine-de-saint-exupery\/#primaryimage"},"thumbnailUrl":"https:\/\/www.anima-productions.com\/_clients\/faiteslire\/wp-content\/uploads\/2026\/08\/Agenda-PrixStExupery.webp","datePublished":"2026-08-21T08:52:43+00:00","dateModified":"2026-09-01T07:30:23+00:00","breadcrumb":{"@id":"https:\/\/www.anima-productions.com\/_clients\/faiteslire\/evenements\/remise-du-prix-antoine-de-saint-exupery\/#breadcrumb"},"inLanguage":"fr-FR","potentialAction":[{"@type":"ReadAction","target":["https:\/\/www.anima-productions.com\/_clients\/faiteslire\/evenements\/remise-du-prix-antoine-de-saint-exupery\/"]}]},{"@type":"ImageObject","inLanguage":"fr-FR","@id":"https:\/\/www.anima-productions.com\/_clients\/faiteslire\/evenements\/remise-du-prix-antoine-de-saint-exupery\/#primaryimage","url":"https:\/\/www.anima-productions.com\/_clients\/faiteslire\/wp-content\/uploads\/2026\/08\/Agenda-PrixStExupery.webp","contentUrl":"https:\/\/www.anima-productions.com\/_clients\/faiteslire\/wp-content\/uploads\/2026\/08\/Agenda-PrixStExupery.webp","width":500,"height":500},{"@type":"BreadcrumbList","@id":"https:\/\/www.anima-productions.com\/_clients\/faiteslire\/evenements\/remise-du-prix-antoine-de-saint-exupery\/#breadcrumb","itemListElement":[{"@type":"ListItem","position":1,"name":"Accueil","item":"https:\/\/www.anima-productions.com\/_clients\/faiteslire\/"},{"@type":"ListItem","position":2,"name":"Remise du prix Antoine de Saint-Exup\u00e9ry"}]},{"@type":"WebSite","@id":"https:\/\/www.anima-productions.com\/_clients\/faiteslire\/#website","url":"https:\/\/www.anima-productions.com\/_clients\/faiteslire\/","name":"Faites lire !","description":"La f\u00eate de la lecture | Le Mans","potentialAction":[{"@type":"SearchAction","target":{"@type":"EntryPoint","urlTemplate":"https:\/\/www.anima-productions.com\/_clients\/faiteslire\/?s={search_term_string}"},"query-input":{"@type":"PropertyValueSpecification","valueRequired":true,"valueName":"search_term_string"}}],"inLanguage":"fr-FR"}]}},"_links":{"self":[{"href":"https:\/\/www.anima-productions.com\/_clients\/faiteslire\/wp-json\/wp\/v2\/evenement\/1710","targetHints":{"allow":["GET"]}}],"collection":[{"href":"https:\/\/www.anima-productions.com\/_clients\/faiteslire\/wp-json\/wp\/v2\/evenement"}],"about":[{"href":"https:\/\/www.anima-productions.com\/_clients\/faiteslire\/wp-json\/wp\/v2\/types\/evenement"}],"author":[{"embeddable":true,"href":"https:\/\/www.anima-productions.com\/_clients\/faiteslire\/wp-json\/wp\/v2\/users\/4"}],"version-history":[{"count":1,"href":"https:\/\/www.anima-productions.com\/_clients\/faiteslire\/wp-json\/wp\/v2\/evenement\/1710\/revisions"}],"predecessor-version":[{"id":1711,"href":"https:\/\/www.anima-productions.com\/_clients\/faiteslire\/wp-json\/wp\/v2\/evenement\/1710\/revisions\/1711"}],"wp:featuredmedia":[{"embeddable":true,"href":"https:\/\/www.anima-productions.com\/_clients\/faiteslire\/wp-json\/wp\/v2\/media\/1959"}],"wp:attachment":[{"href":"https:\/\/www.anima-productions.com\/_clients\/faiteslire\/wp-json\/wp\/v2\/media?parent=1710"}],"wp:term":[{"taxonomy":"types-evenements","embeddable":true,"href":"https:\/\/www.anima-productions.com\/_clients\/faiteslire\/wp-json\/wp\/v2\/types-evenements?post=1710"},{"taxonomy":"editions","embeddable":true,"href":"https:\/\/www.anima-productions.com\/_clients\/faiteslire\/wp-json\/wp\/v2\/editions?post=1710"},{"taxonomy":"publics","embeddable":true,"href":"https:\/\/www.anima-productions.com\/_clients\/faiteslire\/wp-json\/wp\/v2\/publics?post=1710"},{"taxonomy":"tarifs","embeddable":true,"href":"https:\/\/www.anima-productions.com\/_clients\/faiteslire\/wp-json\/wp\/v2\/tarifs?post=1710"},{"taxonomy":"temporalites","embeddable":true,"href":"https:\/\/www.anima-productions.com\/_clients\/faiteslire\/wp-json\/wp\/v2\/temporalites?post=1710"},{"taxonomy":"handicaps","embeddable":true,"href":"https:\/\/www.anima-productions.com\/_clients\/faiteslire\/wp-json\/wp\/v2\/handicaps?post=1710"}],"curies":[{"name":"wp","href":"https:\/\/api.w.org\/{rel}","templated":true}]}}