{"id":2057,"date":"2026-08-27T20:39:46","date_gmt":"2026-08-27T18:39:46","guid":{"rendered":"https:\/\/www.anima-productions.com\/_clients\/faiteslire\/?post_type=evenement&#038;p=2057"},"modified":"2026-08-28T09:22:36","modified_gmt":"2026-08-28T07:22:36","slug":"ateliers-sur-le-m-u-r","status":"publish","type":"evenement","link":"https:\/\/www.anima-productions.com\/_clients\/faiteslire\/evenements\/ateliers-sur-le-m-u-r\/","title":{"rendered":"Ateliers sur le M.U.R"},"content":{"rendered":"<div class=\"FL26_ENCADRE\"><p>Ces ateliers sont r\u00e9serv\u00e9s aux jeunes et enfants du dispositif CLEAC (Contrat local d&rsquo;\u00e9ducation artistique et culturelle) de Le Mans M\u00e9tropole.<\/p>\n<\/div>\n\n\n<p class=\"wp-block-paragraph\">Lundi, mardi, jeudi et vendredi les jeunes du <a href=\"https:\/\/www.lemansmetropole.fr\/mon-quotidien\/solidarite-et-sante\/cleac\" data-type=\"link\" data-id=\"https:\/\/www.lemansmetropole.fr\/mon-quotidien\/solidarite-et-sante\/cleac\">dispositif CLEAC<\/a> et une classe de CE1 de l&rsquo;\u00e9cole Garnier Pag\u00e8s participent \u00e0 des ateliers pour \u00ab\u00a0habiller\u00a0\u00bb le verso du <a href=\"https:\/\/www.anima-productions.com\/_clients\/faiteslire\/evenements\/m-u-r-plein-champ\/\" data-type=\"evenement\" data-id=\"1111\">M.U.R r\u00e9alis\u00e9 par Nora Simon<\/a>.<\/p>\n\n\n\n<p class=\"wp-block-paragraph\">Ce dispositif permet aux jeunes de travailler collectivement pour exprimer leur cr\u00e9ativit\u00e9, accompagn\u00e9s par l&rsquo;artiste.<\/p>\n","protected":false},"author":4,"featured_media":1991,"menu_order":0,"template":"","types-evenements":[41],"editions":[11],"publics":[43,27],"tarifs":[13],"temporalites":[30],"handicaps":[],"class_list":["post-2057","evenement","type-evenement","status-publish","has-post-thumbnail","hentry","types-evenements-animations","editions-11","publics-ados","publics-jeunesse","tarifs-gratuit","temporalites-semaine","entry"],"acf":[],"yoast_head":"<!-- This site is optimized with the Yoast SEO plugin v28.3 - https:\/\/yoast.com\/product\/yoast-seo-wordpress\/ -->\n<title>Ateliers sur le M.U.R - Faites lire !<\/title>\n<meta name=\"robots\" content=\"noindex, follow, max-snippet:-1, max-image-preview:large, max-video-preview:-1\" \/>\n<meta property=\"og:locale\" content=\"fr_FR\" \/>\n<meta property=\"og:type\" content=\"article\" \/>\n<meta property=\"og:title\" content=\"Ateliers sur le M.U.R - Faites lire !\" \/>\n<meta property=\"og:description\" content=\"Lundi, mardi, jeudi et vendredi les jeunes du dispositif CLEAC et une classe de CE1 de l&rsquo;\u00e9cole Garnier Pag\u00e8s participent \u00e0 des ateliers pour \u00ab\u00a0habiller\u00a0\u00bb le verso du M.U.R r\u00e9alis\u00e9 par Nora Simon. Ce dispositif permet aux jeunes de travailler collectivement pour exprimer leur cr\u00e9ativit\u00e9, accompagn\u00e9s par l&rsquo;artiste.\" \/>\n<meta property=\"og:url\" content=\"https:\/\/www.anima-productions.com\/_clients\/faiteslire\/evenements\/ateliers-sur-le-m-u-r\/\" \/>\n<meta property=\"og:site_name\" content=\"Faites lire !\" \/>\n<meta property=\"article:modified_time\" content=\"2026-08-28T07:22:36+00:00\" \/>\n<meta property=\"og:image\" content=\"https:\/\/www.anima-productions.com\/_clients\/faiteslire\/wp-content\/uploads\/2026\/08\/Agenda-FaitesLire.webp\" \/>\n\t<meta property=\"og:image:width\" content=\"500\" \/>\n\t<meta property=\"og:image:height\" content=\"500\" \/>\n\t<meta property=\"og:image:type\" content=\"image\/webp\" \/>\n<meta name=\"twitter:card\" content=\"summary_large_image\" \/>\n<meta name=\"twitter:label1\" content=\"Dur\u00e9e de lecture estim\u00e9e\" \/>\n\t<meta name=\"twitter:data1\" content=\"1 minute\" \/>\n<script type=\"application\/ld+json\" class=\"yoast-schema-graph\">{\"@context\":\"https:\\\/\\\/schema.org\",\"@graph\":[{\"@type\":\"WebPage\",\"@id\":\"https:\\\/\\\/www.anima-productions.com\\\/_clients\\\/faiteslire\\\/evenements\\\/ateliers-sur-le-m-u-r\\\/\",\"url\":\"https:\\\/\\\/www.anima-productions.com\\\/_clients\\\/faiteslire\\\/evenements\\\/ateliers-sur-le-m-u-r\\\/\",\"name\":\"Ateliers sur le M.U.R - Faites lire !\",\"isPartOf\":{\"@id\":\"https:\\\/\\\/www.anima-productions.com\\\/_clients\\\/faiteslire\\\/#website\"},\"primaryImageOfPage\":{\"@id\":\"https:\\\/\\\/www.anima-productions.com\\\/_clients\\\/faiteslire\\\/evenements\\\/ateliers-sur-le-m-u-r\\\/#primaryimage\"},\"image\":{\"@id\":\"https:\\\/\\\/www.anima-productions.com\\\/_clients\\\/faiteslire\\\/evenements\\\/ateliers-sur-le-m-u-r\\\/#primaryimage\"},\"thumbnailUrl\":\"https:\\\/\\\/www.anima-productions.com\\\/_clients\\\/faiteslire\\\/wp-content\\\/uploads\\\/2026\\\/08\\\/Agenda-FaitesLire.webp\",\"datePublished\":\"2026-08-27T18:39:46+00:00\",\"dateModified\":\"2026-08-28T07:22:36+00:00\",\"breadcrumb\":{\"@id\":\"https:\\\/\\\/www.anima-productions.com\\\/_clients\\\/faiteslire\\\/evenements\\\/ateliers-sur-le-m-u-r\\\/#breadcrumb\"},\"inLanguage\":\"fr-FR\",\"potentialAction\":[{\"@type\":\"ReadAction\",\"target\":[\"https:\\\/\\\/www.anima-productions.com\\\/_clients\\\/faiteslire\\\/evenements\\\/ateliers-sur-le-m-u-r\\\/\"]}]},{\"@type\":\"ImageObject\",\"inLanguage\":\"fr-FR\",\"@id\":\"https:\\\/\\\/www.anima-productions.com\\\/_clients\\\/faiteslire\\\/evenements\\\/ateliers-sur-le-m-u-r\\\/#primaryimage\",\"url\":\"https:\\\/\\\/www.anima-productions.com\\\/_clients\\\/faiteslire\\\/wp-content\\\/uploads\\\/2026\\\/08\\\/Agenda-FaitesLire.webp\",\"contentUrl\":\"https:\\\/\\\/www.anima-productions.com\\\/_clients\\\/faiteslire\\\/wp-content\\\/uploads\\\/2026\\\/08\\\/Agenda-FaitesLire.webp\",\"width\":500,\"height\":500},{\"@type\":\"BreadcrumbList\",\"@id\":\"https:\\\/\\\/www.anima-productions.com\\\/_clients\\\/faiteslire\\\/evenements\\\/ateliers-sur-le-m-u-r\\\/#breadcrumb\",\"itemListElement\":[{\"@type\":\"ListItem\",\"position\":1,\"name\":\"Accueil\",\"item\":\"https:\\\/\\\/www.anima-productions.com\\\/_clients\\\/faiteslire\\\/\"},{\"@type\":\"ListItem\",\"position\":2,\"name\":\"Ateliers sur le M.U.R\"}]},{\"@type\":\"WebSite\",\"@id\":\"https:\\\/\\\/www.anima-productions.com\\\/_clients\\\/faiteslire\\\/#website\",\"url\":\"https:\\\/\\\/www.anima-productions.com\\\/_clients\\\/faiteslire\\\/\",\"name\":\"Faites lire !\",\"description\":\"La f\u00eate de la lecture | Le Mans\",\"potentialAction\":[{\"@type\":\"SearchAction\",\"target\":{\"@type\":\"EntryPoint\",\"urlTemplate\":\"https:\\\/\\\/www.anima-productions.com\\\/_clients\\\/faiteslire\\\/?s={search_term_string}\"},\"query-input\":{\"@type\":\"PropertyValueSpecification\",\"valueRequired\":true,\"valueName\":\"search_term_string\"}}],\"inLanguage\":\"fr-FR\"}]}<\/script>\n<!-- \/ Yoast SEO plugin. -->","yoast_head_json":{"title":"Ateliers sur le M.U.R - Faites lire !","robots":{"index":"noindex","follow":"follow","max-snippet":"max-snippet:-1","max-image-preview":"max-image-preview:large","max-video-preview":"max-video-preview:-1"},"og_locale":"fr_FR","og_type":"article","og_title":"Ateliers sur le M.U.R - Faites lire !","og_description":"Lundi, mardi, jeudi et vendredi les jeunes du dispositif CLEAC et une classe de CE1 de l&rsquo;\u00e9cole Garnier Pag\u00e8s participent \u00e0 des ateliers pour \u00ab\u00a0habiller\u00a0\u00bb le verso du M.U.R r\u00e9alis\u00e9 par Nora Simon. Ce dispositif permet aux jeunes de travailler collectivement pour exprimer leur cr\u00e9ativit\u00e9, accompagn\u00e9s par l&rsquo;artiste.","og_url":"https:\/\/www.anima-productions.com\/_clients\/faiteslire\/evenements\/ateliers-sur-le-m-u-r\/","og_site_name":"Faites lire !","article_modified_time":"2026-08-28T07:22:36+00:00","og_image":[{"width":500,"height":500,"url":"https:\/\/www.anima-productions.com\/_clients\/faiteslire\/wp-content\/uploads\/2026\/08\/Agenda-FaitesLire.webp","type":"image\/webp"}],"twitter_card":"summary_large_image","twitter_misc":{"Dur\u00e9e de lecture estim\u00e9e":"1 minute"},"schema":{"@context":"https:\/\/schema.org","@graph":[{"@type":"WebPage","@id":"https:\/\/www.anima-productions.com\/_clients\/faiteslire\/evenements\/ateliers-sur-le-m-u-r\/","url":"https:\/\/www.anima-productions.com\/_clients\/faiteslire\/evenements\/ateliers-sur-le-m-u-r\/","name":"Ateliers sur le M.U.R - Faites lire !","isPartOf":{"@id":"https:\/\/www.anima-productions.com\/_clients\/faiteslire\/#website"},"primaryImageOfPage":{"@id":"https:\/\/www.anima-productions.com\/_clients\/faiteslire\/evenements\/ateliers-sur-le-m-u-r\/#primaryimage"},"image":{"@id":"https:\/\/www.anima-productions.com\/_clients\/faiteslire\/evenements\/ateliers-sur-le-m-u-r\/#primaryimage"},"thumbnailUrl":"https:\/\/www.anima-productions.com\/_clients\/faiteslire\/wp-content\/uploads\/2026\/08\/Agenda-FaitesLire.webp","datePublished":"2026-08-27T18:39:46+00:00","dateModified":"2026-08-28T07:22:36+00:00","breadcrumb":{"@id":"https:\/\/www.anima-productions.com\/_clients\/faiteslire\/evenements\/ateliers-sur-le-m-u-r\/#breadcrumb"},"inLanguage":"fr-FR","potentialAction":[{"@type":"ReadAction","target":["https:\/\/www.anima-productions.com\/_clients\/faiteslire\/evenements\/ateliers-sur-le-m-u-r\/"]}]},{"@type":"ImageObject","inLanguage":"fr-FR","@id":"https:\/\/www.anima-productions.com\/_clients\/faiteslire\/evenements\/ateliers-sur-le-m-u-r\/#primaryimage","url":"https:\/\/www.anima-productions.com\/_clients\/faiteslire\/wp-content\/uploads\/2026\/08\/Agenda-FaitesLire.webp","contentUrl":"https:\/\/www.anima-productions.com\/_clients\/faiteslire\/wp-content\/uploads\/2026\/08\/Agenda-FaitesLire.webp","width":500,"height":500},{"@type":"BreadcrumbList","@id":"https:\/\/www.anima-productions.com\/_clients\/faiteslire\/evenements\/ateliers-sur-le-m-u-r\/#breadcrumb","itemListElement":[{"@type":"ListItem","position":1,"name":"Accueil","item":"https:\/\/www.anima-productions.com\/_clients\/faiteslire\/"},{"@type":"ListItem","position":2,"name":"Ateliers sur le M.U.R"}]},{"@type":"WebSite","@id":"https:\/\/www.anima-productions.com\/_clients\/faiteslire\/#website","url":"https:\/\/www.anima-productions.com\/_clients\/faiteslire\/","name":"Faites lire !","description":"La f\u00eate de la lecture | Le Mans","potentialAction":[{"@type":"SearchAction","target":{"@type":"EntryPoint","urlTemplate":"https:\/\/www.anima-productions.com\/_clients\/faiteslire\/?s={search_term_string}"},"query-input":{"@type":"PropertyValueSpecification","valueRequired":true,"valueName":"search_term_string"}}],"inLanguage":"fr-FR"}]}},"_links":{"self":[{"href":"https:\/\/www.anima-productions.com\/_clients\/faiteslire\/wp-json\/wp\/v2\/evenement\/2057","targetHints":{"allow":["GET"]}}],"collection":[{"href":"https:\/\/www.anima-productions.com\/_clients\/faiteslire\/wp-json\/wp\/v2\/evenement"}],"about":[{"href":"https:\/\/www.anima-productions.com\/_clients\/faiteslire\/wp-json\/wp\/v2\/types\/evenement"}],"author":[{"embeddable":true,"href":"https:\/\/www.anima-productions.com\/_clients\/faiteslire\/wp-json\/wp\/v2\/users\/4"}],"version-history":[{"count":2,"href":"https:\/\/www.anima-productions.com\/_clients\/faiteslire\/wp-json\/wp\/v2\/evenement\/2057\/revisions"}],"predecessor-version":[{"id":2059,"href":"https:\/\/www.anima-productions.com\/_clients\/faiteslire\/wp-json\/wp\/v2\/evenement\/2057\/revisions\/2059"}],"wp:featuredmedia":[{"embeddable":true,"href":"https:\/\/www.anima-productions.com\/_clients\/faiteslire\/wp-json\/wp\/v2\/media\/1991"}],"wp:attachment":[{"href":"https:\/\/www.anima-productions.com\/_clients\/faiteslire\/wp-json\/wp\/v2\/media?parent=2057"}],"wp:term":[{"taxonomy":"types-evenements","embeddable":true,"href":"https:\/\/www.anima-productions.com\/_clients\/faiteslire\/wp-json\/wp\/v2\/types-evenements?post=2057"},{"taxonomy":"editions","embeddable":true,"href":"https:\/\/www.anima-productions.com\/_clients\/faiteslire\/wp-json\/wp\/v2\/editions?post=2057"},{"taxonomy":"publics","embeddable":true,"href":"https:\/\/www.anima-productions.com\/_clients\/faiteslire\/wp-json\/wp\/v2\/publics?post=2057"},{"taxonomy":"tarifs","embeddable":true,"href":"https:\/\/www.anima-productions.com\/_clients\/faiteslire\/wp-json\/wp\/v2\/tarifs?post=2057"},{"taxonomy":"temporalites","embeddable":true,"href":"https:\/\/www.anima-productions.com\/_clients\/faiteslire\/wp-json\/wp\/v2\/temporalites?post=2057"},{"taxonomy":"handicaps","embeddable":true,"href":"https:\/\/www.anima-productions.com\/_clients\/faiteslire\/wp-json\/wp\/v2\/handicaps?post=2057"}],"curies":[{"name":"wp","href":"https:\/\/api.w.org\/{rel}","templated":true}]}}