{"id":670,"date":"2026-06-01T15:18:44","date_gmt":"2026-06-01T13:18:44","guid":{"rendered":"https:\/\/www.anima-productions.com\/_clients\/faiteslire\/?post_type=lieu&#038;p=670"},"modified":"2026-08-28T08:01:04","modified_gmt":"2026-08-28T06:01:04","slug":"collegiale-saint-pierre-la-cour","status":"publish","type":"lieu","link":"https:\/\/www.anima-productions.com\/_clients\/faiteslire\/lieux\/collegiale-saint-pierre-la-cour\/","title":{"rendered":"Coll\u00e9giale Saint-Pierre-la-Cour"},"content":{"rendered":"\n<p class=\"wp-block-paragraph\">T\u00e9moin de l&rsquo;histoire mancelle (ancienne chapelle seigneuriale des Comtes du Maine), cet \u00e9difice du XIII<sup>e<\/sup> si\u00e8cle abrite certaines expositions organis\u00e9es par la Ville du Mans, des concerts ou des manifestations culturelles. <\/p>\n\n\n\n<p class=\"wp-block-paragraph\">Transform\u00e9e en arsenal \u00e0 la R\u00e9volution Fran\u00e7aise puis en \u00e9cole, la coll\u00e9giale est class\u00e9e monument historique en 1889.<\/p>\n","protected":false},"author":1,"featured_media":1892,"menu_order":0,"template":"","class_list":["post-670","lieu","type-lieu","status-publish","has-post-thumbnail","hentry","entry"],"acf":[],"yoast_head":"<!-- This site is optimized with the Yoast SEO plugin v28.3 - https:\/\/yoast.com\/product\/yoast-seo-wordpress\/ -->\n<title>Coll\u00e9giale Saint-Pierre-la-Cour - Faites lire !<\/title>\n<meta name=\"robots\" content=\"noindex, follow, max-snippet:-1, max-image-preview:large, max-video-preview:-1\" \/>\n<meta property=\"og:locale\" content=\"fr_FR\" \/>\n<meta property=\"og:type\" content=\"article\" \/>\n<meta property=\"og:title\" content=\"Coll\u00e9giale Saint-Pierre-la-Cour - Faites lire !\" \/>\n<meta property=\"og:description\" content=\"T\u00e9moin de l&rsquo;histoire mancelle (ancienne chapelle seigneuriale des Comtes du Maine), cet \u00e9difice du XIIIe si\u00e8cle abrite certaines expositions organis\u00e9es par la Ville du Mans, des concerts ou des manifestations culturelles. Transform\u00e9e en arsenal \u00e0 la R\u00e9volution Fran\u00e7aise puis en \u00e9cole, la coll\u00e9giale est class\u00e9e monument historique en 1889.\" \/>\n<meta property=\"og:url\" content=\"https:\/\/www.anima-productions.com\/_clients\/faiteslire\/lieux\/collegiale-saint-pierre-la-cour\/\" \/>\n<meta property=\"og:site_name\" content=\"Faites lire !\" \/>\n<meta property=\"article:modified_time\" content=\"2026-08-28T06:01:04+00:00\" \/>\n<meta property=\"og:image\" content=\"https:\/\/www.anima-productions.com\/_clients\/faiteslire\/wp-content\/uploads\/2026\/08\/Lieux-Collegiale-St-Pierre.webp\" \/>\n\t<meta property=\"og:image:width\" content=\"500\" \/>\n\t<meta property=\"og:image:height\" content=\"500\" \/>\n\t<meta property=\"og:image:type\" content=\"image\/webp\" \/>\n<meta name=\"twitter:card\" content=\"summary_large_image\" \/>\n<meta name=\"twitter:label1\" content=\"Dur\u00e9e de lecture estim\u00e9e\" \/>\n\t<meta name=\"twitter:data1\" content=\"1 minute\" \/>\n<script type=\"application\/ld+json\" class=\"yoast-schema-graph\">{\"@context\":\"https:\\\/\\\/schema.org\",\"@graph\":[{\"@type\":\"WebPage\",\"@id\":\"https:\\\/\\\/www.anima-productions.com\\\/_clients\\\/faiteslire\\\/lieux\\\/collegiale-saint-pierre-la-cour\\\/\",\"url\":\"https:\\\/\\\/www.anima-productions.com\\\/_clients\\\/faiteslire\\\/lieux\\\/collegiale-saint-pierre-la-cour\\\/\",\"name\":\"Coll\u00e9giale Saint-Pierre-la-Cour - Faites lire !\",\"isPartOf\":{\"@id\":\"https:\\\/\\\/www.anima-productions.com\\\/_clients\\\/faiteslire\\\/#website\"},\"primaryImageOfPage\":{\"@id\":\"https:\\\/\\\/www.anima-productions.com\\\/_clients\\\/faiteslire\\\/lieux\\\/collegiale-saint-pierre-la-cour\\\/#primaryimage\"},\"image\":{\"@id\":\"https:\\\/\\\/www.anima-productions.com\\\/_clients\\\/faiteslire\\\/lieux\\\/collegiale-saint-pierre-la-cour\\\/#primaryimage\"},\"thumbnailUrl\":\"https:\\\/\\\/www.anima-productions.com\\\/_clients\\\/faiteslire\\\/wp-content\\\/uploads\\\/2026\\\/08\\\/Lieux-Collegiale-St-Pierre.webp\",\"datePublished\":\"2026-06-01T13:18:44+00:00\",\"dateModified\":\"2026-08-28T06:01:04+00:00\",\"breadcrumb\":{\"@id\":\"https:\\\/\\\/www.anima-productions.com\\\/_clients\\\/faiteslire\\\/lieux\\\/collegiale-saint-pierre-la-cour\\\/#breadcrumb\"},\"inLanguage\":\"fr-FR\",\"potentialAction\":[{\"@type\":\"ReadAction\",\"target\":[\"https:\\\/\\\/www.anima-productions.com\\\/_clients\\\/faiteslire\\\/lieux\\\/collegiale-saint-pierre-la-cour\\\/\"]}]},{\"@type\":\"ImageObject\",\"inLanguage\":\"fr-FR\",\"@id\":\"https:\\\/\\\/www.anima-productions.com\\\/_clients\\\/faiteslire\\\/lieux\\\/collegiale-saint-pierre-la-cour\\\/#primaryimage\",\"url\":\"https:\\\/\\\/www.anima-productions.com\\\/_clients\\\/faiteslire\\\/wp-content\\\/uploads\\\/2026\\\/08\\\/Lieux-Collegiale-St-Pierre.webp\",\"contentUrl\":\"https:\\\/\\\/www.anima-productions.com\\\/_clients\\\/faiteslire\\\/wp-content\\\/uploads\\\/2026\\\/08\\\/Lieux-Collegiale-St-Pierre.webp\",\"width\":500,\"height\":500},{\"@type\":\"BreadcrumbList\",\"@id\":\"https:\\\/\\\/www.anima-productions.com\\\/_clients\\\/faiteslire\\\/lieux\\\/collegiale-saint-pierre-la-cour\\\/#breadcrumb\",\"itemListElement\":[{\"@type\":\"ListItem\",\"position\":1,\"name\":\"Accueil\",\"item\":\"https:\\\/\\\/www.anima-productions.com\\\/_clients\\\/faiteslire\\\/\"},{\"@type\":\"ListItem\",\"position\":2,\"name\":\"Coll\u00e9giale Saint-Pierre-la-Cour\"}]},{\"@type\":\"WebSite\",\"@id\":\"https:\\\/\\\/www.anima-productions.com\\\/_clients\\\/faiteslire\\\/#website\",\"url\":\"https:\\\/\\\/www.anima-productions.com\\\/_clients\\\/faiteslire\\\/\",\"name\":\"Faites lire !\",\"description\":\"La f\u00eate de la lecture | Le Mans\",\"potentialAction\":[{\"@type\":\"SearchAction\",\"target\":{\"@type\":\"EntryPoint\",\"urlTemplate\":\"https:\\\/\\\/www.anima-productions.com\\\/_clients\\\/faiteslire\\\/?s={search_term_string}\"},\"query-input\":{\"@type\":\"PropertyValueSpecification\",\"valueRequired\":true,\"valueName\":\"search_term_string\"}}],\"inLanguage\":\"fr-FR\"}]}<\/script>\n<!-- \/ Yoast SEO plugin. -->","yoast_head_json":{"title":"Coll\u00e9giale Saint-Pierre-la-Cour - Faites lire !","robots":{"index":"noindex","follow":"follow","max-snippet":"max-snippet:-1","max-image-preview":"max-image-preview:large","max-video-preview":"max-video-preview:-1"},"og_locale":"fr_FR","og_type":"article","og_title":"Coll\u00e9giale Saint-Pierre-la-Cour - Faites lire !","og_description":"T\u00e9moin de l&rsquo;histoire mancelle (ancienne chapelle seigneuriale des Comtes du Maine), cet \u00e9difice du XIIIe si\u00e8cle abrite certaines expositions organis\u00e9es par la Ville du Mans, des concerts ou des manifestations culturelles. Transform\u00e9e en arsenal \u00e0 la R\u00e9volution Fran\u00e7aise puis en \u00e9cole, la coll\u00e9giale est class\u00e9e monument historique en 1889.","og_url":"https:\/\/www.anima-productions.com\/_clients\/faiteslire\/lieux\/collegiale-saint-pierre-la-cour\/","og_site_name":"Faites lire !","article_modified_time":"2026-08-28T06:01:04+00:00","og_image":[{"width":500,"height":500,"url":"https:\/\/www.anima-productions.com\/_clients\/faiteslire\/wp-content\/uploads\/2026\/08\/Lieux-Collegiale-St-Pierre.webp","type":"image\/webp"}],"twitter_card":"summary_large_image","twitter_misc":{"Dur\u00e9e de lecture estim\u00e9e":"1 minute"},"schema":{"@context":"https:\/\/schema.org","@graph":[{"@type":"WebPage","@id":"https:\/\/www.anima-productions.com\/_clients\/faiteslire\/lieux\/collegiale-saint-pierre-la-cour\/","url":"https:\/\/www.anima-productions.com\/_clients\/faiteslire\/lieux\/collegiale-saint-pierre-la-cour\/","name":"Coll\u00e9giale Saint-Pierre-la-Cour - Faites lire !","isPartOf":{"@id":"https:\/\/www.anima-productions.com\/_clients\/faiteslire\/#website"},"primaryImageOfPage":{"@id":"https:\/\/www.anima-productions.com\/_clients\/faiteslire\/lieux\/collegiale-saint-pierre-la-cour\/#primaryimage"},"image":{"@id":"https:\/\/www.anima-productions.com\/_clients\/faiteslire\/lieux\/collegiale-saint-pierre-la-cour\/#primaryimage"},"thumbnailUrl":"https:\/\/www.anima-productions.com\/_clients\/faiteslire\/wp-content\/uploads\/2026\/08\/Lieux-Collegiale-St-Pierre.webp","datePublished":"2026-06-01T13:18:44+00:00","dateModified":"2026-08-28T06:01:04+00:00","breadcrumb":{"@id":"https:\/\/www.anima-productions.com\/_clients\/faiteslire\/lieux\/collegiale-saint-pierre-la-cour\/#breadcrumb"},"inLanguage":"fr-FR","potentialAction":[{"@type":"ReadAction","target":["https:\/\/www.anima-productions.com\/_clients\/faiteslire\/lieux\/collegiale-saint-pierre-la-cour\/"]}]},{"@type":"ImageObject","inLanguage":"fr-FR","@id":"https:\/\/www.anima-productions.com\/_clients\/faiteslire\/lieux\/collegiale-saint-pierre-la-cour\/#primaryimage","url":"https:\/\/www.anima-productions.com\/_clients\/faiteslire\/wp-content\/uploads\/2026\/08\/Lieux-Collegiale-St-Pierre.webp","contentUrl":"https:\/\/www.anima-productions.com\/_clients\/faiteslire\/wp-content\/uploads\/2026\/08\/Lieux-Collegiale-St-Pierre.webp","width":500,"height":500},{"@type":"BreadcrumbList","@id":"https:\/\/www.anima-productions.com\/_clients\/faiteslire\/lieux\/collegiale-saint-pierre-la-cour\/#breadcrumb","itemListElement":[{"@type":"ListItem","position":1,"name":"Accueil","item":"https:\/\/www.anima-productions.com\/_clients\/faiteslire\/"},{"@type":"ListItem","position":2,"name":"Coll\u00e9giale Saint-Pierre-la-Cour"}]},{"@type":"WebSite","@id":"https:\/\/www.anima-productions.com\/_clients\/faiteslire\/#website","url":"https:\/\/www.anima-productions.com\/_clients\/faiteslire\/","name":"Faites lire !","description":"La f\u00eate de la lecture | Le Mans","potentialAction":[{"@type":"SearchAction","target":{"@type":"EntryPoint","urlTemplate":"https:\/\/www.anima-productions.com\/_clients\/faiteslire\/?s={search_term_string}"},"query-input":{"@type":"PropertyValueSpecification","valueRequired":true,"valueName":"search_term_string"}}],"inLanguage":"fr-FR"}]}},"_links":{"self":[{"href":"https:\/\/www.anima-productions.com\/_clients\/faiteslire\/wp-json\/wp\/v2\/lieu\/670","targetHints":{"allow":["GET"]}}],"collection":[{"href":"https:\/\/www.anima-productions.com\/_clients\/faiteslire\/wp-json\/wp\/v2\/lieu"}],"about":[{"href":"https:\/\/www.anima-productions.com\/_clients\/faiteslire\/wp-json\/wp\/v2\/types\/lieu"}],"author":[{"embeddable":true,"href":"https:\/\/www.anima-productions.com\/_clients\/faiteslire\/wp-json\/wp\/v2\/users\/1"}],"version-history":[{"count":5,"href":"https:\/\/www.anima-productions.com\/_clients\/faiteslire\/wp-json\/wp\/v2\/lieu\/670\/revisions"}],"predecessor-version":[{"id":849,"href":"https:\/\/www.anima-productions.com\/_clients\/faiteslire\/wp-json\/wp\/v2\/lieu\/670\/revisions\/849"}],"wp:featuredmedia":[{"embeddable":true,"href":"https:\/\/www.anima-productions.com\/_clients\/faiteslire\/wp-json\/wp\/v2\/media\/1892"}],"wp:attachment":[{"href":"https:\/\/www.anima-productions.com\/_clients\/faiteslire\/wp-json\/wp\/v2\/media?parent=670"}],"curies":[{"name":"wp","href":"https:\/\/api.w.org\/{rel}","templated":true}]}}