{"id":890,"date":"2026-08-18T10:27:17","date_gmt":"2026-08-18T08:27:17","guid":{"rendered":"https:\/\/www.anima-productions.com\/_clients\/faiteslire\/?post_type=lieu&#038;p=890"},"modified":"2026-08-28T08:04:59","modified_gmt":"2026-08-28T06:04:59","slug":"cour-du-musee-de-tesse","status":"publish","type":"lieu","link":"https:\/\/www.anima-productions.com\/_clients\/faiteslire\/lieux\/cour-du-musee-de-tesse\/","title":{"rendered":"Cour du mus\u00e9e de Tess\u00e9"},"content":{"rendered":"\n<p class=\"wp-block-paragraph\">Issu du premier mus\u00e9e du Mans, le mus\u00e9e de Tess\u00e9 est l&rsquo;un des plus anciens de France, ouvert d\u00e8s 1799. Il est b\u00e2ti sur le site de l\u2019ancien h\u00f4tel particulier du mar\u00e9chal de Tess\u00e9 qui lui donne son nom. Le mus\u00e9e abrite des peintures et sculptures fran\u00e7aises, italiennes et flamandes du XIV<sup>e<\/sup> au XXI<sup>e<\/sup> si\u00e8cle et une galerie \u00e9gyptienne unique en France.<\/p>\n\n\n\n<p class=\"wp-block-paragraph\">La Cour devant le mus\u00e9e accueille des \u0153uvres et performances artistiques dans le cadre du festival Plein Champ. Derri\u00e8re le mus\u00e9e, vous pouvez profiter d\u2019un jardin d\u2019environ 1 hectare abritant notamment deux h\u00eatres pourpres remarquables.<\/p>\n","protected":false},"author":4,"featured_media":1907,"menu_order":0,"template":"","class_list":["post-890","lieu","type-lieu","status-publish","has-post-thumbnail","hentry","entry"],"acf":[],"yoast_head":"<!-- This site is optimized with the Yoast SEO plugin v28.3 - https:\/\/yoast.com\/product\/yoast-seo-wordpress\/ -->\n<title>Cour du mus\u00e9e de Tess\u00e9 - Faites lire !<\/title>\n<meta name=\"robots\" content=\"noindex, follow, max-snippet:-1, max-image-preview:large, max-video-preview:-1\" \/>\n<meta property=\"og:locale\" content=\"fr_FR\" \/>\n<meta property=\"og:type\" content=\"article\" \/>\n<meta property=\"og:title\" content=\"Cour du mus\u00e9e de Tess\u00e9 - Faites lire !\" \/>\n<meta property=\"og:description\" content=\"Issu du premier mus\u00e9e du Mans, le mus\u00e9e de Tess\u00e9 est l&rsquo;un des plus anciens de France, ouvert d\u00e8s 1799. Il est b\u00e2ti sur le site de l\u2019ancien h\u00f4tel particulier du mar\u00e9chal de Tess\u00e9 qui lui donne son nom. Le mus\u00e9e abrite des peintures et sculptures fran\u00e7aises, italiennes et flamandes du XIVe au XXIe si\u00e8cle&hellip; Poursuivre la lecture Cour du mus\u00e9e de Tess\u00e9\" \/>\n<meta property=\"og:url\" content=\"https:\/\/www.anima-productions.com\/_clients\/faiteslire\/lieux\/cour-du-musee-de-tesse\/\" \/>\n<meta property=\"og:site_name\" content=\"Faites lire !\" \/>\n<meta property=\"article:modified_time\" content=\"2026-08-28T06:04:59+00:00\" \/>\n<meta property=\"og:image\" content=\"https:\/\/www.anima-productions.com\/_clients\/faiteslire\/wp-content\/uploads\/2026\/08\/Lieux-Tesse.webp\" \/>\n\t<meta property=\"og:image:width\" content=\"500\" \/>\n\t<meta property=\"og:image:height\" content=\"500\" \/>\n\t<meta property=\"og:image:type\" content=\"image\/webp\" \/>\n<meta name=\"twitter:card\" content=\"summary_large_image\" \/>\n<meta name=\"twitter:label1\" content=\"Dur\u00e9e de lecture estim\u00e9e\" \/>\n\t<meta name=\"twitter:data1\" content=\"1 minute\" \/>\n<script type=\"application\/ld+json\" class=\"yoast-schema-graph\">{\"@context\":\"https:\\\/\\\/schema.org\",\"@graph\":[{\"@type\":\"WebPage\",\"@id\":\"https:\\\/\\\/www.anima-productions.com\\\/_clients\\\/faiteslire\\\/lieux\\\/cour-du-musee-de-tesse\\\/\",\"url\":\"https:\\\/\\\/www.anima-productions.com\\\/_clients\\\/faiteslire\\\/lieux\\\/cour-du-musee-de-tesse\\\/\",\"name\":\"Cour du mus\u00e9e de Tess\u00e9 - Faites lire !\",\"isPartOf\":{\"@id\":\"https:\\\/\\\/www.anima-productions.com\\\/_clients\\\/faiteslire\\\/#website\"},\"primaryImageOfPage\":{\"@id\":\"https:\\\/\\\/www.anima-productions.com\\\/_clients\\\/faiteslire\\\/lieux\\\/cour-du-musee-de-tesse\\\/#primaryimage\"},\"image\":{\"@id\":\"https:\\\/\\\/www.anima-productions.com\\\/_clients\\\/faiteslire\\\/lieux\\\/cour-du-musee-de-tesse\\\/#primaryimage\"},\"thumbnailUrl\":\"https:\\\/\\\/www.anima-productions.com\\\/_clients\\\/faiteslire\\\/wp-content\\\/uploads\\\/2026\\\/08\\\/Lieux-Tesse.webp\",\"datePublished\":\"2026-08-18T08:27:17+00:00\",\"dateModified\":\"2026-08-28T06:04:59+00:00\",\"breadcrumb\":{\"@id\":\"https:\\\/\\\/www.anima-productions.com\\\/_clients\\\/faiteslire\\\/lieux\\\/cour-du-musee-de-tesse\\\/#breadcrumb\"},\"inLanguage\":\"fr-FR\",\"potentialAction\":[{\"@type\":\"ReadAction\",\"target\":[\"https:\\\/\\\/www.anima-productions.com\\\/_clients\\\/faiteslire\\\/lieux\\\/cour-du-musee-de-tesse\\\/\"]}]},{\"@type\":\"ImageObject\",\"inLanguage\":\"fr-FR\",\"@id\":\"https:\\\/\\\/www.anima-productions.com\\\/_clients\\\/faiteslire\\\/lieux\\\/cour-du-musee-de-tesse\\\/#primaryimage\",\"url\":\"https:\\\/\\\/www.anima-productions.com\\\/_clients\\\/faiteslire\\\/wp-content\\\/uploads\\\/2026\\\/08\\\/Lieux-Tesse.webp\",\"contentUrl\":\"https:\\\/\\\/www.anima-productions.com\\\/_clients\\\/faiteslire\\\/wp-content\\\/uploads\\\/2026\\\/08\\\/Lieux-Tesse.webp\",\"width\":500,\"height\":500},{\"@type\":\"BreadcrumbList\",\"@id\":\"https:\\\/\\\/www.anima-productions.com\\\/_clients\\\/faiteslire\\\/lieux\\\/cour-du-musee-de-tesse\\\/#breadcrumb\",\"itemListElement\":[{\"@type\":\"ListItem\",\"position\":1,\"name\":\"Accueil\",\"item\":\"https:\\\/\\\/www.anima-productions.com\\\/_clients\\\/faiteslire\\\/\"},{\"@type\":\"ListItem\",\"position\":2,\"name\":\"Cour du mus\u00e9e de Tess\u00e9\"}]},{\"@type\":\"WebSite\",\"@id\":\"https:\\\/\\\/www.anima-productions.com\\\/_clients\\\/faiteslire\\\/#website\",\"url\":\"https:\\\/\\\/www.anima-productions.com\\\/_clients\\\/faiteslire\\\/\",\"name\":\"Faites lire !\",\"description\":\"La f\u00eate de la lecture | Le Mans\",\"potentialAction\":[{\"@type\":\"SearchAction\",\"target\":{\"@type\":\"EntryPoint\",\"urlTemplate\":\"https:\\\/\\\/www.anima-productions.com\\\/_clients\\\/faiteslire\\\/?s={search_term_string}\"},\"query-input\":{\"@type\":\"PropertyValueSpecification\",\"valueRequired\":true,\"valueName\":\"search_term_string\"}}],\"inLanguage\":\"fr-FR\"}]}<\/script>\n<!-- \/ Yoast SEO plugin. -->","yoast_head_json":{"title":"Cour du mus\u00e9e de Tess\u00e9 - Faites lire !","robots":{"index":"noindex","follow":"follow","max-snippet":"max-snippet:-1","max-image-preview":"max-image-preview:large","max-video-preview":"max-video-preview:-1"},"og_locale":"fr_FR","og_type":"article","og_title":"Cour du mus\u00e9e de Tess\u00e9 - Faites lire !","og_description":"Issu du premier mus\u00e9e du Mans, le mus\u00e9e de Tess\u00e9 est l&rsquo;un des plus anciens de France, ouvert d\u00e8s 1799. Il est b\u00e2ti sur le site de l\u2019ancien h\u00f4tel particulier du mar\u00e9chal de Tess\u00e9 qui lui donne son nom. Le mus\u00e9e abrite des peintures et sculptures fran\u00e7aises, italiennes et flamandes du XIVe au XXIe si\u00e8cle&hellip; Poursuivre la lecture Cour du mus\u00e9e de Tess\u00e9","og_url":"https:\/\/www.anima-productions.com\/_clients\/faiteslire\/lieux\/cour-du-musee-de-tesse\/","og_site_name":"Faites lire !","article_modified_time":"2026-08-28T06:04:59+00:00","og_image":[{"width":500,"height":500,"url":"https:\/\/www.anima-productions.com\/_clients\/faiteslire\/wp-content\/uploads\/2026\/08\/Lieux-Tesse.webp","type":"image\/webp"}],"twitter_card":"summary_large_image","twitter_misc":{"Dur\u00e9e de lecture estim\u00e9e":"1 minute"},"schema":{"@context":"https:\/\/schema.org","@graph":[{"@type":"WebPage","@id":"https:\/\/www.anima-productions.com\/_clients\/faiteslire\/lieux\/cour-du-musee-de-tesse\/","url":"https:\/\/www.anima-productions.com\/_clients\/faiteslire\/lieux\/cour-du-musee-de-tesse\/","name":"Cour du mus\u00e9e de Tess\u00e9 - Faites lire !","isPartOf":{"@id":"https:\/\/www.anima-productions.com\/_clients\/faiteslire\/#website"},"primaryImageOfPage":{"@id":"https:\/\/www.anima-productions.com\/_clients\/faiteslire\/lieux\/cour-du-musee-de-tesse\/#primaryimage"},"image":{"@id":"https:\/\/www.anima-productions.com\/_clients\/faiteslire\/lieux\/cour-du-musee-de-tesse\/#primaryimage"},"thumbnailUrl":"https:\/\/www.anima-productions.com\/_clients\/faiteslire\/wp-content\/uploads\/2026\/08\/Lieux-Tesse.webp","datePublished":"2026-08-18T08:27:17+00:00","dateModified":"2026-08-28T06:04:59+00:00","breadcrumb":{"@id":"https:\/\/www.anima-productions.com\/_clients\/faiteslire\/lieux\/cour-du-musee-de-tesse\/#breadcrumb"},"inLanguage":"fr-FR","potentialAction":[{"@type":"ReadAction","target":["https:\/\/www.anima-productions.com\/_clients\/faiteslire\/lieux\/cour-du-musee-de-tesse\/"]}]},{"@type":"ImageObject","inLanguage":"fr-FR","@id":"https:\/\/www.anima-productions.com\/_clients\/faiteslire\/lieux\/cour-du-musee-de-tesse\/#primaryimage","url":"https:\/\/www.anima-productions.com\/_clients\/faiteslire\/wp-content\/uploads\/2026\/08\/Lieux-Tesse.webp","contentUrl":"https:\/\/www.anima-productions.com\/_clients\/faiteslire\/wp-content\/uploads\/2026\/08\/Lieux-Tesse.webp","width":500,"height":500},{"@type":"BreadcrumbList","@id":"https:\/\/www.anima-productions.com\/_clients\/faiteslire\/lieux\/cour-du-musee-de-tesse\/#breadcrumb","itemListElement":[{"@type":"ListItem","position":1,"name":"Accueil","item":"https:\/\/www.anima-productions.com\/_clients\/faiteslire\/"},{"@type":"ListItem","position":2,"name":"Cour du mus\u00e9e de Tess\u00e9"}]},{"@type":"WebSite","@id":"https:\/\/www.anima-productions.com\/_clients\/faiteslire\/#website","url":"https:\/\/www.anima-productions.com\/_clients\/faiteslire\/","name":"Faites lire !","description":"La f\u00eate de la lecture | Le Mans","potentialAction":[{"@type":"SearchAction","target":{"@type":"EntryPoint","urlTemplate":"https:\/\/www.anima-productions.com\/_clients\/faiteslire\/?s={search_term_string}"},"query-input":{"@type":"PropertyValueSpecification","valueRequired":true,"valueName":"search_term_string"}}],"inLanguage":"fr-FR"}]}},"_links":{"self":[{"href":"https:\/\/www.anima-productions.com\/_clients\/faiteslire\/wp-json\/wp\/v2\/lieu\/890","targetHints":{"allow":["GET"]}}],"collection":[{"href":"https:\/\/www.anima-productions.com\/_clients\/faiteslire\/wp-json\/wp\/v2\/lieu"}],"about":[{"href":"https:\/\/www.anima-productions.com\/_clients\/faiteslire\/wp-json\/wp\/v2\/types\/lieu"}],"author":[{"embeddable":true,"href":"https:\/\/www.anima-productions.com\/_clients\/faiteslire\/wp-json\/wp\/v2\/users\/4"}],"version-history":[{"count":2,"href":"https:\/\/www.anima-productions.com\/_clients\/faiteslire\/wp-json\/wp\/v2\/lieu\/890\/revisions"}],"predecessor-version":[{"id":892,"href":"https:\/\/www.anima-productions.com\/_clients\/faiteslire\/wp-json\/wp\/v2\/lieu\/890\/revisions\/892"}],"wp:featuredmedia":[{"embeddable":true,"href":"https:\/\/www.anima-productions.com\/_clients\/faiteslire\/wp-json\/wp\/v2\/media\/1907"}],"wp:attachment":[{"href":"https:\/\/www.anima-productions.com\/_clients\/faiteslire\/wp-json\/wp\/v2\/media?parent=890"}],"curies":[{"name":"wp","href":"https:\/\/api.w.org\/{rel}","templated":true}]}}