{"id":912,"date":"2026-08-18T10:27:17","date_gmt":"2026-08-18T08:27:17","guid":{"rendered":"https:\/\/www.anima-productions.com\/_clients\/faiteslire\/?post_type=lieu&#038;p=912"},"modified":"2026-08-28T08:06:18","modified_gmt":"2026-08-28T06:06:18","slug":"mediatheque-des-saulnieres","status":"publish","type":"lieu","link":"https:\/\/www.anima-productions.com\/_clients\/faiteslire\/lieux\/mediatheque-des-saulnieres\/","title":{"rendered":"M\u00e9diath\u00e8que des Saulni\u00e8res"},"content":{"rendered":"\n<p class=\"wp-block-paragraph\">La m\u00e9diath\u00e8que est situ\u00e9e au c\u0153ur de la Maison des loisirs et de la culture Les Saulni\u00e8res. Ce complexe d\u00e9di\u00e9 \u00e0 la culture abrite \u00e9galement une salle de spectacle, une salle d\u2019arts plastiques et une cuisine professionnelle. Les activit\u00e9s y sont nombreuses&nbsp;: musique, chant, sports ou arts cr\u00e9atifs.<\/p>\n\n\n\n<p class=\"wp-block-paragraph\">La m\u00e9diath\u00e8que propose plus de 27&nbsp;000 documents \u00e0 la consultation.<\/p>\n","protected":false},"author":4,"featured_media":1904,"menu_order":0,"template":"","class_list":["post-912","lieu","type-lieu","status-publish","has-post-thumbnail","hentry","entry"],"acf":[],"yoast_head":"<!-- This site is optimized with the Yoast SEO plugin v28.3 - https:\/\/yoast.com\/product\/yoast-seo-wordpress\/ -->\n<title>M\u00e9diath\u00e8que des Saulni\u00e8res - Faites lire !<\/title>\n<meta name=\"robots\" content=\"noindex, follow, max-snippet:-1, max-image-preview:large, max-video-preview:-1\" \/>\n<meta property=\"og:locale\" content=\"fr_FR\" \/>\n<meta property=\"og:type\" content=\"article\" \/>\n<meta property=\"og:title\" content=\"M\u00e9diath\u00e8que des Saulni\u00e8res - Faites lire !\" \/>\n<meta property=\"og:description\" content=\"La m\u00e9diath\u00e8que est situ\u00e9e au c\u0153ur de la Maison des loisirs et de la culture Les Saulni\u00e8res. Ce complexe d\u00e9di\u00e9 \u00e0 la culture abrite \u00e9galement une salle de spectacle, une salle d\u2019arts plastiques et une cuisine professionnelle. Les activit\u00e9s y sont nombreuses&nbsp;: musique, chant, sports ou arts cr\u00e9atifs. La m\u00e9diath\u00e8que propose plus de 27&nbsp;000 documents&hellip; Poursuivre la lecture M\u00e9diath\u00e8que des Saulni\u00e8res\" \/>\n<meta property=\"og:url\" content=\"https:\/\/www.anima-productions.com\/_clients\/faiteslire\/lieux\/mediatheque-des-saulnieres\/\" \/>\n<meta property=\"og:site_name\" content=\"Faites lire !\" \/>\n<meta property=\"article:modified_time\" content=\"2026-08-28T06:06:18+00:00\" \/>\n<meta property=\"og:image\" content=\"https:\/\/www.anima-productions.com\/_clients\/faiteslire\/wp-content\/uploads\/2026\/08\/Lieux-Saulnieres.webp\" \/>\n\t<meta property=\"og:image:width\" content=\"500\" \/>\n\t<meta property=\"og:image:height\" content=\"500\" \/>\n\t<meta property=\"og:image:type\" content=\"image\/webp\" \/>\n<meta name=\"twitter:card\" content=\"summary_large_image\" \/>\n<meta name=\"twitter:label1\" content=\"Dur\u00e9e de lecture estim\u00e9e\" \/>\n\t<meta name=\"twitter:data1\" content=\"1 minute\" \/>\n<script type=\"application\/ld+json\" class=\"yoast-schema-graph\">{\"@context\":\"https:\\\/\\\/schema.org\",\"@graph\":[{\"@type\":\"WebPage\",\"@id\":\"https:\\\/\\\/www.anima-productions.com\\\/_clients\\\/faiteslire\\\/lieux\\\/mediatheque-des-saulnieres\\\/\",\"url\":\"https:\\\/\\\/www.anima-productions.com\\\/_clients\\\/faiteslire\\\/lieux\\\/mediatheque-des-saulnieres\\\/\",\"name\":\"M\u00e9diath\u00e8que des Saulni\u00e8res - Faites lire !\",\"isPartOf\":{\"@id\":\"https:\\\/\\\/www.anima-productions.com\\\/_clients\\\/faiteslire\\\/#website\"},\"primaryImageOfPage\":{\"@id\":\"https:\\\/\\\/www.anima-productions.com\\\/_clients\\\/faiteslire\\\/lieux\\\/mediatheque-des-saulnieres\\\/#primaryimage\"},\"image\":{\"@id\":\"https:\\\/\\\/www.anima-productions.com\\\/_clients\\\/faiteslire\\\/lieux\\\/mediatheque-des-saulnieres\\\/#primaryimage\"},\"thumbnailUrl\":\"https:\\\/\\\/www.anima-productions.com\\\/_clients\\\/faiteslire\\\/wp-content\\\/uploads\\\/2026\\\/08\\\/Lieux-Saulnieres.webp\",\"datePublished\":\"2026-08-18T08:27:17+00:00\",\"dateModified\":\"2026-08-28T06:06:18+00:00\",\"breadcrumb\":{\"@id\":\"https:\\\/\\\/www.anima-productions.com\\\/_clients\\\/faiteslire\\\/lieux\\\/mediatheque-des-saulnieres\\\/#breadcrumb\"},\"inLanguage\":\"fr-FR\",\"potentialAction\":[{\"@type\":\"ReadAction\",\"target\":[\"https:\\\/\\\/www.anima-productions.com\\\/_clients\\\/faiteslire\\\/lieux\\\/mediatheque-des-saulnieres\\\/\"]}]},{\"@type\":\"ImageObject\",\"inLanguage\":\"fr-FR\",\"@id\":\"https:\\\/\\\/www.anima-productions.com\\\/_clients\\\/faiteslire\\\/lieux\\\/mediatheque-des-saulnieres\\\/#primaryimage\",\"url\":\"https:\\\/\\\/www.anima-productions.com\\\/_clients\\\/faiteslire\\\/wp-content\\\/uploads\\\/2026\\\/08\\\/Lieux-Saulnieres.webp\",\"contentUrl\":\"https:\\\/\\\/www.anima-productions.com\\\/_clients\\\/faiteslire\\\/wp-content\\\/uploads\\\/2026\\\/08\\\/Lieux-Saulnieres.webp\",\"width\":500,\"height\":500},{\"@type\":\"BreadcrumbList\",\"@id\":\"https:\\\/\\\/www.anima-productions.com\\\/_clients\\\/faiteslire\\\/lieux\\\/mediatheque-des-saulnieres\\\/#breadcrumb\",\"itemListElement\":[{\"@type\":\"ListItem\",\"position\":1,\"name\":\"Accueil\",\"item\":\"https:\\\/\\\/www.anima-productions.com\\\/_clients\\\/faiteslire\\\/\"},{\"@type\":\"ListItem\",\"position\":2,\"name\":\"M\u00e9diath\u00e8que des Saulni\u00e8res\"}]},{\"@type\":\"WebSite\",\"@id\":\"https:\\\/\\\/www.anima-productions.com\\\/_clients\\\/faiteslire\\\/#website\",\"url\":\"https:\\\/\\\/www.anima-productions.com\\\/_clients\\\/faiteslire\\\/\",\"name\":\"Faites lire !\",\"description\":\"La f\u00eate de la lecture | Le Mans\",\"potentialAction\":[{\"@type\":\"SearchAction\",\"target\":{\"@type\":\"EntryPoint\",\"urlTemplate\":\"https:\\\/\\\/www.anima-productions.com\\\/_clients\\\/faiteslire\\\/?s={search_term_string}\"},\"query-input\":{\"@type\":\"PropertyValueSpecification\",\"valueRequired\":true,\"valueName\":\"search_term_string\"}}],\"inLanguage\":\"fr-FR\"}]}<\/script>\n<!-- \/ Yoast SEO plugin. -->","yoast_head_json":{"title":"M\u00e9diath\u00e8que des Saulni\u00e8res - Faites lire !","robots":{"index":"noindex","follow":"follow","max-snippet":"max-snippet:-1","max-image-preview":"max-image-preview:large","max-video-preview":"max-video-preview:-1"},"og_locale":"fr_FR","og_type":"article","og_title":"M\u00e9diath\u00e8que des Saulni\u00e8res - Faites lire !","og_description":"La m\u00e9diath\u00e8que est situ\u00e9e au c\u0153ur de la Maison des loisirs et de la culture Les Saulni\u00e8res. Ce complexe d\u00e9di\u00e9 \u00e0 la culture abrite \u00e9galement une salle de spectacle, une salle d\u2019arts plastiques et une cuisine professionnelle. Les activit\u00e9s y sont nombreuses&nbsp;: musique, chant, sports ou arts cr\u00e9atifs. La m\u00e9diath\u00e8que propose plus de 27&nbsp;000 documents&hellip; Poursuivre la lecture M\u00e9diath\u00e8que des Saulni\u00e8res","og_url":"https:\/\/www.anima-productions.com\/_clients\/faiteslire\/lieux\/mediatheque-des-saulnieres\/","og_site_name":"Faites lire !","article_modified_time":"2026-08-28T06:06:18+00:00","og_image":[{"width":500,"height":500,"url":"https:\/\/www.anima-productions.com\/_clients\/faiteslire\/wp-content\/uploads\/2026\/08\/Lieux-Saulnieres.webp","type":"image\/webp"}],"twitter_card":"summary_large_image","twitter_misc":{"Dur\u00e9e de lecture estim\u00e9e":"1 minute"},"schema":{"@context":"https:\/\/schema.org","@graph":[{"@type":"WebPage","@id":"https:\/\/www.anima-productions.com\/_clients\/faiteslire\/lieux\/mediatheque-des-saulnieres\/","url":"https:\/\/www.anima-productions.com\/_clients\/faiteslire\/lieux\/mediatheque-des-saulnieres\/","name":"M\u00e9diath\u00e8que des Saulni\u00e8res - Faites lire !","isPartOf":{"@id":"https:\/\/www.anima-productions.com\/_clients\/faiteslire\/#website"},"primaryImageOfPage":{"@id":"https:\/\/www.anima-productions.com\/_clients\/faiteslire\/lieux\/mediatheque-des-saulnieres\/#primaryimage"},"image":{"@id":"https:\/\/www.anima-productions.com\/_clients\/faiteslire\/lieux\/mediatheque-des-saulnieres\/#primaryimage"},"thumbnailUrl":"https:\/\/www.anima-productions.com\/_clients\/faiteslire\/wp-content\/uploads\/2026\/08\/Lieux-Saulnieres.webp","datePublished":"2026-08-18T08:27:17+00:00","dateModified":"2026-08-28T06:06:18+00:00","breadcrumb":{"@id":"https:\/\/www.anima-productions.com\/_clients\/faiteslire\/lieux\/mediatheque-des-saulnieres\/#breadcrumb"},"inLanguage":"fr-FR","potentialAction":[{"@type":"ReadAction","target":["https:\/\/www.anima-productions.com\/_clients\/faiteslire\/lieux\/mediatheque-des-saulnieres\/"]}]},{"@type":"ImageObject","inLanguage":"fr-FR","@id":"https:\/\/www.anima-productions.com\/_clients\/faiteslire\/lieux\/mediatheque-des-saulnieres\/#primaryimage","url":"https:\/\/www.anima-productions.com\/_clients\/faiteslire\/wp-content\/uploads\/2026\/08\/Lieux-Saulnieres.webp","contentUrl":"https:\/\/www.anima-productions.com\/_clients\/faiteslire\/wp-content\/uploads\/2026\/08\/Lieux-Saulnieres.webp","width":500,"height":500},{"@type":"BreadcrumbList","@id":"https:\/\/www.anima-productions.com\/_clients\/faiteslire\/lieux\/mediatheque-des-saulnieres\/#breadcrumb","itemListElement":[{"@type":"ListItem","position":1,"name":"Accueil","item":"https:\/\/www.anima-productions.com\/_clients\/faiteslire\/"},{"@type":"ListItem","position":2,"name":"M\u00e9diath\u00e8que des Saulni\u00e8res"}]},{"@type":"WebSite","@id":"https:\/\/www.anima-productions.com\/_clients\/faiteslire\/#website","url":"https:\/\/www.anima-productions.com\/_clients\/faiteslire\/","name":"Faites lire !","description":"La f\u00eate de la lecture | Le Mans","potentialAction":[{"@type":"SearchAction","target":{"@type":"EntryPoint","urlTemplate":"https:\/\/www.anima-productions.com\/_clients\/faiteslire\/?s={search_term_string}"},"query-input":{"@type":"PropertyValueSpecification","valueRequired":true,"valueName":"search_term_string"}}],"inLanguage":"fr-FR"}]}},"_links":{"self":[{"href":"https:\/\/www.anima-productions.com\/_clients\/faiteslire\/wp-json\/wp\/v2\/lieu\/912","targetHints":{"allow":["GET"]}}],"collection":[{"href":"https:\/\/www.anima-productions.com\/_clients\/faiteslire\/wp-json\/wp\/v2\/lieu"}],"about":[{"href":"https:\/\/www.anima-productions.com\/_clients\/faiteslire\/wp-json\/wp\/v2\/types\/lieu"}],"author":[{"embeddable":true,"href":"https:\/\/www.anima-productions.com\/_clients\/faiteslire\/wp-json\/wp\/v2\/users\/4"}],"version-history":[{"count":4,"href":"https:\/\/www.anima-productions.com\/_clients\/faiteslire\/wp-json\/wp\/v2\/lieu\/912\/revisions"}],"predecessor-version":[{"id":1549,"href":"https:\/\/www.anima-productions.com\/_clients\/faiteslire\/wp-json\/wp\/v2\/lieu\/912\/revisions\/1549"}],"wp:featuredmedia":[{"embeddable":true,"href":"https:\/\/www.anima-productions.com\/_clients\/faiteslire\/wp-json\/wp\/v2\/media\/1904"}],"wp:attachment":[{"href":"https:\/\/www.anima-productions.com\/_clients\/faiteslire\/wp-json\/wp\/v2\/media?parent=912"}],"curies":[{"name":"wp","href":"https:\/\/api.w.org\/{rel}","templated":true}]}}