{"id":1130,"date":"2026-08-19T17:20:50","date_gmt":"2026-08-19T15:20:50","guid":{"rendered":"https:\/\/www.anima-productions.com\/_clients\/faiteslire\/?page_id=1130"},"modified":"2026-09-01T10:26:15","modified_gmt":"2026-09-01T08:26:15","slug":"prix-coup-de-coeur-de-la-25-heure-du-livre","status":"publish","type":"page","link":"https:\/\/www.anima-productions.com\/_clients\/faiteslire\/prix-litteraires\/prix-coup-de-coeur-de-la-25-heure-du-livre\/","title":{"rendered":"Prix coup de c\u0153ur de la 25 Heure du livre"},"content":{"rendered":"\n<p class=\"wp-block-paragraph\">Cr\u00e9e en 2010 par l\u2019association La 25<sup>e<\/sup> Heure du Livre, ce prix r\u00e9compense le coup de c\u0153ur de la commission litt\u00e9rature de l\u2019association.<\/p>\n\n\n\n<p class=\"wp-block-paragraph\">Le Coup de c\u0153ur de l\u2019association est attribu\u00e9 par la commission litt\u00e9rature adulte de la 25<sup>e<\/sup> Heure du Livre. Elle est compos\u00e9e de xx membres et r\u00e9compense l\u2019ouvrage qui les a \u00e9mus, surpris, fascin\u00e9s ou transport\u00e9s parmi les ouvrages des auteurs pr\u00e9sents sur le salon.&nbsp;<\/p>\n\n\n\n<h2 class=\"wp-block-heading\">Annonce officielle et remise du prix&nbsp;<\/h2>\n\n\n\n<p class=\"wp-block-paragraph\">Le laur\u00e9at du prix est d\u00e9sign\u00e9 le dimanche 5 octobre dans le caf\u00e9 litt\u00e9raire du festival Faites Lire.&nbsp;<\/p>\n\n\n\n<ul class=\"wp-block-list\">\n<li>Dimanche 5 octobre&nbsp;<\/li>\n<\/ul>\n\n\n\n<ul class=\"wp-block-list\">\n<li>11h15&nbsp;<\/li>\n<\/ul>\n\n\n\n<ul class=\"wp-block-list\">\n<li>Caf\u00e9 litt\u00e9raire, esplanade des Jacobins&nbsp;<\/li>\n<\/ul>\n","protected":false},"excerpt":{"rendered":"<p>Cr\u00e9e en 2010 par l\u2019association La 25e Heure du Livre, ce prix r\u00e9compense le coup de c\u0153ur de la commission litt\u00e9rature de l\u2019association. Le Coup de c\u0153ur de l\u2019association est attribu\u00e9 par la commission litt\u00e9rature adulte de la 25e Heure du Livre. Elle est compos\u00e9e de xx membres et r\u00e9compense l\u2019ouvrage qui les a \u00e9mus,&hellip; <a class=\"more-link\" href=\"https:\/\/www.anima-productions.com\/_clients\/faiteslire\/prix-litteraires\/prix-coup-de-coeur-de-la-25-heure-du-livre\/\">Poursuivre la lecture <span class=\"screen-reader-text\">Prix coup de c\u0153ur de la 25 Heure du livre<\/span><\/a><\/p>\n","protected":false},"author":4,"featured_media":0,"parent":767,"menu_order":0,"comment_status":"closed","ping_status":"closed","template":"","meta":{"_acf_changed":false,"footnotes":""},"class_list":["post-1130","page","type-page","status-publish","hentry","entry"],"acf":[],"yoast_head":"<!-- This site is optimized with the Yoast SEO plugin v28.3 - https:\/\/yoast.com\/product\/yoast-seo-wordpress\/ -->\n<title>Prix coup de c\u0153ur de la 25 Heure du livre - Faites lire !<\/title>\n<meta name=\"robots\" content=\"noindex, follow, max-snippet:-1, max-image-preview:large, max-video-preview:-1\" \/>\n<meta property=\"og:locale\" content=\"fr_FR\" \/>\n<meta property=\"og:type\" content=\"article\" \/>\n<meta property=\"og:title\" content=\"Prix coup de c\u0153ur de la 25 Heure du livre - Faites lire !\" \/>\n<meta property=\"og:description\" content=\"Cr\u00e9e en 2010 par l\u2019association La 25e Heure du Livre, ce prix r\u00e9compense le coup de c\u0153ur de la commission litt\u00e9rature de l\u2019association. Le Coup de c\u0153ur de l\u2019association est attribu\u00e9 par la commission litt\u00e9rature adulte de la 25e Heure du Livre. Elle est compos\u00e9e de xx membres et r\u00e9compense l\u2019ouvrage qui les a \u00e9mus,&hellip; Poursuivre la lecture Prix coup de c\u0153ur de la 25 Heure du livre\" \/>\n<meta property=\"og:url\" content=\"https:\/\/www.anima-productions.com\/_clients\/faiteslire\/prix-litteraires\/prix-coup-de-coeur-de-la-25-heure-du-livre\/\" \/>\n<meta property=\"og:site_name\" content=\"Faites lire !\" \/>\n<meta property=\"article:modified_time\" content=\"2026-09-01T08:26:15+00:00\" \/>\n<meta name=\"twitter:card\" content=\"summary_large_image\" \/>\n<meta name=\"twitter:label1\" content=\"Dur\u00e9e de lecture estim\u00e9e\" \/>\n\t<meta name=\"twitter:data1\" content=\"1 minute\" \/>\n<script type=\"application\/ld+json\" class=\"yoast-schema-graph\">{\"@context\":\"https:\\\/\\\/schema.org\",\"@graph\":[{\"@type\":\"WebPage\",\"@id\":\"https:\\\/\\\/www.anima-productions.com\\\/_clients\\\/faiteslire\\\/prix-litteraires\\\/prix-coup-de-coeur-de-la-25-heure-du-livre\\\/\",\"url\":\"https:\\\/\\\/www.anima-productions.com\\\/_clients\\\/faiteslire\\\/prix-litteraires\\\/prix-coup-de-coeur-de-la-25-heure-du-livre\\\/\",\"name\":\"Prix coup de c\u0153ur de la 25 Heure du livre - Faites lire !\",\"isPartOf\":{\"@id\":\"https:\\\/\\\/www.anima-productions.com\\\/_clients\\\/faiteslire\\\/#website\"},\"datePublished\":\"2026-08-19T15:20:50+00:00\",\"dateModified\":\"2026-09-01T08:26:15+00:00\",\"breadcrumb\":{\"@id\":\"https:\\\/\\\/www.anima-productions.com\\\/_clients\\\/faiteslire\\\/prix-litteraires\\\/prix-coup-de-coeur-de-la-25-heure-du-livre\\\/#breadcrumb\"},\"inLanguage\":\"fr-FR\",\"potentialAction\":[{\"@type\":\"ReadAction\",\"target\":[\"https:\\\/\\\/www.anima-productions.com\\\/_clients\\\/faiteslire\\\/prix-litteraires\\\/prix-coup-de-coeur-de-la-25-heure-du-livre\\\/\"]}]},{\"@type\":\"BreadcrumbList\",\"@id\":\"https:\\\/\\\/www.anima-productions.com\\\/_clients\\\/faiteslire\\\/prix-litteraires\\\/prix-coup-de-coeur-de-la-25-heure-du-livre\\\/#breadcrumb\",\"itemListElement\":[{\"@type\":\"ListItem\",\"position\":1,\"name\":\"Accueil\",\"item\":\"https:\\\/\\\/www.anima-productions.com\\\/_clients\\\/faiteslire\\\/\"},{\"@type\":\"ListItem\",\"position\":2,\"name\":\"Prix litt\u00e9raires\",\"item\":\"https:\\\/\\\/www.anima-productions.com\\\/_clients\\\/faiteslire\\\/prix-litteraires\\\/\"},{\"@type\":\"ListItem\",\"position\":3,\"name\":\"Prix coup de c\u0153ur de la 25 Heure du livre\"}]},{\"@type\":\"WebSite\",\"@id\":\"https:\\\/\\\/www.anima-productions.com\\\/_clients\\\/faiteslire\\\/#website\",\"url\":\"https:\\\/\\\/www.anima-productions.com\\\/_clients\\\/faiteslire\\\/\",\"name\":\"Faites lire !\",\"description\":\"La f\u00eate de la lecture | Le Mans\",\"potentialAction\":[{\"@type\":\"SearchAction\",\"target\":{\"@type\":\"EntryPoint\",\"urlTemplate\":\"https:\\\/\\\/www.anima-productions.com\\\/_clients\\\/faiteslire\\\/?s={search_term_string}\"},\"query-input\":{\"@type\":\"PropertyValueSpecification\",\"valueRequired\":true,\"valueName\":\"search_term_string\"}}],\"inLanguage\":\"fr-FR\"}]}<\/script>\n<!-- \/ Yoast SEO plugin. -->","yoast_head_json":{"title":"Prix coup de c\u0153ur de la 25 Heure du livre - Faites lire !","robots":{"index":"noindex","follow":"follow","max-snippet":"max-snippet:-1","max-image-preview":"max-image-preview:large","max-video-preview":"max-video-preview:-1"},"og_locale":"fr_FR","og_type":"article","og_title":"Prix coup de c\u0153ur de la 25 Heure du livre - Faites lire !","og_description":"Cr\u00e9e en 2010 par l\u2019association La 25e Heure du Livre, ce prix r\u00e9compense le coup de c\u0153ur de la commission litt\u00e9rature de l\u2019association. Le Coup de c\u0153ur de l\u2019association est attribu\u00e9 par la commission litt\u00e9rature adulte de la 25e Heure du Livre. Elle est compos\u00e9e de xx membres et r\u00e9compense l\u2019ouvrage qui les a \u00e9mus,&hellip; Poursuivre la lecture Prix coup de c\u0153ur de la 25 Heure du livre","og_url":"https:\/\/www.anima-productions.com\/_clients\/faiteslire\/prix-litteraires\/prix-coup-de-coeur-de-la-25-heure-du-livre\/","og_site_name":"Faites lire !","article_modified_time":"2026-09-01T08:26:15+00:00","twitter_card":"summary_large_image","twitter_misc":{"Dur\u00e9e de lecture estim\u00e9e":"1 minute"},"schema":{"@context":"https:\/\/schema.org","@graph":[{"@type":"WebPage","@id":"https:\/\/www.anima-productions.com\/_clients\/faiteslire\/prix-litteraires\/prix-coup-de-coeur-de-la-25-heure-du-livre\/","url":"https:\/\/www.anima-productions.com\/_clients\/faiteslire\/prix-litteraires\/prix-coup-de-coeur-de-la-25-heure-du-livre\/","name":"Prix coup de c\u0153ur de la 25 Heure du livre - Faites lire !","isPartOf":{"@id":"https:\/\/www.anima-productions.com\/_clients\/faiteslire\/#website"},"datePublished":"2026-08-19T15:20:50+00:00","dateModified":"2026-09-01T08:26:15+00:00","breadcrumb":{"@id":"https:\/\/www.anima-productions.com\/_clients\/faiteslire\/prix-litteraires\/prix-coup-de-coeur-de-la-25-heure-du-livre\/#breadcrumb"},"inLanguage":"fr-FR","potentialAction":[{"@type":"ReadAction","target":["https:\/\/www.anima-productions.com\/_clients\/faiteslire\/prix-litteraires\/prix-coup-de-coeur-de-la-25-heure-du-livre\/"]}]},{"@type":"BreadcrumbList","@id":"https:\/\/www.anima-productions.com\/_clients\/faiteslire\/prix-litteraires\/prix-coup-de-coeur-de-la-25-heure-du-livre\/#breadcrumb","itemListElement":[{"@type":"ListItem","position":1,"name":"Accueil","item":"https:\/\/www.anima-productions.com\/_clients\/faiteslire\/"},{"@type":"ListItem","position":2,"name":"Prix litt\u00e9raires","item":"https:\/\/www.anima-productions.com\/_clients\/faiteslire\/prix-litteraires\/"},{"@type":"ListItem","position":3,"name":"Prix coup de c\u0153ur de la 25 Heure du livre"}]},{"@type":"WebSite","@id":"https:\/\/www.anima-productions.com\/_clients\/faiteslire\/#website","url":"https:\/\/www.anima-productions.com\/_clients\/faiteslire\/","name":"Faites lire !","description":"La f\u00eate de la lecture | Le Mans","potentialAction":[{"@type":"SearchAction","target":{"@type":"EntryPoint","urlTemplate":"https:\/\/www.anima-productions.com\/_clients\/faiteslire\/?s={search_term_string}"},"query-input":{"@type":"PropertyValueSpecification","valueRequired":true,"valueName":"search_term_string"}}],"inLanguage":"fr-FR"}]}},"_links":{"self":[{"href":"https:\/\/www.anima-productions.com\/_clients\/faiteslire\/wp-json\/wp\/v2\/pages\/1130","targetHints":{"allow":["GET"]}}],"collection":[{"href":"https:\/\/www.anima-productions.com\/_clients\/faiteslire\/wp-json\/wp\/v2\/pages"}],"about":[{"href":"https:\/\/www.anima-productions.com\/_clients\/faiteslire\/wp-json\/wp\/v2\/types\/page"}],"author":[{"embeddable":true,"href":"https:\/\/www.anima-productions.com\/_clients\/faiteslire\/wp-json\/wp\/v2\/users\/4"}],"replies":[{"embeddable":true,"href":"https:\/\/www.anima-productions.com\/_clients\/faiteslire\/wp-json\/wp\/v2\/comments?post=1130"}],"version-history":[{"count":2,"href":"https:\/\/www.anima-productions.com\/_clients\/faiteslire\/wp-json\/wp\/v2\/pages\/1130\/revisions"}],"predecessor-version":[{"id":2250,"href":"https:\/\/www.anima-productions.com\/_clients\/faiteslire\/wp-json\/wp\/v2\/pages\/1130\/revisions\/2250"}],"up":[{"embeddable":true,"href":"https:\/\/www.anima-productions.com\/_clients\/faiteslire\/wp-json\/wp\/v2\/pages\/767"}],"wp:attachment":[{"href":"https:\/\/www.anima-productions.com\/_clients\/faiteslire\/wp-json\/wp\/v2\/media?parent=1130"}],"curies":[{"name":"wp","href":"https:\/\/api.w.org\/{rel}","templated":true}]}}