{"id":1643,"date":"2026-08-21T09:31:05","date_gmt":"2026-08-21T07:31:05","guid":{"rendered":"https:\/\/www.anima-productions.com\/_clients\/faiteslire\/?page_id=1643"},"modified":"2026-09-01T10:30:46","modified_gmt":"2026-09-01T08:30:46","slug":"prix-de-limaginaire-christine-rabin","status":"publish","type":"page","link":"https:\/\/www.anima-productions.com\/_clients\/faiteslire\/prix-litteraires\/prix-de-limaginaire-christine-rabin\/","title":{"rendered":"Prix de l&rsquo;imaginaire Christine Rabin"},"content":{"rendered":"\n<p class=\"wp-block-paragraph\">Cr\u00e9\u00e9 en 2018 par l\u2019association La 25<sup>e<\/sup> Heure du Livre, ce prix r\u00e9compense un ouvrage de litt\u00e9rature imaginaire.<\/p>\n\n\n\n<p class=\"wp-block-paragraph\">Responsable de la m\u00e9diath\u00e8que de l\u2019Espal, Christine Rabin est \u00e0 l\u2019origine de ce prix qui met \u00e0 l\u2019honneur les diff\u00e9rents courants de la litt\u00e9rature imaginaire\u202f: la science-fiction, la fantasy, le fantastique, la dystopie etc. L\u2019ouvrage laur\u00e9at est choisi parmi une s\u00e9lection de 5 romans r\u00e9alis\u00e9e par la commission Litt\u00e9ratures de l\u2019imaginaire de l\u2019association la 25<sup>e<\/sup> Heure du Livre.&nbsp;<\/p>\n\n\n\n<h2 class=\"wp-block-heading\">Annonce officielle et remise du prix&nbsp;<\/h2>\n\n\n\n<p class=\"wp-block-paragraph\">Le laur\u00e9at du prix est d\u00e9sign\u00e9 le dimanche 4 octobre dans le caf\u00e9 litt\u00e9raire du festival Faites Lire.\u00a0<\/p>\n\n\n\n<ul class=\"wp-block-list\">\n<li>Dimanche 4 octobre\u00a0<\/li>\n<\/ul>\n\n\n\n<ul class=\"wp-block-list\">\n<li>11h45&nbsp;<\/li>\n<\/ul>\n\n\n\n<ul class=\"wp-block-list\">\n<li>Caf\u00e9 litt\u00e9raire, esplanade des Jacobins<\/li>\n<\/ul>\n","protected":false},"excerpt":{"rendered":"<p>Cr\u00e9\u00e9 en 2018 par l\u2019association La 25e Heure du Livre, ce prix r\u00e9compense un ouvrage de litt\u00e9rature imaginaire. Responsable de la m\u00e9diath\u00e8que de l\u2019Espal, Christine Rabin est \u00e0 l\u2019origine de ce prix qui met \u00e0 l\u2019honneur les diff\u00e9rents courants de la litt\u00e9rature imaginaire\u202f: la science-fiction, la fantasy, le fantastique, la dystopie etc. L\u2019ouvrage laur\u00e9at est&hellip; <a class=\"more-link\" href=\"https:\/\/www.anima-productions.com\/_clients\/faiteslire\/prix-litteraires\/prix-de-limaginaire-christine-rabin\/\">Poursuivre la lecture <span class=\"screen-reader-text\">Prix de l&rsquo;imaginaire Christine Rabin<\/span><\/a><\/p>\n","protected":false},"author":4,"featured_media":1721,"parent":767,"menu_order":0,"comment_status":"closed","ping_status":"closed","template":"","meta":{"_acf_changed":false,"footnotes":""},"class_list":["post-1643","page","type-page","status-publish","has-post-thumbnail","hentry","entry"],"acf":[],"yoast_head":"<!-- This site is optimized with the Yoast SEO plugin v28.3 - https:\/\/yoast.com\/product\/yoast-seo-wordpress\/ -->\n<title>Prix de l&#039;imaginaire Christine Rabin - Faites lire !<\/title>\n<meta name=\"robots\" content=\"noindex, follow, max-snippet:-1, max-image-preview:large, max-video-preview:-1\" \/>\n<meta property=\"og:locale\" content=\"fr_FR\" \/>\n<meta property=\"og:type\" content=\"article\" \/>\n<meta property=\"og:title\" content=\"Prix de l&#039;imaginaire Christine Rabin - Faites lire !\" \/>\n<meta property=\"og:description\" content=\"Cr\u00e9\u00e9 en 2018 par l\u2019association La 25e Heure du Livre, ce prix r\u00e9compense un ouvrage de litt\u00e9rature imaginaire. Responsable de la m\u00e9diath\u00e8que de l\u2019Espal, Christine Rabin est \u00e0 l\u2019origine de ce prix qui met \u00e0 l\u2019honneur les diff\u00e9rents courants de la litt\u00e9rature imaginaire\u202f: la science-fiction, la fantasy, le fantastique, la dystopie etc. L\u2019ouvrage laur\u00e9at est&hellip; Poursuivre la lecture Prix de l&rsquo;imaginaire Christine Rabin\" \/>\n<meta property=\"og:url\" content=\"https:\/\/www.anima-productions.com\/_clients\/faiteslire\/prix-litteraires\/prix-de-limaginaire-christine-rabin\/\" \/>\n<meta property=\"og:site_name\" content=\"Faites lire !\" \/>\n<meta property=\"article:modified_time\" content=\"2026-09-01T08:30:46+00:00\" \/>\n<meta property=\"og:image\" content=\"https:\/\/www.anima-productions.com\/_clients\/faiteslire\/wp-content\/uploads\/2026\/08\/FaitesLire-livres.webp\" \/>\n\t<meta property=\"og:image:width\" content=\"552\" \/>\n\t<meta property=\"og:image:height\" content=\"401\" \/>\n\t<meta property=\"og:image:type\" content=\"image\/webp\" \/>\n<meta name=\"twitter:card\" content=\"summary_large_image\" \/>\n<meta name=\"twitter:label1\" content=\"Dur\u00e9e de lecture estim\u00e9e\" \/>\n\t<meta name=\"twitter:data1\" content=\"1 minute\" \/>\n<script type=\"application\/ld+json\" class=\"yoast-schema-graph\">{\"@context\":\"https:\\\/\\\/schema.org\",\"@graph\":[{\"@type\":\"WebPage\",\"@id\":\"https:\\\/\\\/www.anima-productions.com\\\/_clients\\\/faiteslire\\\/prix-litteraires\\\/prix-de-limaginaire-christine-rabin\\\/\",\"url\":\"https:\\\/\\\/www.anima-productions.com\\\/_clients\\\/faiteslire\\\/prix-litteraires\\\/prix-de-limaginaire-christine-rabin\\\/\",\"name\":\"Prix de l'imaginaire Christine Rabin - Faites lire !\",\"isPartOf\":{\"@id\":\"https:\\\/\\\/www.anima-productions.com\\\/_clients\\\/faiteslire\\\/#website\"},\"primaryImageOfPage\":{\"@id\":\"https:\\\/\\\/www.anima-productions.com\\\/_clients\\\/faiteslire\\\/prix-litteraires\\\/prix-de-limaginaire-christine-rabin\\\/#primaryimage\"},\"image\":{\"@id\":\"https:\\\/\\\/www.anima-productions.com\\\/_clients\\\/faiteslire\\\/prix-litteraires\\\/prix-de-limaginaire-christine-rabin\\\/#primaryimage\"},\"thumbnailUrl\":\"https:\\\/\\\/www.anima-productions.com\\\/_clients\\\/faiteslire\\\/wp-content\\\/uploads\\\/2026\\\/08\\\/FaitesLire-livres.webp\",\"datePublished\":\"2026-08-21T07:31:05+00:00\",\"dateModified\":\"2026-09-01T08:30:46+00:00\",\"breadcrumb\":{\"@id\":\"https:\\\/\\\/www.anima-productions.com\\\/_clients\\\/faiteslire\\\/prix-litteraires\\\/prix-de-limaginaire-christine-rabin\\\/#breadcrumb\"},\"inLanguage\":\"fr-FR\",\"potentialAction\":[{\"@type\":\"ReadAction\",\"target\":[\"https:\\\/\\\/www.anima-productions.com\\\/_clients\\\/faiteslire\\\/prix-litteraires\\\/prix-de-limaginaire-christine-rabin\\\/\"]}]},{\"@type\":\"ImageObject\",\"inLanguage\":\"fr-FR\",\"@id\":\"https:\\\/\\\/www.anima-productions.com\\\/_clients\\\/faiteslire\\\/prix-litteraires\\\/prix-de-limaginaire-christine-rabin\\\/#primaryimage\",\"url\":\"https:\\\/\\\/www.anima-productions.com\\\/_clients\\\/faiteslire\\\/wp-content\\\/uploads\\\/2026\\\/08\\\/FaitesLire-livres.webp\",\"contentUrl\":\"https:\\\/\\\/www.anima-productions.com\\\/_clients\\\/faiteslire\\\/wp-content\\\/uploads\\\/2026\\\/08\\\/FaitesLire-livres.webp\",\"width\":552,\"height\":401},{\"@type\":\"BreadcrumbList\",\"@id\":\"https:\\\/\\\/www.anima-productions.com\\\/_clients\\\/faiteslire\\\/prix-litteraires\\\/prix-de-limaginaire-christine-rabin\\\/#breadcrumb\",\"itemListElement\":[{\"@type\":\"ListItem\",\"position\":1,\"name\":\"Accueil\",\"item\":\"https:\\\/\\\/www.anima-productions.com\\\/_clients\\\/faiteslire\\\/\"},{\"@type\":\"ListItem\",\"position\":2,\"name\":\"Prix litt\u00e9raires\",\"item\":\"https:\\\/\\\/www.anima-productions.com\\\/_clients\\\/faiteslire\\\/prix-litteraires\\\/\"},{\"@type\":\"ListItem\",\"position\":3,\"name\":\"Prix de l&rsquo;imaginaire Christine Rabin\"}]},{\"@type\":\"WebSite\",\"@id\":\"https:\\\/\\\/www.anima-productions.com\\\/_clients\\\/faiteslire\\\/#website\",\"url\":\"https:\\\/\\\/www.anima-productions.com\\\/_clients\\\/faiteslire\\\/\",\"name\":\"Faites lire !\",\"description\":\"La f\u00eate de la lecture | Le Mans\",\"potentialAction\":[{\"@type\":\"SearchAction\",\"target\":{\"@type\":\"EntryPoint\",\"urlTemplate\":\"https:\\\/\\\/www.anima-productions.com\\\/_clients\\\/faiteslire\\\/?s={search_term_string}\"},\"query-input\":{\"@type\":\"PropertyValueSpecification\",\"valueRequired\":true,\"valueName\":\"search_term_string\"}}],\"inLanguage\":\"fr-FR\"}]}<\/script>\n<!-- \/ Yoast SEO plugin. -->","yoast_head_json":{"title":"Prix de l'imaginaire Christine Rabin - Faites lire !","robots":{"index":"noindex","follow":"follow","max-snippet":"max-snippet:-1","max-image-preview":"max-image-preview:large","max-video-preview":"max-video-preview:-1"},"og_locale":"fr_FR","og_type":"article","og_title":"Prix de l'imaginaire Christine Rabin - Faites lire !","og_description":"Cr\u00e9\u00e9 en 2018 par l\u2019association La 25e Heure du Livre, ce prix r\u00e9compense un ouvrage de litt\u00e9rature imaginaire. Responsable de la m\u00e9diath\u00e8que de l\u2019Espal, Christine Rabin est \u00e0 l\u2019origine de ce prix qui met \u00e0 l\u2019honneur les diff\u00e9rents courants de la litt\u00e9rature imaginaire\u202f: la science-fiction, la fantasy, le fantastique, la dystopie etc. L\u2019ouvrage laur\u00e9at est&hellip; Poursuivre la lecture Prix de l&rsquo;imaginaire Christine Rabin","og_url":"https:\/\/www.anima-productions.com\/_clients\/faiteslire\/prix-litteraires\/prix-de-limaginaire-christine-rabin\/","og_site_name":"Faites lire !","article_modified_time":"2026-09-01T08:30:46+00:00","og_image":[{"width":552,"height":401,"url":"https:\/\/www.anima-productions.com\/_clients\/faiteslire\/wp-content\/uploads\/2026\/08\/FaitesLire-livres.webp","type":"image\/webp"}],"twitter_card":"summary_large_image","twitter_misc":{"Dur\u00e9e de lecture estim\u00e9e":"1 minute"},"schema":{"@context":"https:\/\/schema.org","@graph":[{"@type":"WebPage","@id":"https:\/\/www.anima-productions.com\/_clients\/faiteslire\/prix-litteraires\/prix-de-limaginaire-christine-rabin\/","url":"https:\/\/www.anima-productions.com\/_clients\/faiteslire\/prix-litteraires\/prix-de-limaginaire-christine-rabin\/","name":"Prix de l'imaginaire Christine Rabin - Faites lire !","isPartOf":{"@id":"https:\/\/www.anima-productions.com\/_clients\/faiteslire\/#website"},"primaryImageOfPage":{"@id":"https:\/\/www.anima-productions.com\/_clients\/faiteslire\/prix-litteraires\/prix-de-limaginaire-christine-rabin\/#primaryimage"},"image":{"@id":"https:\/\/www.anima-productions.com\/_clients\/faiteslire\/prix-litteraires\/prix-de-limaginaire-christine-rabin\/#primaryimage"},"thumbnailUrl":"https:\/\/www.anima-productions.com\/_clients\/faiteslire\/wp-content\/uploads\/2026\/08\/FaitesLire-livres.webp","datePublished":"2026-08-21T07:31:05+00:00","dateModified":"2026-09-01T08:30:46+00:00","breadcrumb":{"@id":"https:\/\/www.anima-productions.com\/_clients\/faiteslire\/prix-litteraires\/prix-de-limaginaire-christine-rabin\/#breadcrumb"},"inLanguage":"fr-FR","potentialAction":[{"@type":"ReadAction","target":["https:\/\/www.anima-productions.com\/_clients\/faiteslire\/prix-litteraires\/prix-de-limaginaire-christine-rabin\/"]}]},{"@type":"ImageObject","inLanguage":"fr-FR","@id":"https:\/\/www.anima-productions.com\/_clients\/faiteslire\/prix-litteraires\/prix-de-limaginaire-christine-rabin\/#primaryimage","url":"https:\/\/www.anima-productions.com\/_clients\/faiteslire\/wp-content\/uploads\/2026\/08\/FaitesLire-livres.webp","contentUrl":"https:\/\/www.anima-productions.com\/_clients\/faiteslire\/wp-content\/uploads\/2026\/08\/FaitesLire-livres.webp","width":552,"height":401},{"@type":"BreadcrumbList","@id":"https:\/\/www.anima-productions.com\/_clients\/faiteslire\/prix-litteraires\/prix-de-limaginaire-christine-rabin\/#breadcrumb","itemListElement":[{"@type":"ListItem","position":1,"name":"Accueil","item":"https:\/\/www.anima-productions.com\/_clients\/faiteslire\/"},{"@type":"ListItem","position":2,"name":"Prix litt\u00e9raires","item":"https:\/\/www.anima-productions.com\/_clients\/faiteslire\/prix-litteraires\/"},{"@type":"ListItem","position":3,"name":"Prix de l&rsquo;imaginaire Christine Rabin"}]},{"@type":"WebSite","@id":"https:\/\/www.anima-productions.com\/_clients\/faiteslire\/#website","url":"https:\/\/www.anima-productions.com\/_clients\/faiteslire\/","name":"Faites lire !","description":"La f\u00eate de la lecture | Le Mans","potentialAction":[{"@type":"SearchAction","target":{"@type":"EntryPoint","urlTemplate":"https:\/\/www.anima-productions.com\/_clients\/faiteslire\/?s={search_term_string}"},"query-input":{"@type":"PropertyValueSpecification","valueRequired":true,"valueName":"search_term_string"}}],"inLanguage":"fr-FR"}]}},"_links":{"self":[{"href":"https:\/\/www.anima-productions.com\/_clients\/faiteslire\/wp-json\/wp\/v2\/pages\/1643","targetHints":{"allow":["GET"]}}],"collection":[{"href":"https:\/\/www.anima-productions.com\/_clients\/faiteslire\/wp-json\/wp\/v2\/pages"}],"about":[{"href":"https:\/\/www.anima-productions.com\/_clients\/faiteslire\/wp-json\/wp\/v2\/types\/page"}],"author":[{"embeddable":true,"href":"https:\/\/www.anima-productions.com\/_clients\/faiteslire\/wp-json\/wp\/v2\/users\/4"}],"replies":[{"embeddable":true,"href":"https:\/\/www.anima-productions.com\/_clients\/faiteslire\/wp-json\/wp\/v2\/comments?post=1643"}],"version-history":[{"count":3,"href":"https:\/\/www.anima-productions.com\/_clients\/faiteslire\/wp-json\/wp\/v2\/pages\/1643\/revisions"}],"predecessor-version":[{"id":2259,"href":"https:\/\/www.anima-productions.com\/_clients\/faiteslire\/wp-json\/wp\/v2\/pages\/1643\/revisions\/2259"}],"up":[{"embeddable":true,"href":"https:\/\/www.anima-productions.com\/_clients\/faiteslire\/wp-json\/wp\/v2\/pages\/767"}],"wp:featuredmedia":[{"embeddable":true,"href":"https:\/\/www.anima-productions.com\/_clients\/faiteslire\/wp-json\/wp\/v2\/media\/1721"}],"wp:attachment":[{"href":"https:\/\/www.anima-productions.com\/_clients\/faiteslire\/wp-json\/wp\/v2\/media?parent=1643"}],"curies":[{"name":"wp","href":"https:\/\/api.w.org\/{rel}","templated":true}]}}