{"id":1649,"date":"2026-08-21T09:33:58","date_gmt":"2026-08-21T07:33:58","guid":{"rendered":"https:\/\/www.anima-productions.com\/_clients\/faiteslire\/?page_id=1649"},"modified":"2026-09-01T10:41:01","modified_gmt":"2026-09-01T08:41:01","slug":"prix-de-la-nouvelle-francophone-inedite","status":"publish","type":"page","link":"https:\/\/www.anima-productions.com\/_clients\/faiteslire\/prix-litteraires\/prix-de-la-nouvelle-francophone-inedite\/","title":{"rendered":"Prix de la nouvelle francophone in\u00e9dite"},"content":{"rendered":"\n<p class=\"wp-block-paragraph\">Cr\u00e9e en 2022 et attribu\u00e9 par l\u2019association du prix de la nouvelle francophone in\u00e9dite, ce prix r\u00e9compense une nouvelle \u00e9crite en fran\u00e7ais laur\u00e9ate d\u2019un concours.&nbsp;<\/p>\n\n\n\n<p class=\"wp-block-paragraph\">De mars \u00e0 juin, le concours de la nouvelle francophone in\u00e9dite est ouvert \u00e0 tous et toutes avec une th\u00e9matique directrice. Les manuscrits sont ensuite lus par les membres de l\u2019association du prix pour d\u00e9signer un ou une laur\u00e9ate.&nbsp;<\/p>\n\n\n\n<h2 class=\"wp-block-heading\">Annonce officielle et remise du prix&nbsp;<\/h2>\n\n\n\n<p class=\"wp-block-paragraph\">Le prix r\u00e9compense deux auteurs qui seront d\u00e9sign\u00e9s \u2026..&nbsp;<\/p>\n\n\n\n<ul class=\"wp-block-list\">\n<li>Dimanche 4 octobre<\/li>\n<\/ul>\n\n\n\n<ul class=\"wp-block-list\">\n<li>11h15<\/li>\n<\/ul>\n\n\n\n<ul class=\"wp-block-list\">\n<li>Caf\u00e9 litt\u00e9raire, esplanade des Jacobins<\/li>\n<\/ul>\n\n\n\n<p class=\"wp-block-paragraph\">L\u2019auteur laur\u00e9at du premier prix se voit remettre la somme de 500 \u20ac. Le second prix est lui de 200 \u20ac.&nbsp;<\/p>\n\n\n\n<h2 class=\"wp-block-heading\">Les anciens laur\u00e9ats&nbsp;<\/h2>\n\n\n\n<h3 class=\"wp-block-heading\">2025<\/h3>\n\n\n\n<ul class=\"wp-block-list\">\n<li>Premier prix Jean-Yves Guillain avec La gu\u00e9rite<\/li>\n\n\n\n<li>Second prix Nadia Boukhalfa avec \u00c0 deux pas d&rsquo;ici<br><\/li>\n<\/ul>\n\n\n<a class=\"FL26_FICHIER\" href=\"https:\/\/www.anima-productions.com\/_clients\/faiteslire\/wp-content\/uploads\/2026\/09\/LeMans-FaitesLire_Texte-PNFI_2025_LaGuerite-JYGuillain-1.pdf\" download>La gu\u00e9rite &#8211; JY Guillain (0Ko)<\/a>\n\n<a class=\"FL26_FICHIER\" href=\"https:\/\/www.anima-productions.com\/_clients\/faiteslire\/wp-content\/uploads\/2026\/09\/LeMans-FaitesLire_TextePNFI_2025_ADeuxPasDici-NBoukhalfa-1.pdf\" download>\u00c0 deux pas d&rsquo;ici &#8211; N.Boulkhalfa (0Ko)<\/a>","protected":false},"excerpt":{"rendered":"<p>Cr\u00e9e en 2022 et attribu\u00e9 par l\u2019association du prix de la nouvelle francophone in\u00e9dite, ce prix r\u00e9compense une nouvelle \u00e9crite en fran\u00e7ais laur\u00e9ate d\u2019un concours.&nbsp; De mars \u00e0 juin, le concours de la nouvelle francophone in\u00e9dite est ouvert \u00e0 tous et toutes avec une th\u00e9matique directrice. Les manuscrits sont ensuite lus par les membres de&hellip; <a class=\"more-link\" href=\"https:\/\/www.anima-productions.com\/_clients\/faiteslire\/prix-litteraires\/prix-de-la-nouvelle-francophone-inedite\/\">Poursuivre la lecture <span class=\"screen-reader-text\">Prix de la nouvelle francophone in\u00e9dite<\/span><\/a><\/p>\n","protected":false},"author":4,"featured_media":0,"parent":767,"menu_order":0,"comment_status":"closed","ping_status":"closed","template":"","meta":{"_acf_changed":false,"footnotes":""},"class_list":["post-1649","page","type-page","status-publish","hentry","entry"],"acf":[],"yoast_head":"<!-- This site is optimized with the Yoast SEO plugin v28.3 - https:\/\/yoast.com\/product\/yoast-seo-wordpress\/ -->\n<title>Prix de la nouvelle francophone in\u00e9dite - Faites lire !<\/title>\n<meta name=\"robots\" content=\"noindex, follow, max-snippet:-1, max-image-preview:large, max-video-preview:-1\" \/>\n<meta property=\"og:locale\" content=\"fr_FR\" \/>\n<meta property=\"og:type\" content=\"article\" \/>\n<meta property=\"og:title\" content=\"Prix de la nouvelle francophone in\u00e9dite - Faites lire !\" \/>\n<meta property=\"og:description\" content=\"Cr\u00e9e en 2022 et attribu\u00e9 par l\u2019association du prix de la nouvelle francophone in\u00e9dite, ce prix r\u00e9compense une nouvelle \u00e9crite en fran\u00e7ais laur\u00e9ate d\u2019un concours.&nbsp; De mars \u00e0 juin, le concours de la nouvelle francophone in\u00e9dite est ouvert \u00e0 tous et toutes avec une th\u00e9matique directrice. Les manuscrits sont ensuite lus par les membres de&hellip; Poursuivre la lecture Prix de la nouvelle francophone in\u00e9dite\" \/>\n<meta property=\"og:url\" content=\"https:\/\/www.anima-productions.com\/_clients\/faiteslire\/prix-litteraires\/prix-de-la-nouvelle-francophone-inedite\/\" \/>\n<meta property=\"og:site_name\" content=\"Faites lire !\" \/>\n<meta property=\"article:modified_time\" content=\"2026-09-01T08:41:01+00:00\" \/>\n<meta name=\"twitter:card\" content=\"summary_large_image\" \/>\n<meta name=\"twitter:label1\" content=\"Dur\u00e9e de lecture estim\u00e9e\" \/>\n\t<meta name=\"twitter:data1\" content=\"1 minute\" \/>\n<script type=\"application\/ld+json\" class=\"yoast-schema-graph\">{\"@context\":\"https:\\\/\\\/schema.org\",\"@graph\":[{\"@type\":\"WebPage\",\"@id\":\"https:\\\/\\\/www.anima-productions.com\\\/_clients\\\/faiteslire\\\/prix-litteraires\\\/prix-de-la-nouvelle-francophone-inedite\\\/\",\"url\":\"https:\\\/\\\/www.anima-productions.com\\\/_clients\\\/faiteslire\\\/prix-litteraires\\\/prix-de-la-nouvelle-francophone-inedite\\\/\",\"name\":\"Prix de la nouvelle francophone in\u00e9dite - Faites lire !\",\"isPartOf\":{\"@id\":\"https:\\\/\\\/www.anima-productions.com\\\/_clients\\\/faiteslire\\\/#website\"},\"datePublished\":\"2026-08-21T07:33:58+00:00\",\"dateModified\":\"2026-09-01T08:41:01+00:00\",\"breadcrumb\":{\"@id\":\"https:\\\/\\\/www.anima-productions.com\\\/_clients\\\/faiteslire\\\/prix-litteraires\\\/prix-de-la-nouvelle-francophone-inedite\\\/#breadcrumb\"},\"inLanguage\":\"fr-FR\",\"potentialAction\":[{\"@type\":\"ReadAction\",\"target\":[\"https:\\\/\\\/www.anima-productions.com\\\/_clients\\\/faiteslire\\\/prix-litteraires\\\/prix-de-la-nouvelle-francophone-inedite\\\/\"]}]},{\"@type\":\"BreadcrumbList\",\"@id\":\"https:\\\/\\\/www.anima-productions.com\\\/_clients\\\/faiteslire\\\/prix-litteraires\\\/prix-de-la-nouvelle-francophone-inedite\\\/#breadcrumb\",\"itemListElement\":[{\"@type\":\"ListItem\",\"position\":1,\"name\":\"Accueil\",\"item\":\"https:\\\/\\\/www.anima-productions.com\\\/_clients\\\/faiteslire\\\/\"},{\"@type\":\"ListItem\",\"position\":2,\"name\":\"Prix litt\u00e9raires\",\"item\":\"https:\\\/\\\/www.anima-productions.com\\\/_clients\\\/faiteslire\\\/prix-litteraires\\\/\"},{\"@type\":\"ListItem\",\"position\":3,\"name\":\"Prix de la nouvelle francophone in\u00e9dite\"}]},{\"@type\":\"WebSite\",\"@id\":\"https:\\\/\\\/www.anima-productions.com\\\/_clients\\\/faiteslire\\\/#website\",\"url\":\"https:\\\/\\\/www.anima-productions.com\\\/_clients\\\/faiteslire\\\/\",\"name\":\"Faites lire !\",\"description\":\"La f\u00eate de la lecture | Le Mans\",\"potentialAction\":[{\"@type\":\"SearchAction\",\"target\":{\"@type\":\"EntryPoint\",\"urlTemplate\":\"https:\\\/\\\/www.anima-productions.com\\\/_clients\\\/faiteslire\\\/?s={search_term_string}\"},\"query-input\":{\"@type\":\"PropertyValueSpecification\",\"valueRequired\":true,\"valueName\":\"search_term_string\"}}],\"inLanguage\":\"fr-FR\"}]}<\/script>\n<!-- \/ Yoast SEO plugin. -->","yoast_head_json":{"title":"Prix de la nouvelle francophone in\u00e9dite - Faites lire !","robots":{"index":"noindex","follow":"follow","max-snippet":"max-snippet:-1","max-image-preview":"max-image-preview:large","max-video-preview":"max-video-preview:-1"},"og_locale":"fr_FR","og_type":"article","og_title":"Prix de la nouvelle francophone in\u00e9dite - Faites lire !","og_description":"Cr\u00e9e en 2022 et attribu\u00e9 par l\u2019association du prix de la nouvelle francophone in\u00e9dite, ce prix r\u00e9compense une nouvelle \u00e9crite en fran\u00e7ais laur\u00e9ate d\u2019un concours.&nbsp; De mars \u00e0 juin, le concours de la nouvelle francophone in\u00e9dite est ouvert \u00e0 tous et toutes avec une th\u00e9matique directrice. Les manuscrits sont ensuite lus par les membres de&hellip; Poursuivre la lecture Prix de la nouvelle francophone in\u00e9dite","og_url":"https:\/\/www.anima-productions.com\/_clients\/faiteslire\/prix-litteraires\/prix-de-la-nouvelle-francophone-inedite\/","og_site_name":"Faites lire !","article_modified_time":"2026-09-01T08:41:01+00:00","twitter_card":"summary_large_image","twitter_misc":{"Dur\u00e9e de lecture estim\u00e9e":"1 minute"},"schema":{"@context":"https:\/\/schema.org","@graph":[{"@type":"WebPage","@id":"https:\/\/www.anima-productions.com\/_clients\/faiteslire\/prix-litteraires\/prix-de-la-nouvelle-francophone-inedite\/","url":"https:\/\/www.anima-productions.com\/_clients\/faiteslire\/prix-litteraires\/prix-de-la-nouvelle-francophone-inedite\/","name":"Prix de la nouvelle francophone in\u00e9dite - Faites lire !","isPartOf":{"@id":"https:\/\/www.anima-productions.com\/_clients\/faiteslire\/#website"},"datePublished":"2026-08-21T07:33:58+00:00","dateModified":"2026-09-01T08:41:01+00:00","breadcrumb":{"@id":"https:\/\/www.anima-productions.com\/_clients\/faiteslire\/prix-litteraires\/prix-de-la-nouvelle-francophone-inedite\/#breadcrumb"},"inLanguage":"fr-FR","potentialAction":[{"@type":"ReadAction","target":["https:\/\/www.anima-productions.com\/_clients\/faiteslire\/prix-litteraires\/prix-de-la-nouvelle-francophone-inedite\/"]}]},{"@type":"BreadcrumbList","@id":"https:\/\/www.anima-productions.com\/_clients\/faiteslire\/prix-litteraires\/prix-de-la-nouvelle-francophone-inedite\/#breadcrumb","itemListElement":[{"@type":"ListItem","position":1,"name":"Accueil","item":"https:\/\/www.anima-productions.com\/_clients\/faiteslire\/"},{"@type":"ListItem","position":2,"name":"Prix litt\u00e9raires","item":"https:\/\/www.anima-productions.com\/_clients\/faiteslire\/prix-litteraires\/"},{"@type":"ListItem","position":3,"name":"Prix de la nouvelle francophone in\u00e9dite"}]},{"@type":"WebSite","@id":"https:\/\/www.anima-productions.com\/_clients\/faiteslire\/#website","url":"https:\/\/www.anima-productions.com\/_clients\/faiteslire\/","name":"Faites lire !","description":"La f\u00eate de la lecture | Le Mans","potentialAction":[{"@type":"SearchAction","target":{"@type":"EntryPoint","urlTemplate":"https:\/\/www.anima-productions.com\/_clients\/faiteslire\/?s={search_term_string}"},"query-input":{"@type":"PropertyValueSpecification","valueRequired":true,"valueName":"search_term_string"}}],"inLanguage":"fr-FR"}]}},"_links":{"self":[{"href":"https:\/\/www.anima-productions.com\/_clients\/faiteslire\/wp-json\/wp\/v2\/pages\/1649","targetHints":{"allow":["GET"]}}],"collection":[{"href":"https:\/\/www.anima-productions.com\/_clients\/faiteslire\/wp-json\/wp\/v2\/pages"}],"about":[{"href":"https:\/\/www.anima-productions.com\/_clients\/faiteslire\/wp-json\/wp\/v2\/types\/page"}],"author":[{"embeddable":true,"href":"https:\/\/www.anima-productions.com\/_clients\/faiteslire\/wp-json\/wp\/v2\/users\/4"}],"replies":[{"embeddable":true,"href":"https:\/\/www.anima-productions.com\/_clients\/faiteslire\/wp-json\/wp\/v2\/comments?post=1649"}],"version-history":[{"count":2,"href":"https:\/\/www.anima-productions.com\/_clients\/faiteslire\/wp-json\/wp\/v2\/pages\/1649\/revisions"}],"predecessor-version":[{"id":2252,"href":"https:\/\/www.anima-productions.com\/_clients\/faiteslire\/wp-json\/wp\/v2\/pages\/1649\/revisions\/2252"}],"up":[{"embeddable":true,"href":"https:\/\/www.anima-productions.com\/_clients\/faiteslire\/wp-json\/wp\/v2\/pages\/767"}],"wp:attachment":[{"href":"https:\/\/www.anima-productions.com\/_clients\/faiteslire\/wp-json\/wp\/v2\/media?parent=1649"}],"curies":[{"name":"wp","href":"https:\/\/api.w.org\/{rel}","templated":true}]}}