{"id":1651,"date":"2026-08-21T09:34:49","date_gmt":"2026-08-21T07:34:49","guid":{"rendered":"https:\/\/www.anima-productions.com\/_clients\/faiteslire\/?page_id=1651"},"modified":"2026-09-01T10:24:46","modified_gmt":"2026-09-01T08:24:46","slug":"prix-daniel-pennac","status":"publish","type":"page","link":"https:\/\/www.anima-productions.com\/_clients\/faiteslire\/prix-litteraires\/prix-daniel-pennac\/","title":{"rendered":"Concours Qui a lu lira &#8211; Prix Daniel Pennac"},"content":{"rendered":"\n<p class=\"wp-block-paragraph\">Cr\u00e9e en 2025 avec la compagnie de th\u00e9\u00e2tre Mia, le concours de lecture \u00e0 voix haute Qui lu lira r\u00e9compense des \u00e9l\u00e8ves de primaire, coll\u00e8ge ou lyc\u00e9e.&nbsp;&nbsp;<\/p>\n\n\n\n<p class=\"wp-block-paragraph\">Un livre c\u2019est du partage et la lecture \u00e0 voix haute c\u2019est partager les \u00e9motions du livre. Quel meilleur moment pour c\u00e9l\u00e9brer la lecture \u00e0 voix haute que le festival Faites Lire\u202f? Choisis par leurs camarades dans les \u00e9coles apr\u00e8s des s\u00e9ances de travail et d\u2019exercices, huit finalistes s\u2019affrontent en public avec un texte de leur choix.<\/p>\n\n\n\n<figure class=\"wp-block-image size-full\"><img loading=\"lazy\" decoding=\"async\" width=\"800\" height=\"520\" src=\"https:\/\/www.anima-productions.com\/_clients\/faiteslire\/wp-content\/uploads\/2026\/08\/FaitesLire-concours-eloquence.webp\" alt=\"\" class=\"wp-image-2008\" srcset=\"https:\/\/www.anima-productions.com\/_clients\/faiteslire\/wp-content\/uploads\/2026\/08\/FaitesLire-concours-eloquence.webp 800w, https:\/\/www.anima-productions.com\/_clients\/faiteslire\/wp-content\/uploads\/2026\/08\/FaitesLire-concours-eloquence-300x195.webp 300w, https:\/\/www.anima-productions.com\/_clients\/faiteslire\/wp-content\/uploads\/2026\/08\/FaitesLire-concours-eloquence-768x499.webp 768w, https:\/\/www.anima-productions.com\/_clients\/faiteslire\/wp-content\/uploads\/2026\/08\/FaitesLire-concours-eloquence-5x3.webp 5w\" sizes=\"auto, (max-width: 800px) 100vw, 800px\" \/><\/figure>\n\n\n\n<h2 class=\"wp-block-heading\">Annonce officielle et remise du prix&nbsp;<\/h2>\n\n\n\n<p class=\"wp-block-paragraph\">Le laur\u00e9at du prix est d\u00e9sign\u00e9 \u00e0 l\u2019issue du concours,&nbsp;&nbsp;<\/p>\n\n\n\n<ul class=\"wp-block-list\">\n<li>Samedi 4 octobre&nbsp;<\/li>\n<\/ul>\n\n\n\n<ul class=\"wp-block-list\">\n<li>15h&nbsp;<\/li>\n<\/ul>\n\n\n\n<ul class=\"wp-block-list\">\n<li>Salle des mariages de l\u2019H\u00f4tel de Ville&nbsp;<\/li>\n<\/ul>\n\n\n\n<p class=\"wp-block-paragraph\">Prix remis par Thomas Fersen, membre du jury et auteur d&rsquo;un roman paru au mois de mai 2026.<\/p>\n","protected":false},"excerpt":{"rendered":"<p>Cr\u00e9e en 2025 avec la compagnie de th\u00e9\u00e2tre Mia, le concours de lecture \u00e0 voix haute Qui lu lira r\u00e9compense des \u00e9l\u00e8ves de primaire, coll\u00e8ge ou lyc\u00e9e.&nbsp;&nbsp; Un livre c\u2019est du partage et la lecture \u00e0 voix haute c\u2019est partager les \u00e9motions du livre. Quel meilleur moment pour c\u00e9l\u00e9brer la lecture \u00e0 voix haute que&hellip; <a class=\"more-link\" href=\"https:\/\/www.anima-productions.com\/_clients\/faiteslire\/prix-litteraires\/prix-daniel-pennac\/\">Poursuivre la lecture <span class=\"screen-reader-text\">Concours Qui a lu lira &#8211; Prix Daniel Pennac<\/span><\/a><\/p>\n","protected":false},"author":4,"featured_media":0,"parent":767,"menu_order":0,"comment_status":"closed","ping_status":"closed","template":"","meta":{"_acf_changed":false,"footnotes":""},"class_list":["post-1651","page","type-page","status-publish","hentry","entry"],"acf":[],"yoast_head":"<!-- This site is optimized with the Yoast SEO plugin v28.3 - https:\/\/yoast.com\/product\/yoast-seo-wordpress\/ -->\n<title>Concours Qui a lu lira - Prix Daniel Pennac - Faites lire !<\/title>\n<meta name=\"robots\" content=\"noindex, follow, max-snippet:-1, max-image-preview:large, max-video-preview:-1\" \/>\n<meta property=\"og:locale\" content=\"fr_FR\" \/>\n<meta property=\"og:type\" content=\"article\" \/>\n<meta property=\"og:title\" content=\"Concours Qui a lu lira - Prix Daniel Pennac - Faites lire !\" \/>\n<meta property=\"og:description\" content=\"Cr\u00e9e en 2025 avec la compagnie de th\u00e9\u00e2tre Mia, le concours de lecture \u00e0 voix haute Qui lu lira r\u00e9compense des \u00e9l\u00e8ves de primaire, coll\u00e8ge ou lyc\u00e9e.&nbsp;&nbsp; Un livre c\u2019est du partage et la lecture \u00e0 voix haute c\u2019est partager les \u00e9motions du livre. Quel meilleur moment pour c\u00e9l\u00e9brer la lecture \u00e0 voix haute que&hellip; Poursuivre la lecture Concours Qui a lu lira &#8211; Prix Daniel Pennac\" \/>\n<meta property=\"og:url\" content=\"https:\/\/www.anima-productions.com\/_clients\/faiteslire\/prix-litteraires\/prix-daniel-pennac\/\" \/>\n<meta property=\"og:site_name\" content=\"Faites lire !\" \/>\n<meta property=\"article:modified_time\" content=\"2026-09-01T08:24:46+00:00\" \/>\n<meta property=\"og:image\" content=\"https:\/\/www.anima-productions.com\/_clients\/faiteslire\/wp-content\/uploads\/2026\/08\/FaitesLire-concours-eloquence.webp\" \/>\n\t<meta property=\"og:image:width\" content=\"800\" \/>\n\t<meta property=\"og:image:height\" content=\"520\" \/>\n\t<meta property=\"og:image:type\" content=\"image\/webp\" \/>\n<meta name=\"twitter:card\" content=\"summary_large_image\" \/>\n<meta name=\"twitter:label1\" content=\"Dur\u00e9e de lecture estim\u00e9e\" \/>\n\t<meta name=\"twitter:data1\" content=\"1 minute\" \/>\n<script type=\"application\/ld+json\" class=\"yoast-schema-graph\">{\"@context\":\"https:\\\/\\\/schema.org\",\"@graph\":[{\"@type\":\"WebPage\",\"@id\":\"https:\\\/\\\/www.anima-productions.com\\\/_clients\\\/faiteslire\\\/prix-litteraires\\\/prix-daniel-pennac\\\/\",\"url\":\"https:\\\/\\\/www.anima-productions.com\\\/_clients\\\/faiteslire\\\/prix-litteraires\\\/prix-daniel-pennac\\\/\",\"name\":\"Concours Qui a lu lira - Prix Daniel Pennac - Faites lire !\",\"isPartOf\":{\"@id\":\"https:\\\/\\\/www.anima-productions.com\\\/_clients\\\/faiteslire\\\/#website\"},\"primaryImageOfPage\":{\"@id\":\"https:\\\/\\\/www.anima-productions.com\\\/_clients\\\/faiteslire\\\/prix-litteraires\\\/prix-daniel-pennac\\\/#primaryimage\"},\"image\":{\"@id\":\"https:\\\/\\\/www.anima-productions.com\\\/_clients\\\/faiteslire\\\/prix-litteraires\\\/prix-daniel-pennac\\\/#primaryimage\"},\"thumbnailUrl\":\"https:\\\/\\\/www.anima-productions.com\\\/_clients\\\/faiteslire\\\/wp-content\\\/uploads\\\/2026\\\/08\\\/FaitesLire-concours-eloquence.webp\",\"datePublished\":\"2026-08-21T07:34:49+00:00\",\"dateModified\":\"2026-09-01T08:24:46+00:00\",\"breadcrumb\":{\"@id\":\"https:\\\/\\\/www.anima-productions.com\\\/_clients\\\/faiteslire\\\/prix-litteraires\\\/prix-daniel-pennac\\\/#breadcrumb\"},\"inLanguage\":\"fr-FR\",\"potentialAction\":[{\"@type\":\"ReadAction\",\"target\":[\"https:\\\/\\\/www.anima-productions.com\\\/_clients\\\/faiteslire\\\/prix-litteraires\\\/prix-daniel-pennac\\\/\"]}]},{\"@type\":\"ImageObject\",\"inLanguage\":\"fr-FR\",\"@id\":\"https:\\\/\\\/www.anima-productions.com\\\/_clients\\\/faiteslire\\\/prix-litteraires\\\/prix-daniel-pennac\\\/#primaryimage\",\"url\":\"https:\\\/\\\/www.anima-productions.com\\\/_clients\\\/faiteslire\\\/wp-content\\\/uploads\\\/2026\\\/08\\\/FaitesLire-concours-eloquence.webp\",\"contentUrl\":\"https:\\\/\\\/www.anima-productions.com\\\/_clients\\\/faiteslire\\\/wp-content\\\/uploads\\\/2026\\\/08\\\/FaitesLire-concours-eloquence.webp\",\"width\":800,\"height\":520},{\"@type\":\"BreadcrumbList\",\"@id\":\"https:\\\/\\\/www.anima-productions.com\\\/_clients\\\/faiteslire\\\/prix-litteraires\\\/prix-daniel-pennac\\\/#breadcrumb\",\"itemListElement\":[{\"@type\":\"ListItem\",\"position\":1,\"name\":\"Accueil\",\"item\":\"https:\\\/\\\/www.anima-productions.com\\\/_clients\\\/faiteslire\\\/\"},{\"@type\":\"ListItem\",\"position\":2,\"name\":\"Prix litt\u00e9raires\",\"item\":\"https:\\\/\\\/www.anima-productions.com\\\/_clients\\\/faiteslire\\\/prix-litteraires\\\/\"},{\"@type\":\"ListItem\",\"position\":3,\"name\":\"Concours Qui a lu lira &#8211; Prix Daniel Pennac\"}]},{\"@type\":\"WebSite\",\"@id\":\"https:\\\/\\\/www.anima-productions.com\\\/_clients\\\/faiteslire\\\/#website\",\"url\":\"https:\\\/\\\/www.anima-productions.com\\\/_clients\\\/faiteslire\\\/\",\"name\":\"Faites lire !\",\"description\":\"La f\u00eate de la lecture | Le Mans\",\"potentialAction\":[{\"@type\":\"SearchAction\",\"target\":{\"@type\":\"EntryPoint\",\"urlTemplate\":\"https:\\\/\\\/www.anima-productions.com\\\/_clients\\\/faiteslire\\\/?s={search_term_string}\"},\"query-input\":{\"@type\":\"PropertyValueSpecification\",\"valueRequired\":true,\"valueName\":\"search_term_string\"}}],\"inLanguage\":\"fr-FR\"}]}<\/script>\n<!-- \/ Yoast SEO plugin. -->","yoast_head_json":{"title":"Concours Qui a lu lira - Prix Daniel Pennac - Faites lire !","robots":{"index":"noindex","follow":"follow","max-snippet":"max-snippet:-1","max-image-preview":"max-image-preview:large","max-video-preview":"max-video-preview:-1"},"og_locale":"fr_FR","og_type":"article","og_title":"Concours Qui a lu lira - Prix Daniel Pennac - Faites lire !","og_description":"Cr\u00e9e en 2025 avec la compagnie de th\u00e9\u00e2tre Mia, le concours de lecture \u00e0 voix haute Qui lu lira r\u00e9compense des \u00e9l\u00e8ves de primaire, coll\u00e8ge ou lyc\u00e9e.&nbsp;&nbsp; Un livre c\u2019est du partage et la lecture \u00e0 voix haute c\u2019est partager les \u00e9motions du livre. Quel meilleur moment pour c\u00e9l\u00e9brer la lecture \u00e0 voix haute que&hellip; Poursuivre la lecture Concours Qui a lu lira &#8211; Prix Daniel Pennac","og_url":"https:\/\/www.anima-productions.com\/_clients\/faiteslire\/prix-litteraires\/prix-daniel-pennac\/","og_site_name":"Faites lire !","article_modified_time":"2026-09-01T08:24:46+00:00","og_image":[{"width":800,"height":520,"url":"https:\/\/www.anima-productions.com\/_clients\/faiteslire\/wp-content\/uploads\/2026\/08\/FaitesLire-concours-eloquence.webp","type":"image\/webp"}],"twitter_card":"summary_large_image","twitter_misc":{"Dur\u00e9e de lecture estim\u00e9e":"1 minute"},"schema":{"@context":"https:\/\/schema.org","@graph":[{"@type":"WebPage","@id":"https:\/\/www.anima-productions.com\/_clients\/faiteslire\/prix-litteraires\/prix-daniel-pennac\/","url":"https:\/\/www.anima-productions.com\/_clients\/faiteslire\/prix-litteraires\/prix-daniel-pennac\/","name":"Concours Qui a lu lira - Prix Daniel Pennac - Faites lire !","isPartOf":{"@id":"https:\/\/www.anima-productions.com\/_clients\/faiteslire\/#website"},"primaryImageOfPage":{"@id":"https:\/\/www.anima-productions.com\/_clients\/faiteslire\/prix-litteraires\/prix-daniel-pennac\/#primaryimage"},"image":{"@id":"https:\/\/www.anima-productions.com\/_clients\/faiteslire\/prix-litteraires\/prix-daniel-pennac\/#primaryimage"},"thumbnailUrl":"https:\/\/www.anima-productions.com\/_clients\/faiteslire\/wp-content\/uploads\/2026\/08\/FaitesLire-concours-eloquence.webp","datePublished":"2026-08-21T07:34:49+00:00","dateModified":"2026-09-01T08:24:46+00:00","breadcrumb":{"@id":"https:\/\/www.anima-productions.com\/_clients\/faiteslire\/prix-litteraires\/prix-daniel-pennac\/#breadcrumb"},"inLanguage":"fr-FR","potentialAction":[{"@type":"ReadAction","target":["https:\/\/www.anima-productions.com\/_clients\/faiteslire\/prix-litteraires\/prix-daniel-pennac\/"]}]},{"@type":"ImageObject","inLanguage":"fr-FR","@id":"https:\/\/www.anima-productions.com\/_clients\/faiteslire\/prix-litteraires\/prix-daniel-pennac\/#primaryimage","url":"https:\/\/www.anima-productions.com\/_clients\/faiteslire\/wp-content\/uploads\/2026\/08\/FaitesLire-concours-eloquence.webp","contentUrl":"https:\/\/www.anima-productions.com\/_clients\/faiteslire\/wp-content\/uploads\/2026\/08\/FaitesLire-concours-eloquence.webp","width":800,"height":520},{"@type":"BreadcrumbList","@id":"https:\/\/www.anima-productions.com\/_clients\/faiteslire\/prix-litteraires\/prix-daniel-pennac\/#breadcrumb","itemListElement":[{"@type":"ListItem","position":1,"name":"Accueil","item":"https:\/\/www.anima-productions.com\/_clients\/faiteslire\/"},{"@type":"ListItem","position":2,"name":"Prix litt\u00e9raires","item":"https:\/\/www.anima-productions.com\/_clients\/faiteslire\/prix-litteraires\/"},{"@type":"ListItem","position":3,"name":"Concours Qui a lu lira &#8211; Prix Daniel Pennac"}]},{"@type":"WebSite","@id":"https:\/\/www.anima-productions.com\/_clients\/faiteslire\/#website","url":"https:\/\/www.anima-productions.com\/_clients\/faiteslire\/","name":"Faites lire !","description":"La f\u00eate de la lecture | Le Mans","potentialAction":[{"@type":"SearchAction","target":{"@type":"EntryPoint","urlTemplate":"https:\/\/www.anima-productions.com\/_clients\/faiteslire\/?s={search_term_string}"},"query-input":{"@type":"PropertyValueSpecification","valueRequired":true,"valueName":"search_term_string"}}],"inLanguage":"fr-FR"}]}},"_links":{"self":[{"href":"https:\/\/www.anima-productions.com\/_clients\/faiteslire\/wp-json\/wp\/v2\/pages\/1651","targetHints":{"allow":["GET"]}}],"collection":[{"href":"https:\/\/www.anima-productions.com\/_clients\/faiteslire\/wp-json\/wp\/v2\/pages"}],"about":[{"href":"https:\/\/www.anima-productions.com\/_clients\/faiteslire\/wp-json\/wp\/v2\/types\/page"}],"author":[{"embeddable":true,"href":"https:\/\/www.anima-productions.com\/_clients\/faiteslire\/wp-json\/wp\/v2\/users\/4"}],"replies":[{"embeddable":true,"href":"https:\/\/www.anima-productions.com\/_clients\/faiteslire\/wp-json\/wp\/v2\/comments?post=1651"}],"version-history":[{"count":5,"href":"https:\/\/www.anima-productions.com\/_clients\/faiteslire\/wp-json\/wp\/v2\/pages\/1651\/revisions"}],"predecessor-version":[{"id":2249,"href":"https:\/\/www.anima-productions.com\/_clients\/faiteslire\/wp-json\/wp\/v2\/pages\/1651\/revisions\/2249"}],"up":[{"embeddable":true,"href":"https:\/\/www.anima-productions.com\/_clients\/faiteslire\/wp-json\/wp\/v2\/pages\/767"}],"wp:attachment":[{"href":"https:\/\/www.anima-productions.com\/_clients\/faiteslire\/wp-json\/wp\/v2\/media?parent=1651"}],"curies":[{"name":"wp","href":"https:\/\/api.w.org\/{rel}","templated":true}]}}