{"id":1934,"date":"2026-08-27T09:44:27","date_gmt":"2026-08-27T07:44:27","guid":{"rendered":"https:\/\/www.anima-productions.com\/_clients\/faiteslire\/?page_id=1934"},"modified":"2026-08-27T09:47:51","modified_gmt":"2026-08-27T07:47:51","slug":"festival","status":"publish","type":"page","link":"https:\/\/www.anima-productions.com\/_clients\/faiteslire\/festival\/","title":{"rendered":"Le festival Faites-Lire !"},"content":{"rendered":"<div class=\"FL26_CHAPEAU\"><p>Faites-Lire est un festival port\u00e9 par <a href=\"https:\/\/www.anima-productions.com\/_clients\/faiteslire\/qui-sommes-nous\/\">la Ville du Mans et ses partenaires<\/a> depuis 2022. Il met \u00e0 l&rsquo;honneur la lecture et le livre, dans tous ses genres litt\u00e9raires, sous toutes ses formes et \u00e0 tous les \u00e2ges.<\/p>\n<\/div>\n\n\n<h2 class=\"wp-block-heading\">Des spectacles, animations et rencontres<\/h2>\n\n\n\n<p class=\"wp-block-paragraph\">Pendant une semaine et m\u00eame plus, le Mans f\u00eate la lecture et le livre avec <em>Faites-Lire<\/em>. M\u00e9diath\u00e8ques, librairies et compagnies de th\u00e9\u00e2tre se mobilisent pour proposer un programme riche et vari\u00e9 pour tous les publics. <\/p>\n\n\n\n<p class=\"wp-block-paragraph\">Auteurs et autrices participent \u00e9galement \u00e0 des \u00e9v\u00e8nements en plus de leur pr\u00e9sence sur le salon du livre.<\/p>\n\n\n\n<div class=\"FL26_CONTENT_BLOCK\"  style=\"text-align:left; padding:30px 0px;\" ><a  href=\"https:\/\/www.anima-productions.com\/_clients\/faiteslire\/festival\/animations-festival\/\"  class=\"FL26_CTA\">D\u00e9couvrir les spectacles et animations<\/a><\/div>\n\n\n<h2 class=\"wp-block-heading\">Le salon du livre<\/h2>\n\n\n\n<p class=\"wp-block-paragraph\">\u00c9v\u00e8nement historique au Mans depuis 1978, le salon du livre est l&rsquo;\u00e9v\u00e8nement phare du festival. Chaque ann\u00e9e il rassemble plus d&rsquo;une centaine d&rsquo;auteurs de litt\u00e9rature g\u00e9n\u00e9rale, litt\u00e9rature jeunesse et de BD\/Comics\/manga le temps d&rsquo;un week-end.<\/p>\n\n\n\n<div class=\"FL26_CONTENT_BLOCK\"  style=\"text-align:left; padding:30px 0px;\" ><a  href=\"https:\/\/www.anima-productions.com\/_clients\/faiteslire\/festival\/salon-du-livre\/\"  class=\"FL26_CTA\">D\u00e9couvrir le salon du livre<\/a><\/div>","protected":false},"excerpt":{"rendered":"<p>Des spectacles, animations et rencontres Pendant une semaine et m\u00eame plus, le Mans f\u00eate la lecture et le livre avec Faites-Lire. M\u00e9diath\u00e8ques, librairies et compagnies de th\u00e9\u00e2tre se mobilisent pour proposer un programme riche et vari\u00e9 pour tous les publics. Auteurs et autrices participent \u00e9galement \u00e0 des \u00e9v\u00e8nements en plus de leur pr\u00e9sence sur le&hellip; <a class=\"more-link\" href=\"https:\/\/www.anima-productions.com\/_clients\/faiteslire\/festival\/\">Poursuivre la lecture <span class=\"screen-reader-text\">Le festival Faites-Lire !<\/span><\/a><\/p>\n","protected":false},"author":4,"featured_media":0,"parent":0,"menu_order":0,"comment_status":"closed","ping_status":"closed","template":"","meta":{"_acf_changed":false,"footnotes":""},"class_list":["post-1934","page","type-page","status-publish","hentry","entry"],"acf":[],"yoast_head":"<!-- This site is optimized with the Yoast SEO plugin v28.3 - https:\/\/yoast.com\/product\/yoast-seo-wordpress\/ -->\n<title>Le festival Faites-Lire ! - Faites lire !<\/title>\n<meta name=\"robots\" content=\"noindex, follow, max-snippet:-1, max-image-preview:large, max-video-preview:-1\" \/>\n<meta property=\"og:locale\" content=\"fr_FR\" \/>\n<meta property=\"og:type\" content=\"article\" \/>\n<meta property=\"og:title\" content=\"Le festival Faites-Lire ! - Faites lire !\" \/>\n<meta property=\"og:description\" content=\"Des spectacles, animations et rencontres Pendant une semaine et m\u00eame plus, le Mans f\u00eate la lecture et le livre avec Faites-Lire. M\u00e9diath\u00e8ques, librairies et compagnies de th\u00e9\u00e2tre se mobilisent pour proposer un programme riche et vari\u00e9 pour tous les publics. Auteurs et autrices participent \u00e9galement \u00e0 des \u00e9v\u00e8nements en plus de leur pr\u00e9sence sur le&hellip; Poursuivre la lecture Le festival Faites-Lire !\" \/>\n<meta property=\"og:url\" content=\"https:\/\/www.anima-productions.com\/_clients\/faiteslire\/festival\/\" \/>\n<meta property=\"og:site_name\" content=\"Faites lire !\" \/>\n<meta property=\"article:modified_time\" content=\"2026-08-27T07:47:51+00:00\" \/>\n<meta name=\"twitter:card\" content=\"summary_large_image\" \/>\n<meta name=\"twitter:label1\" content=\"Dur\u00e9e de lecture estim\u00e9e\" \/>\n\t<meta name=\"twitter:data1\" content=\"1 minute\" \/>\n<script type=\"application\/ld+json\" class=\"yoast-schema-graph\">{\"@context\":\"https:\\\/\\\/schema.org\",\"@graph\":[{\"@type\":\"WebPage\",\"@id\":\"https:\\\/\\\/www.anima-productions.com\\\/_clients\\\/faiteslire\\\/festival\\\/\",\"url\":\"https:\\\/\\\/www.anima-productions.com\\\/_clients\\\/faiteslire\\\/festival\\\/\",\"name\":\"Le festival Faites-Lire ! - Faites lire !\",\"isPartOf\":{\"@id\":\"https:\\\/\\\/www.anima-productions.com\\\/_clients\\\/faiteslire\\\/#website\"},\"datePublished\":\"2026-08-27T07:44:27+00:00\",\"dateModified\":\"2026-08-27T07:47:51+00:00\",\"breadcrumb\":{\"@id\":\"https:\\\/\\\/www.anima-productions.com\\\/_clients\\\/faiteslire\\\/festival\\\/#breadcrumb\"},\"inLanguage\":\"fr-FR\",\"potentialAction\":[{\"@type\":\"ReadAction\",\"target\":[\"https:\\\/\\\/www.anima-productions.com\\\/_clients\\\/faiteslire\\\/festival\\\/\"]}]},{\"@type\":\"BreadcrumbList\",\"@id\":\"https:\\\/\\\/www.anima-productions.com\\\/_clients\\\/faiteslire\\\/festival\\\/#breadcrumb\",\"itemListElement\":[{\"@type\":\"ListItem\",\"position\":1,\"name\":\"Accueil\",\"item\":\"https:\\\/\\\/www.anima-productions.com\\\/_clients\\\/faiteslire\\\/\"},{\"@type\":\"ListItem\",\"position\":2,\"name\":\"Le festival Faites-Lire !\"}]},{\"@type\":\"WebSite\",\"@id\":\"https:\\\/\\\/www.anima-productions.com\\\/_clients\\\/faiteslire\\\/#website\",\"url\":\"https:\\\/\\\/www.anima-productions.com\\\/_clients\\\/faiteslire\\\/\",\"name\":\"Faites lire !\",\"description\":\"La f\u00eate de la lecture | Le Mans\",\"potentialAction\":[{\"@type\":\"SearchAction\",\"target\":{\"@type\":\"EntryPoint\",\"urlTemplate\":\"https:\\\/\\\/www.anima-productions.com\\\/_clients\\\/faiteslire\\\/?s={search_term_string}\"},\"query-input\":{\"@type\":\"PropertyValueSpecification\",\"valueRequired\":true,\"valueName\":\"search_term_string\"}}],\"inLanguage\":\"fr-FR\"}]}<\/script>\n<!-- \/ Yoast SEO plugin. -->","yoast_head_json":{"title":"Le festival Faites-Lire ! - Faites lire !","robots":{"index":"noindex","follow":"follow","max-snippet":"max-snippet:-1","max-image-preview":"max-image-preview:large","max-video-preview":"max-video-preview:-1"},"og_locale":"fr_FR","og_type":"article","og_title":"Le festival Faites-Lire ! - Faites lire !","og_description":"Des spectacles, animations et rencontres Pendant une semaine et m\u00eame plus, le Mans f\u00eate la lecture et le livre avec Faites-Lire. M\u00e9diath\u00e8ques, librairies et compagnies de th\u00e9\u00e2tre se mobilisent pour proposer un programme riche et vari\u00e9 pour tous les publics. Auteurs et autrices participent \u00e9galement \u00e0 des \u00e9v\u00e8nements en plus de leur pr\u00e9sence sur le&hellip; Poursuivre la lecture Le festival Faites-Lire !","og_url":"https:\/\/www.anima-productions.com\/_clients\/faiteslire\/festival\/","og_site_name":"Faites lire !","article_modified_time":"2026-08-27T07:47:51+00:00","twitter_card":"summary_large_image","twitter_misc":{"Dur\u00e9e de lecture estim\u00e9e":"1 minute"},"schema":{"@context":"https:\/\/schema.org","@graph":[{"@type":"WebPage","@id":"https:\/\/www.anima-productions.com\/_clients\/faiteslire\/festival\/","url":"https:\/\/www.anima-productions.com\/_clients\/faiteslire\/festival\/","name":"Le festival Faites-Lire ! - Faites lire !","isPartOf":{"@id":"https:\/\/www.anima-productions.com\/_clients\/faiteslire\/#website"},"datePublished":"2026-08-27T07:44:27+00:00","dateModified":"2026-08-27T07:47:51+00:00","breadcrumb":{"@id":"https:\/\/www.anima-productions.com\/_clients\/faiteslire\/festival\/#breadcrumb"},"inLanguage":"fr-FR","potentialAction":[{"@type":"ReadAction","target":["https:\/\/www.anima-productions.com\/_clients\/faiteslire\/festival\/"]}]},{"@type":"BreadcrumbList","@id":"https:\/\/www.anima-productions.com\/_clients\/faiteslire\/festival\/#breadcrumb","itemListElement":[{"@type":"ListItem","position":1,"name":"Accueil","item":"https:\/\/www.anima-productions.com\/_clients\/faiteslire\/"},{"@type":"ListItem","position":2,"name":"Le festival Faites-Lire !"}]},{"@type":"WebSite","@id":"https:\/\/www.anima-productions.com\/_clients\/faiteslire\/#website","url":"https:\/\/www.anima-productions.com\/_clients\/faiteslire\/","name":"Faites lire !","description":"La f\u00eate de la lecture | Le Mans","potentialAction":[{"@type":"SearchAction","target":{"@type":"EntryPoint","urlTemplate":"https:\/\/www.anima-productions.com\/_clients\/faiteslire\/?s={search_term_string}"},"query-input":{"@type":"PropertyValueSpecification","valueRequired":true,"valueName":"search_term_string"}}],"inLanguage":"fr-FR"}]}},"_links":{"self":[{"href":"https:\/\/www.anima-productions.com\/_clients\/faiteslire\/wp-json\/wp\/v2\/pages\/1934","targetHints":{"allow":["GET"]}}],"collection":[{"href":"https:\/\/www.anima-productions.com\/_clients\/faiteslire\/wp-json\/wp\/v2\/pages"}],"about":[{"href":"https:\/\/www.anima-productions.com\/_clients\/faiteslire\/wp-json\/wp\/v2\/types\/page"}],"author":[{"embeddable":true,"href":"https:\/\/www.anima-productions.com\/_clients\/faiteslire\/wp-json\/wp\/v2\/users\/4"}],"replies":[{"embeddable":true,"href":"https:\/\/www.anima-productions.com\/_clients\/faiteslire\/wp-json\/wp\/v2\/comments?post=1934"}],"version-history":[{"count":2,"href":"https:\/\/www.anima-productions.com\/_clients\/faiteslire\/wp-json\/wp\/v2\/pages\/1934\/revisions"}],"predecessor-version":[{"id":1937,"href":"https:\/\/www.anima-productions.com\/_clients\/faiteslire\/wp-json\/wp\/v2\/pages\/1934\/revisions\/1937"}],"wp:attachment":[{"href":"https:\/\/www.anima-productions.com\/_clients\/faiteslire\/wp-json\/wp\/v2\/media?parent=1934"}],"curies":[{"name":"wp","href":"https:\/\/api.w.org\/{rel}","templated":true}]}}