{"id":748,"date":"2026-07-21T14:16:26","date_gmt":"2026-07-21T12:16:26","guid":{"rendered":"https:\/\/www.anima-productions.com\/_clients\/faiteslire\/?page_id=748"},"modified":"2026-08-28T15:57:20","modified_gmt":"2026-08-28T13:57:20","slug":"salon-du-livre","status":"publish","type":"page","link":"https:\/\/www.anima-productions.com\/_clients\/faiteslire\/festival\/salon-du-livre\/","title":{"rendered":"Salon du livre"},"content":{"rendered":"<div class=\"FL26_CHAPEAU\"><p>Au c\u0153ur du Mans, <em>Faites-Lire<\/em> propose un salon du livre rassemblant plus d&rsquo;une centaine d&rsquo;auteurs et autrices. Le salon fait la part belle \u00e0 la litt\u00e9rature g\u00e9n\u00e9rale, la BD\/manga\/comics et la litt\u00e9rature jeunesse.<\/p>\n<\/div>\n\n\n<h2 class=\"wp-block-heading\">Un rendez-vous incontournable<\/h2>\n\n\n\n<p class=\"wp-block-paragraph\">Cr\u00e9\u00e9 en 1978, le salon du livre du Mans est devenu l\u2019un des salons litt\u00e9raires incontournable de la rentr\u00e9e. <strong>Il rassemble chaque ann\u00e9e plus de 150 auteurs et attire pr\u00e8s de 40\u202f000 lecteurs et lectrices<\/strong>.&nbsp;Pendant 2 jours, c&rsquo;est un moment de rencontre et de d\u00e9dicaces avec les auteurs et autrices pr\u00e9sentes.<\/p>\n\n\n\n<p class=\"wp-block-paragraph\">&nbsp;<\/p>\n\n\n\n<figure class=\"wp-block-gallery has-nested-images columns-default is-cropped wp-block-gallery-1 is-layout-flex wp-block-gallery-is-layout-flex\">\n<figure class=\"wp-block-image size-full\"><img loading=\"lazy\" decoding=\"async\" width=\"800\" height=\"520\" data-id=\"1999\" src=\"https:\/\/www.anima-productions.com\/_clients\/faiteslire\/wp-content\/uploads\/2026\/08\/FaitesLire-salon-rencontre.webp\" alt=\"\" class=\"wp-image-1999\" role=\"none\" srcset=\"https:\/\/www.anima-productions.com\/_clients\/faiteslire\/wp-content\/uploads\/2026\/08\/FaitesLire-salon-rencontre.webp 800w, https:\/\/www.anima-productions.com\/_clients\/faiteslire\/wp-content\/uploads\/2026\/08\/FaitesLire-salon-rencontre-300x195.webp 300w, https:\/\/www.anima-productions.com\/_clients\/faiteslire\/wp-content\/uploads\/2026\/08\/FaitesLire-salon-rencontre-5x3.webp 5w, https:\/\/www.anima-productions.com\/_clients\/faiteslire\/wp-content\/uploads\/2026\/08\/FaitesLire-salon-rencontre-768x499.webp 768w\" sizes=\"auto, (max-width: 800px) 100vw, 800px\" \/><\/figure>\n\n\n\n<figure class=\"wp-block-image size-full\"><img loading=\"lazy\" decoding=\"async\" width=\"800\" height=\"520\" data-id=\"2000\" src=\"https:\/\/www.anima-productions.com\/_clients\/faiteslire\/wp-content\/uploads\/2026\/08\/FaitesLire-salon-rencontre-2.webp\" alt=\"\" class=\"wp-image-2000\" role=\"none\" srcset=\"https:\/\/www.anima-productions.com\/_clients\/faiteslire\/wp-content\/uploads\/2026\/08\/FaitesLire-salon-rencontre-2.webp 800w, https:\/\/www.anima-productions.com\/_clients\/faiteslire\/wp-content\/uploads\/2026\/08\/FaitesLire-salon-rencontre-2-5x3.webp 5w, https:\/\/www.anima-productions.com\/_clients\/faiteslire\/wp-content\/uploads\/2026\/08\/FaitesLire-salon-rencontre-2-768x499.webp 768w, https:\/\/www.anima-productions.com\/_clients\/faiteslire\/wp-content\/uploads\/2026\/08\/FaitesLire-salon-rencontre-2-300x195.webp 300w\" sizes=\"auto, (max-width: 800px) 100vw, 800px\" \/><\/figure>\n<\/figure>\n\n\n\n<p class=\"wp-block-paragraph\">Gr\u00e2ce au d\u00e9veloppement des relations avec les maisons d\u2019\u00e9dition sous la direction artistique de Sylvie Rostain, le salon accueille de plus en plus d\u2019auteurs de renom de la rentr\u00e9e litt\u00e9raire.<\/p>\n\n\n\n<p class=\"wp-block-paragraph\">Le salon du livre met \u00e9galement \u00e0 l\u2019honneur 25 auteurs locaux, <a href=\"https:\/\/www.anima-productions.com\/_clients\/faiteslire\/tous-les-auteurs\/selection-des-auteurs\/\" data-type=\"page\" data-id=\"1738\">sur s\u00e9lection<\/a>.&nbsp;<\/p>\n\n\n<div class=\"FL26_ENCADRE\"><p>Les 2, 3 et 4 octobre 2026, la litt\u00e9rature fran\u00e7aise se donne rendez-vous au Mans.<\/p>\n<\/div>\n\n\n<h2 class=\"wp-block-heading\">Partout dans la ville<\/h2>\n\n\n\n<p class=\"wp-block-paragraph\"><strong>Enti\u00e8rement gratuit<\/strong>, le salon du livre se tient au c\u0153ur du Mans sur les deux places embl\u00e9matiques de la ville. \u00c0 chacune son univers avec\u202f:&nbsp;&nbsp;<\/p>\n\n\n\n<ul class=\"wp-block-list\">\n<li>les auteurs de litt\u00e9rature g\u00e9n\u00e9rale r\u00e9unis sur la <a href=\"https:\/\/www.anima-productions.com\/_clients\/faiteslire\/lieux\/place-des-jacobins\/\" data-type=\"lieu\" data-id=\"869\">place des Jacobins<\/a><\/li>\n<\/ul>\n\n\n\n<ul class=\"wp-block-list\">\n<li>les auteurs de litt\u00e9rature jeunesse, BD, comics et manga r\u00e9unis sur la <a href=\"https:\/\/www.anima-productions.com\/_clients\/faiteslire\/lieux\/place-de-la-republique\/\" data-type=\"lieu\" data-id=\"866\">place de la R\u00e9publique<\/a><\/li>\n<\/ul>\n\n\n<div class=\"FL26_ENCADRE\"><p>Entre ces deux places, une \u00ab\u202frue du livre\u202f\u00bb est install\u00e9e. Lieu de d\u00e9ambulation et d\u2019animations, la <a href=\"https:\/\/www.anima-productions.com\/_clients\/faiteslire\/evenements\/rue-du-livre-2\/\" data-type=\"evenement\" data-id=\"1118\">rue du livre<\/a> vous permet de cheminer entre deux d\u00e9dicaces et rencontres avec vos auteurs pr\u00e9f\u00e9r\u00e9s.<\/p>\n<\/div>\n\n\n<p class=\"wp-block-paragraph\"><\/p>\n","protected":false},"excerpt":{"rendered":"<p>Un rendez-vous incontournable Cr\u00e9\u00e9 en 1978, le salon du livre du Mans est devenu l\u2019un des salons litt\u00e9raires incontournable de la rentr\u00e9e. Il rassemble chaque ann\u00e9e plus de 150 auteurs et attire pr\u00e8s de 40\u202f000 lecteurs et lectrices.&nbsp;Pendant 2 jours, c&rsquo;est un moment de rencontre et de d\u00e9dicaces avec les auteurs et autrices pr\u00e9sentes. &nbsp;&hellip; <a class=\"more-link\" href=\"https:\/\/www.anima-productions.com\/_clients\/faiteslire\/festival\/salon-du-livre\/\">Poursuivre la lecture <span class=\"screen-reader-text\">Salon du livre<\/span><\/a><\/p>\n","protected":false},"author":4,"featured_media":1729,"parent":1934,"menu_order":0,"comment_status":"closed","ping_status":"closed","template":"","meta":{"_acf_changed":false,"footnotes":""},"class_list":["post-748","page","type-page","status-publish","has-post-thumbnail","hentry","entry"],"acf":[],"yoast_head":"<!-- This site is optimized with the Yoast SEO plugin v28.3 - https:\/\/yoast.com\/product\/yoast-seo-wordpress\/ -->\n<title>Salon du livre - Faites lire !<\/title>\n<meta name=\"description\" content=\"Les 3 et 4 octobre le salon du livre Faites Lire a lieu au Mans avec 150 auteurs de litt\u00e9rature g\u00e9n\u00e9rale, jeunesse et BD\/manga\/comics.\" \/>\n<meta name=\"robots\" content=\"noindex, follow, max-snippet:-1, max-image-preview:large, max-video-preview:-1\" \/>\n<meta property=\"og:locale\" content=\"fr_FR\" \/>\n<meta property=\"og:type\" content=\"article\" \/>\n<meta property=\"og:title\" content=\"Salon du livre - Faites lire !\" \/>\n<meta property=\"og:description\" content=\"Les 3 et 4 octobre le salon du livre Faites Lire a lieu au Mans avec 150 auteurs de litt\u00e9rature g\u00e9n\u00e9rale, jeunesse et BD\/manga\/comics.\" \/>\n<meta property=\"og:url\" content=\"https:\/\/www.anima-productions.com\/_clients\/faiteslire\/festival\/salon-du-livre\/\" \/>\n<meta property=\"og:site_name\" content=\"Faites lire !\" \/>\n<meta property=\"article:modified_time\" content=\"2026-08-28T13:57:20+00:00\" \/>\n<meta property=\"og:image\" content=\"https:\/\/www.anima-productions.com\/_clients\/faiteslire\/wp-content\/uploads\/2026\/08\/FaitesLire-salon.webp\" \/>\n\t<meta property=\"og:image:width\" content=\"800\" \/>\n\t<meta property=\"og:image:height\" content=\"520\" \/>\n\t<meta property=\"og:image:type\" content=\"image\/webp\" \/>\n<meta name=\"twitter:card\" content=\"summary_large_image\" \/>\n<meta name=\"twitter:label1\" content=\"Dur\u00e9e de lecture estim\u00e9e\" \/>\n\t<meta name=\"twitter:data1\" content=\"2 minutes\" \/>\n<script type=\"application\/ld+json\" class=\"yoast-schema-graph\">{\"@context\":\"https:\\\/\\\/schema.org\",\"@graph\":[{\"@type\":\"WebPage\",\"@id\":\"https:\\\/\\\/www.anima-productions.com\\\/_clients\\\/faiteslire\\\/festival\\\/salon-du-livre\\\/\",\"url\":\"https:\\\/\\\/www.anima-productions.com\\\/_clients\\\/faiteslire\\\/festival\\\/salon-du-livre\\\/\",\"name\":\"Salon du livre - Faites lire !\",\"isPartOf\":{\"@id\":\"https:\\\/\\\/www.anima-productions.com\\\/_clients\\\/faiteslire\\\/#website\"},\"primaryImageOfPage\":{\"@id\":\"https:\\\/\\\/www.anima-productions.com\\\/_clients\\\/faiteslire\\\/festival\\\/salon-du-livre\\\/#primaryimage\"},\"image\":{\"@id\":\"https:\\\/\\\/www.anima-productions.com\\\/_clients\\\/faiteslire\\\/festival\\\/salon-du-livre\\\/#primaryimage\"},\"thumbnailUrl\":\"https:\\\/\\\/www.anima-productions.com\\\/_clients\\\/faiteslire\\\/wp-content\\\/uploads\\\/2026\\\/08\\\/FaitesLire-salon.webp\",\"datePublished\":\"2026-07-21T12:16:26+00:00\",\"dateModified\":\"2026-08-28T13:57:20+00:00\",\"description\":\"Les 3 et 4 octobre le salon du livre Faites Lire a lieu au Mans avec 150 auteurs de litt\u00e9rature g\u00e9n\u00e9rale, jeunesse et BD\\\/manga\\\/comics.\",\"breadcrumb\":{\"@id\":\"https:\\\/\\\/www.anima-productions.com\\\/_clients\\\/faiteslire\\\/festival\\\/salon-du-livre\\\/#breadcrumb\"},\"inLanguage\":\"fr-FR\",\"potentialAction\":[{\"@type\":\"ReadAction\",\"target\":[\"https:\\\/\\\/www.anima-productions.com\\\/_clients\\\/faiteslire\\\/festival\\\/salon-du-livre\\\/\"]}]},{\"@type\":\"ImageObject\",\"inLanguage\":\"fr-FR\",\"@id\":\"https:\\\/\\\/www.anima-productions.com\\\/_clients\\\/faiteslire\\\/festival\\\/salon-du-livre\\\/#primaryimage\",\"url\":\"https:\\\/\\\/www.anima-productions.com\\\/_clients\\\/faiteslire\\\/wp-content\\\/uploads\\\/2026\\\/08\\\/FaitesLire-salon.webp\",\"contentUrl\":\"https:\\\/\\\/www.anima-productions.com\\\/_clients\\\/faiteslire\\\/wp-content\\\/uploads\\\/2026\\\/08\\\/FaitesLire-salon.webp\",\"width\":800,\"height\":520},{\"@type\":\"BreadcrumbList\",\"@id\":\"https:\\\/\\\/www.anima-productions.com\\\/_clients\\\/faiteslire\\\/festival\\\/salon-du-livre\\\/#breadcrumb\",\"itemListElement\":[{\"@type\":\"ListItem\",\"position\":1,\"name\":\"Accueil\",\"item\":\"https:\\\/\\\/www.anima-productions.com\\\/_clients\\\/faiteslire\\\/\"},{\"@type\":\"ListItem\",\"position\":2,\"name\":\"Le festival Faites-Lire !\",\"item\":\"https:\\\/\\\/www.anima-productions.com\\\/_clients\\\/faiteslire\\\/festival\\\/\"},{\"@type\":\"ListItem\",\"position\":3,\"name\":\"Salon du livre\"}]},{\"@type\":\"WebSite\",\"@id\":\"https:\\\/\\\/www.anima-productions.com\\\/_clients\\\/faiteslire\\\/#website\",\"url\":\"https:\\\/\\\/www.anima-productions.com\\\/_clients\\\/faiteslire\\\/\",\"name\":\"Faites lire !\",\"description\":\"La f\u00eate de la lecture | Le Mans\",\"potentialAction\":[{\"@type\":\"SearchAction\",\"target\":{\"@type\":\"EntryPoint\",\"urlTemplate\":\"https:\\\/\\\/www.anima-productions.com\\\/_clients\\\/faiteslire\\\/?s={search_term_string}\"},\"query-input\":{\"@type\":\"PropertyValueSpecification\",\"valueRequired\":true,\"valueName\":\"search_term_string\"}}],\"inLanguage\":\"fr-FR\"}]}<\/script>\n<!-- \/ Yoast SEO plugin. -->","yoast_head_json":{"title":"Salon du livre - Faites lire !","description":"Les 3 et 4 octobre le salon du livre Faites Lire a lieu au Mans avec 150 auteurs de litt\u00e9rature g\u00e9n\u00e9rale, jeunesse et BD\/manga\/comics.","robots":{"index":"noindex","follow":"follow","max-snippet":"max-snippet:-1","max-image-preview":"max-image-preview:large","max-video-preview":"max-video-preview:-1"},"og_locale":"fr_FR","og_type":"article","og_title":"Salon du livre - Faites lire !","og_description":"Les 3 et 4 octobre le salon du livre Faites Lire a lieu au Mans avec 150 auteurs de litt\u00e9rature g\u00e9n\u00e9rale, jeunesse et BD\/manga\/comics.","og_url":"https:\/\/www.anima-productions.com\/_clients\/faiteslire\/festival\/salon-du-livre\/","og_site_name":"Faites lire !","article_modified_time":"2026-08-28T13:57:20+00:00","og_image":[{"width":800,"height":520,"url":"https:\/\/www.anima-productions.com\/_clients\/faiteslire\/wp-content\/uploads\/2026\/08\/FaitesLire-salon.webp","type":"image\/webp"}],"twitter_card":"summary_large_image","twitter_misc":{"Dur\u00e9e de lecture estim\u00e9e":"2 minutes"},"schema":{"@context":"https:\/\/schema.org","@graph":[{"@type":"WebPage","@id":"https:\/\/www.anima-productions.com\/_clients\/faiteslire\/festival\/salon-du-livre\/","url":"https:\/\/www.anima-productions.com\/_clients\/faiteslire\/festival\/salon-du-livre\/","name":"Salon du livre - Faites lire !","isPartOf":{"@id":"https:\/\/www.anima-productions.com\/_clients\/faiteslire\/#website"},"primaryImageOfPage":{"@id":"https:\/\/www.anima-productions.com\/_clients\/faiteslire\/festival\/salon-du-livre\/#primaryimage"},"image":{"@id":"https:\/\/www.anima-productions.com\/_clients\/faiteslire\/festival\/salon-du-livre\/#primaryimage"},"thumbnailUrl":"https:\/\/www.anima-productions.com\/_clients\/faiteslire\/wp-content\/uploads\/2026\/08\/FaitesLire-salon.webp","datePublished":"2026-07-21T12:16:26+00:00","dateModified":"2026-08-28T13:57:20+00:00","description":"Les 3 et 4 octobre le salon du livre Faites Lire a lieu au Mans avec 150 auteurs de litt\u00e9rature g\u00e9n\u00e9rale, jeunesse et BD\/manga\/comics.","breadcrumb":{"@id":"https:\/\/www.anima-productions.com\/_clients\/faiteslire\/festival\/salon-du-livre\/#breadcrumb"},"inLanguage":"fr-FR","potentialAction":[{"@type":"ReadAction","target":["https:\/\/www.anima-productions.com\/_clients\/faiteslire\/festival\/salon-du-livre\/"]}]},{"@type":"ImageObject","inLanguage":"fr-FR","@id":"https:\/\/www.anima-productions.com\/_clients\/faiteslire\/festival\/salon-du-livre\/#primaryimage","url":"https:\/\/www.anima-productions.com\/_clients\/faiteslire\/wp-content\/uploads\/2026\/08\/FaitesLire-salon.webp","contentUrl":"https:\/\/www.anima-productions.com\/_clients\/faiteslire\/wp-content\/uploads\/2026\/08\/FaitesLire-salon.webp","width":800,"height":520},{"@type":"BreadcrumbList","@id":"https:\/\/www.anima-productions.com\/_clients\/faiteslire\/festival\/salon-du-livre\/#breadcrumb","itemListElement":[{"@type":"ListItem","position":1,"name":"Accueil","item":"https:\/\/www.anima-productions.com\/_clients\/faiteslire\/"},{"@type":"ListItem","position":2,"name":"Le festival Faites-Lire !","item":"https:\/\/www.anima-productions.com\/_clients\/faiteslire\/festival\/"},{"@type":"ListItem","position":3,"name":"Salon du livre"}]},{"@type":"WebSite","@id":"https:\/\/www.anima-productions.com\/_clients\/faiteslire\/#website","url":"https:\/\/www.anima-productions.com\/_clients\/faiteslire\/","name":"Faites lire !","description":"La f\u00eate de la lecture | Le Mans","potentialAction":[{"@type":"SearchAction","target":{"@type":"EntryPoint","urlTemplate":"https:\/\/www.anima-productions.com\/_clients\/faiteslire\/?s={search_term_string}"},"query-input":{"@type":"PropertyValueSpecification","valueRequired":true,"valueName":"search_term_string"}}],"inLanguage":"fr-FR"}]}},"_links":{"self":[{"href":"https:\/\/www.anima-productions.com\/_clients\/faiteslire\/wp-json\/wp\/v2\/pages\/748","targetHints":{"allow":["GET"]}}],"collection":[{"href":"https:\/\/www.anima-productions.com\/_clients\/faiteslire\/wp-json\/wp\/v2\/pages"}],"about":[{"href":"https:\/\/www.anima-productions.com\/_clients\/faiteslire\/wp-json\/wp\/v2\/types\/page"}],"author":[{"embeddable":true,"href":"https:\/\/www.anima-productions.com\/_clients\/faiteslire\/wp-json\/wp\/v2\/users\/4"}],"replies":[{"embeddable":true,"href":"https:\/\/www.anima-productions.com\/_clients\/faiteslire\/wp-json\/wp\/v2\/comments?post=748"}],"version-history":[{"count":15,"href":"https:\/\/www.anima-productions.com\/_clients\/faiteslire\/wp-json\/wp\/v2\/pages\/748\/revisions"}],"predecessor-version":[{"id":2135,"href":"https:\/\/www.anima-productions.com\/_clients\/faiteslire\/wp-json\/wp\/v2\/pages\/748\/revisions\/2135"}],"up":[{"embeddable":true,"href":"https:\/\/www.anima-productions.com\/_clients\/faiteslire\/wp-json\/wp\/v2\/pages\/1934"}],"wp:featuredmedia":[{"embeddable":true,"href":"https:\/\/www.anima-productions.com\/_clients\/faiteslire\/wp-json\/wp\/v2\/media\/1729"}],"wp:attachment":[{"href":"https:\/\/www.anima-productions.com\/_clients\/faiteslire\/wp-json\/wp\/v2\/media?parent=748"}],"curies":[{"name":"wp","href":"https:\/\/api.w.org\/{rel}","templated":true}]}}