{"id":757,"date":"2026-07-21T14:17:11","date_gmt":"2026-07-21T12:17:11","guid":{"rendered":"https:\/\/www.anima-productions.com\/_clients\/faiteslire\/?page_id=757"},"modified":"2026-08-28T16:12:17","modified_gmt":"2026-08-28T14:12:17","slug":"qui-sommes-nous","status":"publish","type":"page","link":"https:\/\/www.anima-productions.com\/_clients\/faiteslire\/festival\/qui-sommes-nous\/","title":{"rendered":"Faites-Lire !\u202f: un festival port\u00e9 par la Ville du Mans"},"content":{"rendered":"<div class=\"FL26_CHAPEAU\"><p><em>Faites-Lire<\/em> est un festival litt\u00e9raire qui place la lecture au c\u0153ur de la vie culturelle. Port\u00e9 par la Ville du Mans, il rassemble des acteurs engag\u00e9s pour rendre le livre et la lecture accessible \u00e0 toutes et tous.<\/p>\n<\/div>\n\n\n<h2 class=\"wp-block-heading\">L\u2019engagement de la Ville du Mans<\/h2>\n\n\n\n<p class=\"wp-block-paragraph\"><em>Faites-Lire<\/em> est \u00e0 la fois un \u00e9v\u00e8nement culturel, de divertissement et de soci\u00e9t\u00e9.&nbsp;<\/p>\n\n\n\n<p class=\"wp-block-paragraph\">La Ville du Mans a souhait\u00e9 cr\u00e9er un rendez-vous favorisant l\u2019acc\u00e8s \u00e0 la lecture \u00e0 travers <a href=\"https:\/\/www.anima-productions.com\/_clients\/faiteslire\/toute-la-programmation\/\" data-type=\"page\" data-id=\"771\">un programme vari\u00e9<\/a> pour tous les publics.&nbsp;&nbsp;<\/p>\n\n\n\n<p class=\"wp-block-paragraph\">Elle en assure l\u2019organisation et la coordination avec la mobilisation de nombreux services municipaux\u202f: programmation des animations culturelles, pr\u00e9paration du salon,&nbsp;installation des structures etc.<\/p>\n\n\n\n<h2 class=\"wp-block-heading\">Un festival qui s&rsquo;appuie sur le collectif<\/h2>\n\n\n\n<p class=\"wp-block-paragraph\"><em>Faites-Lire<\/em> se construit avec de nombreux partenaires culturels. M\u00e9diath\u00e8ques, librairies, associations et structures culturelles\u202f: chacun participe au festival \u00e0 sa mani\u00e8re.<\/p>\n\n\n\n<h3 class=\"wp-block-heading\">Le r\u00e9seau des m\u00e9diath\u00e8ques du Mans<\/h3>\n\n\n\n<p class=\"wp-block-paragraph\"><a href=\"https:\/\/mediatheques.lemans.fr\/\" data-type=\"link\" data-id=\"https:\/\/mediatheques.lemans.fr\/\">Les 5 m\u00e9diath\u00e8ques du Mans<\/a> font vivre la lecture toute l\u2019ann\u00e9e. Pendant le festival, elles proposent des animations et \u202fdes s\u00e9lections de documents en lien avec <a href=\"https:\/\/www.anima-productions.com\/_clients\/faiteslire\/tous-les-auteurs\/\" data-type=\"page\" data-id=\"763\">les auteurs et autrices invit\u00e9es<\/a>.<\/p>\n\n\n\n<h3 class=\"wp-block-heading\">Les librairies au c\u0153ur du festival<\/h3>\n\n\n\n<p class=\"wp-block-paragraph\">Les librairies jouent un r\u00f4le central en accueillant les auteurs sur le salon et en organisant des tables rondes et rencontres.&nbsp;<\/p>\n\n\n\n<p class=\"wp-block-paragraph\">Elles sont pr\u00e9sentes sur le salon cette ann\u00e9e\u202f:&nbsp;&nbsp;<\/p>\n\n\n\n<ul class=\"wp-block-list\">\n<li>Librairie Doucet&nbsp;<\/li>\n<\/ul>\n\n\n\n<ul class=\"wp-block-list\">\n<li>Librairie Thuard&nbsp;<\/li>\n<\/ul>\n\n\n\n<ul class=\"wp-block-list\">\n<li>Librairie Bulle&nbsp;&nbsp;<\/li>\n<\/ul>\n\n\n\n<ul class=\"wp-block-list\">\n<li>Librairie Silo\u00eb&nbsp;&nbsp;<\/li>\n<\/ul>\n\n\n\n<h3 class=\"wp-block-heading\">L\u2019association de la 25<sup>e<\/sup> heure du livre, partenaire historique&nbsp;<\/h3>\n\n\n\n<p class=\"wp-block-paragraph\">\u00c0 l\u2019origine du salon du livre en 1978, l\u2019association de la 25<sup>e<\/sup> Heure du livre reste un partenaire important de <em>Faites-Lire<\/em>.&nbsp;<\/p>\n\n\n\n<p class=\"wp-block-paragraph\">Elle intervient en particulier dans l\u2019organisation des animations pour le jeune public et des actions men\u00e9es durant le festival dans les classes et \u00e9coles du Mans.<\/p>\n\n\n\n<h3 class=\"wp-block-heading\">Les partenaires culturels du territoire<\/h3>\n\n\n\n<p class=\"wp-block-paragraph\">Lieux connus des habitants pour leur programmation artistique toute l\u2019ann\u00e9e, <a href=\"https:\/\/www.quinconces-espal.com\/\" data-type=\"link\" data-id=\"https:\/\/www.quinconces-espal.com\/\">la Sc\u00e8ne nationale les Quinconces-l\u2019Espal<\/a> et <a href=\"https:\/\/eve.univ-lemans.fr\/fr\/index.html\" data-type=\"link\" data-id=\"https:\/\/eve.univ-lemans.fr\/fr\/index.html\">EVE Sc\u00e8ne universitaire<\/a> accueillent des spectacles durant le festival.&nbsp;<\/p>\n\n\n\n<p class=\"wp-block-paragraph\">Certains rendez-vous ont \u00e9galement lieu dans des lieux du quotidien  pour aller \u00e0 la rencontre des habitants.<\/p>\n","protected":false},"excerpt":{"rendered":"<p>L\u2019engagement de la Ville du Mans Faites-Lire est \u00e0 la fois un \u00e9v\u00e8nement culturel, de divertissement et de soci\u00e9t\u00e9.&nbsp; La Ville du Mans a souhait\u00e9 cr\u00e9er un rendez-vous favorisant l\u2019acc\u00e8s \u00e0 la lecture \u00e0 travers un programme vari\u00e9 pour tous les publics.&nbsp;&nbsp; Elle en assure l\u2019organisation et la coordination avec la mobilisation de nombreux services&hellip; <a class=\"more-link\" href=\"https:\/\/www.anima-productions.com\/_clients\/faiteslire\/festival\/qui-sommes-nous\/\">Poursuivre la lecture <span class=\"screen-reader-text\">Faites-Lire !\u202f: un festival port\u00e9 par la Ville du Mans<\/span><\/a><\/p>\n","protected":false},"author":4,"featured_media":0,"parent":1934,"menu_order":0,"comment_status":"closed","ping_status":"closed","template":"","meta":{"_acf_changed":false,"footnotes":""},"class_list":["post-757","page","type-page","status-publish","hentry","entry"],"acf":[],"yoast_head":"<!-- This site is optimized with the Yoast SEO plugin v28.3 - https:\/\/yoast.com\/product\/yoast-seo-wordpress\/ -->\n<title>Faites-Lire !\u202f: un festival port\u00e9 par la Ville du Mans - Faites lire !<\/title>\n<meta name=\"description\" content=\"Le festival Faites Lire est organis\u00e9 chaque ann\u00e9e par la Ville du Mans. Son but rendre la lecture accessible \u00e0 tous.\" \/>\n<meta name=\"robots\" content=\"noindex, follow, max-snippet:-1, max-image-preview:large, max-video-preview:-1\" \/>\n<meta property=\"og:locale\" content=\"fr_FR\" \/>\n<meta property=\"og:type\" content=\"article\" \/>\n<meta property=\"og:title\" content=\"Faites-Lire !\u202f: un festival port\u00e9 par la Ville du Mans - Faites lire !\" \/>\n<meta property=\"og:description\" content=\"Le festival Faites Lire est organis\u00e9 chaque ann\u00e9e par la Ville du Mans. Son but rendre la lecture accessible \u00e0 tous.\" \/>\n<meta property=\"og:url\" content=\"https:\/\/www.anima-productions.com\/_clients\/faiteslire\/festival\/qui-sommes-nous\/\" \/>\n<meta property=\"og:site_name\" content=\"Faites lire !\" \/>\n<meta property=\"article:modified_time\" content=\"2026-08-28T14:12:17+00:00\" \/>\n<meta name=\"twitter:card\" content=\"summary_large_image\" \/>\n<meta name=\"twitter:label1\" content=\"Dur\u00e9e de lecture estim\u00e9e\" \/>\n\t<meta name=\"twitter:data1\" content=\"2 minutes\" \/>\n<script type=\"application\/ld+json\" class=\"yoast-schema-graph\">{\"@context\":\"https:\\\/\\\/schema.org\",\"@graph\":[{\"@type\":\"WebPage\",\"@id\":\"https:\\\/\\\/www.anima-productions.com\\\/_clients\\\/faiteslire\\\/festival\\\/qui-sommes-nous\\\/\",\"url\":\"https:\\\/\\\/www.anima-productions.com\\\/_clients\\\/faiteslire\\\/festival\\\/qui-sommes-nous\\\/\",\"name\":\"Faites-Lire !\u202f: un festival port\u00e9 par la Ville du Mans - Faites lire !\",\"isPartOf\":{\"@id\":\"https:\\\/\\\/www.anima-productions.com\\\/_clients\\\/faiteslire\\\/#website\"},\"datePublished\":\"2026-07-21T12:17:11+00:00\",\"dateModified\":\"2026-08-28T14:12:17+00:00\",\"description\":\"Le festival Faites Lire est organis\u00e9 chaque ann\u00e9e par la Ville du Mans. Son but rendre la lecture accessible \u00e0 tous.\",\"breadcrumb\":{\"@id\":\"https:\\\/\\\/www.anima-productions.com\\\/_clients\\\/faiteslire\\\/festival\\\/qui-sommes-nous\\\/#breadcrumb\"},\"inLanguage\":\"fr-FR\",\"potentialAction\":[{\"@type\":\"ReadAction\",\"target\":[\"https:\\\/\\\/www.anima-productions.com\\\/_clients\\\/faiteslire\\\/festival\\\/qui-sommes-nous\\\/\"]}]},{\"@type\":\"BreadcrumbList\",\"@id\":\"https:\\\/\\\/www.anima-productions.com\\\/_clients\\\/faiteslire\\\/festival\\\/qui-sommes-nous\\\/#breadcrumb\",\"itemListElement\":[{\"@type\":\"ListItem\",\"position\":1,\"name\":\"Accueil\",\"item\":\"https:\\\/\\\/www.anima-productions.com\\\/_clients\\\/faiteslire\\\/\"},{\"@type\":\"ListItem\",\"position\":2,\"name\":\"Le festival Faites-Lire !\",\"item\":\"https:\\\/\\\/www.anima-productions.com\\\/_clients\\\/faiteslire\\\/festival\\\/\"},{\"@type\":\"ListItem\",\"position\":3,\"name\":\"Faites-Lire !\u202f: un festival port\u00e9 par la Ville du Mans\"}]},{\"@type\":\"WebSite\",\"@id\":\"https:\\\/\\\/www.anima-productions.com\\\/_clients\\\/faiteslire\\\/#website\",\"url\":\"https:\\\/\\\/www.anima-productions.com\\\/_clients\\\/faiteslire\\\/\",\"name\":\"Faites lire !\",\"description\":\"La f\u00eate de la lecture | Le Mans\",\"potentialAction\":[{\"@type\":\"SearchAction\",\"target\":{\"@type\":\"EntryPoint\",\"urlTemplate\":\"https:\\\/\\\/www.anima-productions.com\\\/_clients\\\/faiteslire\\\/?s={search_term_string}\"},\"query-input\":{\"@type\":\"PropertyValueSpecification\",\"valueRequired\":true,\"valueName\":\"search_term_string\"}}],\"inLanguage\":\"fr-FR\"}]}<\/script>\n<!-- \/ Yoast SEO plugin. -->","yoast_head_json":{"title":"Faites-Lire !\u202f: un festival port\u00e9 par la Ville du Mans - Faites lire !","description":"Le festival Faites Lire est organis\u00e9 chaque ann\u00e9e par la Ville du Mans. Son but rendre la lecture accessible \u00e0 tous.","robots":{"index":"noindex","follow":"follow","max-snippet":"max-snippet:-1","max-image-preview":"max-image-preview:large","max-video-preview":"max-video-preview:-1"},"og_locale":"fr_FR","og_type":"article","og_title":"Faites-Lire !\u202f: un festival port\u00e9 par la Ville du Mans - Faites lire !","og_description":"Le festival Faites Lire est organis\u00e9 chaque ann\u00e9e par la Ville du Mans. Son but rendre la lecture accessible \u00e0 tous.","og_url":"https:\/\/www.anima-productions.com\/_clients\/faiteslire\/festival\/qui-sommes-nous\/","og_site_name":"Faites lire !","article_modified_time":"2026-08-28T14:12:17+00:00","twitter_card":"summary_large_image","twitter_misc":{"Dur\u00e9e de lecture estim\u00e9e":"2 minutes"},"schema":{"@context":"https:\/\/schema.org","@graph":[{"@type":"WebPage","@id":"https:\/\/www.anima-productions.com\/_clients\/faiteslire\/festival\/qui-sommes-nous\/","url":"https:\/\/www.anima-productions.com\/_clients\/faiteslire\/festival\/qui-sommes-nous\/","name":"Faites-Lire !\u202f: un festival port\u00e9 par la Ville du Mans - Faites lire !","isPartOf":{"@id":"https:\/\/www.anima-productions.com\/_clients\/faiteslire\/#website"},"datePublished":"2026-07-21T12:17:11+00:00","dateModified":"2026-08-28T14:12:17+00:00","description":"Le festival Faites Lire est organis\u00e9 chaque ann\u00e9e par la Ville du Mans. Son but rendre la lecture accessible \u00e0 tous.","breadcrumb":{"@id":"https:\/\/www.anima-productions.com\/_clients\/faiteslire\/festival\/qui-sommes-nous\/#breadcrumb"},"inLanguage":"fr-FR","potentialAction":[{"@type":"ReadAction","target":["https:\/\/www.anima-productions.com\/_clients\/faiteslire\/festival\/qui-sommes-nous\/"]}]},{"@type":"BreadcrumbList","@id":"https:\/\/www.anima-productions.com\/_clients\/faiteslire\/festival\/qui-sommes-nous\/#breadcrumb","itemListElement":[{"@type":"ListItem","position":1,"name":"Accueil","item":"https:\/\/www.anima-productions.com\/_clients\/faiteslire\/"},{"@type":"ListItem","position":2,"name":"Le festival Faites-Lire !","item":"https:\/\/www.anima-productions.com\/_clients\/faiteslire\/festival\/"},{"@type":"ListItem","position":3,"name":"Faites-Lire !\u202f: un festival port\u00e9 par la Ville du Mans"}]},{"@type":"WebSite","@id":"https:\/\/www.anima-productions.com\/_clients\/faiteslire\/#website","url":"https:\/\/www.anima-productions.com\/_clients\/faiteslire\/","name":"Faites lire !","description":"La f\u00eate de la lecture | Le Mans","potentialAction":[{"@type":"SearchAction","target":{"@type":"EntryPoint","urlTemplate":"https:\/\/www.anima-productions.com\/_clients\/faiteslire\/?s={search_term_string}"},"query-input":{"@type":"PropertyValueSpecification","valueRequired":true,"valueName":"search_term_string"}}],"inLanguage":"fr-FR"}]}},"_links":{"self":[{"href":"https:\/\/www.anima-productions.com\/_clients\/faiteslire\/wp-json\/wp\/v2\/pages\/757","targetHints":{"allow":["GET"]}}],"collection":[{"href":"https:\/\/www.anima-productions.com\/_clients\/faiteslire\/wp-json\/wp\/v2\/pages"}],"about":[{"href":"https:\/\/www.anima-productions.com\/_clients\/faiteslire\/wp-json\/wp\/v2\/types\/page"}],"author":[{"embeddable":true,"href":"https:\/\/www.anima-productions.com\/_clients\/faiteslire\/wp-json\/wp\/v2\/users\/4"}],"replies":[{"embeddable":true,"href":"https:\/\/www.anima-productions.com\/_clients\/faiteslire\/wp-json\/wp\/v2\/comments?post=757"}],"version-history":[{"count":7,"href":"https:\/\/www.anima-productions.com\/_clients\/faiteslire\/wp-json\/wp\/v2\/pages\/757\/revisions"}],"predecessor-version":[{"id":2142,"href":"https:\/\/www.anima-productions.com\/_clients\/faiteslire\/wp-json\/wp\/v2\/pages\/757\/revisions\/2142"}],"up":[{"embeddable":true,"href":"https:\/\/www.anima-productions.com\/_clients\/faiteslire\/wp-json\/wp\/v2\/pages\/1934"}],"wp:attachment":[{"href":"https:\/\/www.anima-productions.com\/_clients\/faiteslire\/wp-json\/wp\/v2\/media?parent=757"}],"curies":[{"name":"wp","href":"https:\/\/api.w.org\/{rel}","templated":true}]}}