{"id":784,"date":"2026-07-21T14:19:47","date_gmt":"2026-07-21T12:19:47","guid":{"rendered":"https:\/\/www.anima-productions.com\/_clients\/faiteslire\/?page_id=784"},"modified":"2026-08-31T15:42:10","modified_gmt":"2026-08-31T13:42:10","slug":"sejourner-au-mans","status":"publish","type":"page","link":"https:\/\/www.anima-productions.com\/_clients\/faiteslire\/sejourner-au-mans\/","title":{"rendered":"S\u00e9journer au Mans"},"content":{"rendered":"\n<p class=\"wp-block-paragraph\">Le Mans se situe dans le d\u00e9partement de la Sarthe \u00e0 la confluence de la Sarthe et de l&rsquo;Huisne. Elle compte pr\u00e8s de 150 000 habitants. <\/p>\n\n\n\n<h2 class=\"wp-block-heading\">D\u00e9couvrir le Mans <\/h2>\n\n\n\n<p class=\"wp-block-paragraph\">Seul, entre amis ou en famille, fl\u00e2ner \u00e0 Faites Lire c&rsquo;est l&rsquo;occasion de d\u00e9couvrir une ville riche en histoire et patrimoine. L&rsquo;histoire de la ville est \u00e9troitement li\u00e9e \u00e0 la dynastie Plantagen\u00eat des rois d&rsquo;Angleterre et la vieille ville historique en est le t\u00e9moin. <a href=\"https:\/\/www.anima-productions.com\/_clients\/faiteslire\/tous-les-lieux\/\" data-type=\"page\" data-id=\"780\">Certains lieux accueillant un \u00e9v\u00e8nement du festival<\/a> sont \u00e0 proximit\u00e9 de ce c\u0153ur de ville \u00e0 d\u00e9couvrir.<\/p>\n\n\n\n<figure class=\"wp-block-image size-full\"><img loading=\"lazy\" decoding=\"async\" width=\"800\" height=\"520\" src=\"https:\/\/www.anima-productions.com\/_clients\/faiteslire\/wp-content\/uploads\/2026\/08\/FaitesLire-vue-aerienne.webp\" alt=\"\" class=\"wp-image-2012\" srcset=\"https:\/\/www.anima-productions.com\/_clients\/faiteslire\/wp-content\/uploads\/2026\/08\/FaitesLire-vue-aerienne.webp 800w, https:\/\/www.anima-productions.com\/_clients\/faiteslire\/wp-content\/uploads\/2026\/08\/FaitesLire-vue-aerienne-300x195.webp 300w, https:\/\/www.anima-productions.com\/_clients\/faiteslire\/wp-content\/uploads\/2026\/08\/FaitesLire-vue-aerienne-5x3.webp 5w, https:\/\/www.anima-productions.com\/_clients\/faiteslire\/wp-content\/uploads\/2026\/08\/FaitesLire-vue-aerienne-768x499.webp 768w\" sizes=\"auto, (max-width: 800px) 100vw, 800px\" \/><\/figure>\n\n\n\n<p class=\"wp-block-paragraph\">Autre influence, autre \u00e9poque, l&rsquo;enceinte romaine du IV<sup>e<\/sup> si\u00e8cle est encore visible avec des vestiges de tours. Enfin, la richesse du patrimoine historique s&rsquo;inscrit \u00e9galement \u00e0 travers la <strong>cath\u00e9drale Saint-Julien<\/strong> datant du XI<sup>e<\/sup> si\u00e8cle et la chapelle fabuleuse des anges musiciens.<\/p>\n\n\n\n<div class=\"FL26_CONTENT_BLOCK\"  style=\"text-align:left; padding:30px 0px;\" ><a  href=\"https:\/\/www.lemans-tourisme.com\/fr\/decouvrir\/les-incontournables.html\" target=\"_blank\"  class=\"FL26_CTA\">D\u00e9couvrir les incontournables du Mans<\/a><\/div>\n\n\n<h2 class=\"wp-block-heading\">Des sorties et activit\u00e9s pendant le festival<\/h2>\n\n\n\n<p class=\"wp-block-paragraph\">Deux id\u00e9es sortie sport pour d\u00e9couvrir le dynamisme du Mans en plus du programme d&rsquo;animations et de rendez-vous propos\u00e9 par Faites Lire du 28 septembre au 4 octobre :<\/p>\n\n\n\n<ul class=\"wp-block-list\">\n<li>Mardi 29 septembre, <a href=\"https:\/\/www.msb.fr\/\" data-type=\"link\" data-id=\"https:\/\/www.msb.fr\/\">le MSB (Mans Sarthe Basket)<\/a> joue un match de coupe d&rsquo;Europe. Le club joue r\u00e9guli\u00e8rement les premiers r\u00f4les dans le championnat et les playoffs.<\/li>\n\n\n\n<li>Toute la semaine et au-del\u00e0, le mus\u00e9e et circuit des c\u00e9l\u00e8bres <a href=\"https:\/\/www.24h-lemans.com\/\" data-type=\"link\" data-id=\"https:\/\/www.24h-lemans.com\/\">24 Heures du Mans<\/a> (auto, moto, camion etc.) sont ouverts \u00e0 la visite en acc\u00e8s libre.<\/li>\n<\/ul>\n\n\n\n<figure class=\"wp-block-gallery has-nested-images columns-default is-cropped wp-block-gallery-1 is-layout-flex wp-block-gallery-is-layout-flex\">\n<figure class=\"wp-block-image size-large\"><img loading=\"lazy\" decoding=\"async\" width=\"800\" height=\"520\" data-id=\"2015\" src=\"https:\/\/www.anima-productions.com\/_clients\/faiteslire\/wp-content\/uploads\/2026\/08\/FaitesLire-MansSartheBasket.webp\" alt=\"\" class=\"wp-image-2015\" srcset=\"https:\/\/www.anima-productions.com\/_clients\/faiteslire\/wp-content\/uploads\/2026\/08\/FaitesLire-MansSartheBasket.webp 800w, https:\/\/www.anima-productions.com\/_clients\/faiteslire\/wp-content\/uploads\/2026\/08\/FaitesLire-MansSartheBasket-300x195.webp 300w, https:\/\/www.anima-productions.com\/_clients\/faiteslire\/wp-content\/uploads\/2026\/08\/FaitesLire-MansSartheBasket-768x499.webp 768w, https:\/\/www.anima-productions.com\/_clients\/faiteslire\/wp-content\/uploads\/2026\/08\/FaitesLire-MansSartheBasket-5x3.webp 5w\" sizes=\"auto, (max-width: 800px) 100vw, 800px\" \/><\/figure>\n\n\n\n<figure class=\"wp-block-image size-large\"><img loading=\"lazy\" decoding=\"async\" width=\"800\" height=\"520\" data-id=\"2014\" src=\"https:\/\/www.anima-productions.com\/_clients\/faiteslire\/wp-content\/uploads\/2026\/08\/FaitesLire-24heures.webp\" alt=\"\" class=\"wp-image-2014\" srcset=\"https:\/\/www.anima-productions.com\/_clients\/faiteslire\/wp-content\/uploads\/2026\/08\/FaitesLire-24heures.webp 800w, https:\/\/www.anima-productions.com\/_clients\/faiteslire\/wp-content\/uploads\/2026\/08\/FaitesLire-24heures-300x195.webp 300w, https:\/\/www.anima-productions.com\/_clients\/faiteslire\/wp-content\/uploads\/2026\/08\/FaitesLire-24heures-768x499.webp 768w, https:\/\/www.anima-productions.com\/_clients\/faiteslire\/wp-content\/uploads\/2026\/08\/FaitesLire-24heures-5x3.webp 5w\" sizes=\"auto, (max-width: 800px) 100vw, 800px\" \/><\/figure>\n<\/figure>\n\n\n\n<h2 class=\"wp-block-heading\">Trouver un h\u00e9bergement<\/h2>\n\n\n\n<p class=\"wp-block-paragraph\">Ville de grands \u00e9v\u00e8nements, Le Mans dispose d&rsquo;une grande offre d&rsquo;h\u00e9bergement : h\u00f4tel, chambres d&rsquo;h\u00f4tes, g\u00eetes etc.<\/p>\n\n\n\n<div class=\"FL26_CONTENT_BLOCK\"  style=\"text-align:left; padding:30px 0px;\" ><a  href=\"https:\/\/www.lemans-tourisme.com\/fr\/sejourner\/dormir.html\" target=\"_blank\"  class=\"FL26_CTA\">Consulter la s\u00e9lection d&rsquo;h\u00e9bergements de l&rsquo;office de tourisme du Mans<\/a><\/div>","protected":false},"excerpt":{"rendered":"<p>Le Mans se situe dans le d\u00e9partement de la Sarthe \u00e0 la confluence de la Sarthe et de l&rsquo;Huisne. Elle compte pr\u00e8s de 150 000 habitants. D\u00e9couvrir le Mans Seul, entre amis ou en famille, fl\u00e2ner \u00e0 Faites Lire c&rsquo;est l&rsquo;occasion de d\u00e9couvrir une ville riche en histoire et patrimoine. L&rsquo;histoire de la ville est&hellip; <a class=\"more-link\" href=\"https:\/\/www.anima-productions.com\/_clients\/faiteslire\/sejourner-au-mans\/\">Poursuivre la lecture <span class=\"screen-reader-text\">S\u00e9journer au Mans<\/span><\/a><\/p>\n","protected":false},"author":1,"featured_media":0,"parent":0,"menu_order":0,"comment_status":"closed","ping_status":"closed","template":"","meta":{"_acf_changed":false,"footnotes":""},"class_list":["post-784","page","type-page","status-publish","hentry","entry"],"acf":[],"yoast_head":"<!-- This site is optimized with the Yoast SEO plugin v28.3 - https:\/\/yoast.com\/product\/yoast-seo-wordpress\/ -->\n<title>S\u00e9journer au Mans - Faites lire !<\/title>\n<meta name=\"description\" content=\"Que voir et o\u00f9 s\u00e9journer au Mans \u00e0 l&#039;occasion du festival Faites Lire du 28 septembre au 4 octobre.\" \/>\n<meta name=\"robots\" content=\"noindex, follow, max-snippet:-1, max-image-preview:large, max-video-preview:-1\" \/>\n<meta property=\"og:locale\" content=\"fr_FR\" \/>\n<meta property=\"og:type\" content=\"article\" \/>\n<meta property=\"og:title\" content=\"S\u00e9journer au Mans - Faites lire !\" \/>\n<meta property=\"og:description\" content=\"Que voir et o\u00f9 s\u00e9journer au Mans \u00e0 l&#039;occasion du festival Faites Lire du 28 septembre au 4 octobre.\" \/>\n<meta property=\"og:url\" content=\"https:\/\/www.anima-productions.com\/_clients\/faiteslire\/sejourner-au-mans\/\" \/>\n<meta property=\"og:site_name\" content=\"Faites lire !\" \/>\n<meta property=\"article:modified_time\" content=\"2026-08-31T13:42:10+00:00\" \/>\n<meta property=\"og:image\" content=\"https:\/\/www.anima-productions.com\/_clients\/faiteslire\/wp-content\/uploads\/2026\/08\/FaitesLire-vue-aerienne.webp\" \/>\n\t<meta property=\"og:image:width\" content=\"800\" \/>\n\t<meta property=\"og:image:height\" content=\"520\" \/>\n\t<meta property=\"og:image:type\" content=\"image\/webp\" \/>\n<meta name=\"twitter:card\" content=\"summary_large_image\" \/>\n<meta name=\"twitter:label1\" content=\"Dur\u00e9e de lecture estim\u00e9e\" \/>\n\t<meta name=\"twitter:data1\" content=\"2 minutes\" \/>\n<script type=\"application\/ld+json\" class=\"yoast-schema-graph\">{\"@context\":\"https:\\\/\\\/schema.org\",\"@graph\":[{\"@type\":\"WebPage\",\"@id\":\"https:\\\/\\\/www.anima-productions.com\\\/_clients\\\/faiteslire\\\/sejourner-au-mans\\\/\",\"url\":\"https:\\\/\\\/www.anima-productions.com\\\/_clients\\\/faiteslire\\\/sejourner-au-mans\\\/\",\"name\":\"S\u00e9journer au Mans - Faites lire !\",\"isPartOf\":{\"@id\":\"https:\\\/\\\/www.anima-productions.com\\\/_clients\\\/faiteslire\\\/#website\"},\"primaryImageOfPage\":{\"@id\":\"https:\\\/\\\/www.anima-productions.com\\\/_clients\\\/faiteslire\\\/sejourner-au-mans\\\/#primaryimage\"},\"image\":{\"@id\":\"https:\\\/\\\/www.anima-productions.com\\\/_clients\\\/faiteslire\\\/sejourner-au-mans\\\/#primaryimage\"},\"thumbnailUrl\":\"https:\\\/\\\/www.anima-productions.com\\\/_clients\\\/faiteslire\\\/wp-content\\\/uploads\\\/2026\\\/08\\\/FaitesLire-vue-aerienne.webp\",\"datePublished\":\"2026-07-21T12:19:47+00:00\",\"dateModified\":\"2026-08-31T13:42:10+00:00\",\"description\":\"Que voir et o\u00f9 s\u00e9journer au Mans \u00e0 l'occasion du festival Faites Lire du 28 septembre au 4 octobre.\",\"breadcrumb\":{\"@id\":\"https:\\\/\\\/www.anima-productions.com\\\/_clients\\\/faiteslire\\\/sejourner-au-mans\\\/#breadcrumb\"},\"inLanguage\":\"fr-FR\",\"potentialAction\":[{\"@type\":\"ReadAction\",\"target\":[\"https:\\\/\\\/www.anima-productions.com\\\/_clients\\\/faiteslire\\\/sejourner-au-mans\\\/\"]}]},{\"@type\":\"ImageObject\",\"inLanguage\":\"fr-FR\",\"@id\":\"https:\\\/\\\/www.anima-productions.com\\\/_clients\\\/faiteslire\\\/sejourner-au-mans\\\/#primaryimage\",\"url\":\"https:\\\/\\\/www.anima-productions.com\\\/_clients\\\/faiteslire\\\/wp-content\\\/uploads\\\/2026\\\/08\\\/FaitesLire-vue-aerienne.webp\",\"contentUrl\":\"https:\\\/\\\/www.anima-productions.com\\\/_clients\\\/faiteslire\\\/wp-content\\\/uploads\\\/2026\\\/08\\\/FaitesLire-vue-aerienne.webp\",\"width\":800,\"height\":520},{\"@type\":\"BreadcrumbList\",\"@id\":\"https:\\\/\\\/www.anima-productions.com\\\/_clients\\\/faiteslire\\\/sejourner-au-mans\\\/#breadcrumb\",\"itemListElement\":[{\"@type\":\"ListItem\",\"position\":1,\"name\":\"Accueil\",\"item\":\"https:\\\/\\\/www.anima-productions.com\\\/_clients\\\/faiteslire\\\/\"},{\"@type\":\"ListItem\",\"position\":2,\"name\":\"S\u00e9journer au Mans\"}]},{\"@type\":\"WebSite\",\"@id\":\"https:\\\/\\\/www.anima-productions.com\\\/_clients\\\/faiteslire\\\/#website\",\"url\":\"https:\\\/\\\/www.anima-productions.com\\\/_clients\\\/faiteslire\\\/\",\"name\":\"Faites lire !\",\"description\":\"La f\u00eate de la lecture | Le Mans\",\"potentialAction\":[{\"@type\":\"SearchAction\",\"target\":{\"@type\":\"EntryPoint\",\"urlTemplate\":\"https:\\\/\\\/www.anima-productions.com\\\/_clients\\\/faiteslire\\\/?s={search_term_string}\"},\"query-input\":{\"@type\":\"PropertyValueSpecification\",\"valueRequired\":true,\"valueName\":\"search_term_string\"}}],\"inLanguage\":\"fr-FR\"}]}<\/script>\n<!-- \/ Yoast SEO plugin. -->","yoast_head_json":{"title":"S\u00e9journer au Mans - Faites lire !","description":"Que voir et o\u00f9 s\u00e9journer au Mans \u00e0 l'occasion du festival Faites Lire du 28 septembre au 4 octobre.","robots":{"index":"noindex","follow":"follow","max-snippet":"max-snippet:-1","max-image-preview":"max-image-preview:large","max-video-preview":"max-video-preview:-1"},"og_locale":"fr_FR","og_type":"article","og_title":"S\u00e9journer au Mans - Faites lire !","og_description":"Que voir et o\u00f9 s\u00e9journer au Mans \u00e0 l'occasion du festival Faites Lire du 28 septembre au 4 octobre.","og_url":"https:\/\/www.anima-productions.com\/_clients\/faiteslire\/sejourner-au-mans\/","og_site_name":"Faites lire !","article_modified_time":"2026-08-31T13:42:10+00:00","og_image":[{"width":800,"height":520,"url":"https:\/\/www.anima-productions.com\/_clients\/faiteslire\/wp-content\/uploads\/2026\/08\/FaitesLire-vue-aerienne.webp","type":"image\/webp"}],"twitter_card":"summary_large_image","twitter_misc":{"Dur\u00e9e de lecture estim\u00e9e":"2 minutes"},"schema":{"@context":"https:\/\/schema.org","@graph":[{"@type":"WebPage","@id":"https:\/\/www.anima-productions.com\/_clients\/faiteslire\/sejourner-au-mans\/","url":"https:\/\/www.anima-productions.com\/_clients\/faiteslire\/sejourner-au-mans\/","name":"S\u00e9journer au Mans - Faites lire !","isPartOf":{"@id":"https:\/\/www.anima-productions.com\/_clients\/faiteslire\/#website"},"primaryImageOfPage":{"@id":"https:\/\/www.anima-productions.com\/_clients\/faiteslire\/sejourner-au-mans\/#primaryimage"},"image":{"@id":"https:\/\/www.anima-productions.com\/_clients\/faiteslire\/sejourner-au-mans\/#primaryimage"},"thumbnailUrl":"https:\/\/www.anima-productions.com\/_clients\/faiteslire\/wp-content\/uploads\/2026\/08\/FaitesLire-vue-aerienne.webp","datePublished":"2026-07-21T12:19:47+00:00","dateModified":"2026-08-31T13:42:10+00:00","description":"Que voir et o\u00f9 s\u00e9journer au Mans \u00e0 l'occasion du festival Faites Lire du 28 septembre au 4 octobre.","breadcrumb":{"@id":"https:\/\/www.anima-productions.com\/_clients\/faiteslire\/sejourner-au-mans\/#breadcrumb"},"inLanguage":"fr-FR","potentialAction":[{"@type":"ReadAction","target":["https:\/\/www.anima-productions.com\/_clients\/faiteslire\/sejourner-au-mans\/"]}]},{"@type":"ImageObject","inLanguage":"fr-FR","@id":"https:\/\/www.anima-productions.com\/_clients\/faiteslire\/sejourner-au-mans\/#primaryimage","url":"https:\/\/www.anima-productions.com\/_clients\/faiteslire\/wp-content\/uploads\/2026\/08\/FaitesLire-vue-aerienne.webp","contentUrl":"https:\/\/www.anima-productions.com\/_clients\/faiteslire\/wp-content\/uploads\/2026\/08\/FaitesLire-vue-aerienne.webp","width":800,"height":520},{"@type":"BreadcrumbList","@id":"https:\/\/www.anima-productions.com\/_clients\/faiteslire\/sejourner-au-mans\/#breadcrumb","itemListElement":[{"@type":"ListItem","position":1,"name":"Accueil","item":"https:\/\/www.anima-productions.com\/_clients\/faiteslire\/"},{"@type":"ListItem","position":2,"name":"S\u00e9journer au Mans"}]},{"@type":"WebSite","@id":"https:\/\/www.anima-productions.com\/_clients\/faiteslire\/#website","url":"https:\/\/www.anima-productions.com\/_clients\/faiteslire\/","name":"Faites lire !","description":"La f\u00eate de la lecture | Le Mans","potentialAction":[{"@type":"SearchAction","target":{"@type":"EntryPoint","urlTemplate":"https:\/\/www.anima-productions.com\/_clients\/faiteslire\/?s={search_term_string}"},"query-input":{"@type":"PropertyValueSpecification","valueRequired":true,"valueName":"search_term_string"}}],"inLanguage":"fr-FR"}]}},"_links":{"self":[{"href":"https:\/\/www.anima-productions.com\/_clients\/faiteslire\/wp-json\/wp\/v2\/pages\/784","targetHints":{"allow":["GET"]}}],"collection":[{"href":"https:\/\/www.anima-productions.com\/_clients\/faiteslire\/wp-json\/wp\/v2\/pages"}],"about":[{"href":"https:\/\/www.anima-productions.com\/_clients\/faiteslire\/wp-json\/wp\/v2\/types\/page"}],"author":[{"embeddable":true,"href":"https:\/\/www.anima-productions.com\/_clients\/faiteslire\/wp-json\/wp\/v2\/users\/1"}],"replies":[{"embeddable":true,"href":"https:\/\/www.anima-productions.com\/_clients\/faiteslire\/wp-json\/wp\/v2\/comments?post=784"}],"version-history":[{"count":11,"href":"https:\/\/www.anima-productions.com\/_clients\/faiteslire\/wp-json\/wp\/v2\/pages\/784\/revisions"}],"predecessor-version":[{"id":2146,"href":"https:\/\/www.anima-productions.com\/_clients\/faiteslire\/wp-json\/wp\/v2\/pages\/784\/revisions\/2146"}],"wp:attachment":[{"href":"https:\/\/www.anima-productions.com\/_clients\/faiteslire\/wp-json\/wp\/v2\/media?parent=784"}],"curies":[{"name":"wp","href":"https:\/\/api.w.org\/{rel}","templated":true}]}}